{"id":5317,"date":"2023-01-31T15:55:04","date_gmt":"2023-01-31T15:55:04","guid":{"rendered":"https:\/\/transparencia.cabocorrientes.gob.mx\/?page_id=5317"},"modified":"2025-05-20T05:04:41","modified_gmt":"2025-05-20T05:04:41","slug":"programas-sociales-2018","status":"publish","type":"page","link":"https:\/\/transparencia.cabocorrientes.gob.mx\/?page_id=5317","title":{"rendered":"Programas Sociales 2018"},"content":{"rendered":"\n<p>Los programas sociales que <a href=\"https:\/\/www.furkancertel.com.tr\/must\/?p=8\" title=\"what are anabolic steroids\" style=\"text-decoration:none;color:#333;\">what are anabolic steroids<\/a> aplica el sujeto obligado<\/p>\n\n\n\n<div class=\"wp-block-columns is-layout-flex wp-container-core-columns-is-layout-9d6595d7 wp-block-columns-is-layout-flex\">\n<div class=\"wp-block-column is-layout-flow wp-block-column-is-layout-flow\"><\/div>\n<\/div>\n\n\n\n<p><\/p>\n\n\n\n<p><strong>Programas de educaci\u00f3n 2018<\/strong><\/p>\n\n\n\n<p>Programas Municipal de zapatos<\/p>\n\n\n\n<p><strong>Reglas de operaci\u00f3n<\/strong><\/p>\n\n\n\n<p>Este programa no cuenta con reglas de operaci\u00f3n <strong>FORMATOS<\/strong><\/p>\n\n\n\n<p>Este programa no cuenta con formatos espec\u00edficos <strong>PADRON Y GASTOS<\/strong><\/p>\n\n\n\n<p>Padr\u00f3n de beneficiarios <strong><a href=\"https:\/\/transparencia.cabocorrientes.gob.mx\/Archivos\/articulo8\/Padr\u00f3n_zapatos_2018.xlsx\" data-type=\"URL\" data-id=\"https:\/\/transparencia.cabocorrientes.gob.mx\/Archivos\/articulo8\/Padr\u00f3n_zapatos_2018.xlsx\" target=\"_blank\" rel=\"noreferrer noopener\">EXCEL<\/a><\/strong><br>Facturas de pago <strong><a href=\"https:\/\/transparencia.cabocorrientes.gob.mx\/Archivos\/articulo8\/Facturas_de_pago.pdf\" data-type=\"URL\" data-id=\"https:\/\/transparencia.cabocorrientes.gob.mx\/Archivos\/articulo8\/Facturas_de_pago.pdf\" target=\"_blank\" rel=\"noreferrer noopener\">PDF<\/a><\/strong><\/p>\n\n\n\n<div class=\"wp-block-columns is-layout-flex wp-container-core-columns-is-layout-9d6595d7 wp-block-columns-is-layout-flex\">\n<div class=\"wp-block-column is-layout-flow wp-block-column-is-layout-flow\"><\/div>\n<\/div>\n\n\n\n<p><strong>Programas de Desarrollo Social 2018<\/strong><\/p>\n\n\n\n<p><strong>Adulto mayor estatal<\/strong><\/p>\n\n\n\n<p>Informaci\u00f3n del programa <strong><a href=\"https:\/\/transparencia.cabocorrientes.gob.mx\/Archivos\/articulo8\/Informaci\u00f3n_del_Programa_Adulto_Mayor_Estatal_2018.docx\" data-type=\"URL\" data-id=\"https:\/\/transparencia.cabocorrientes.gob.mx\/Archivos\/articulo8\/Informaci\u00f3n_del_Programa_Adulto_Mayor_Estatal_2018.docx\" target=\"_blank\" rel=\"noreferrer noopener\">WORD<\/a><\/strong><br>Reglas de operaci\u00f3n <strong><a href=\"https:\/\/transparencia.cabocorrientes.gob.mx\/Archivos\/articulo8\/Reglas_de_Operaci\u00f3n_Atenci\u00f3n_Adulto_Mayor_Estatal_2018.pdf\" data-type=\"URL\" data-id=\"https:\/\/transparencia.cabocorrientes.gob.mx\/Archivos\/articulo8\/Reglas_de_Operaci\u00f3n_Atenci\u00f3n_Adulto_Mayor_Estatal_2018.pdf\" target=\"_blank\" rel=\"noreferrer noopener\">PDF<\/a><\/strong><br>Padr\u00f3n de beneficiarios enero &#8211; febrero <strong><a href=\"https:\/\/transparencia.cabocorrientes.gob.mx\/Archivos\/articulo8\/Padr\u00f3n_Adulto_Mayor_Estatal_Ene-Feb_2018.xlsx\" data-type=\"URL\" data-id=\"https:\/\/transparencia.cabocorrientes.gob.mx\/Archivos\/articulo8\/Padr\u00f3n_Adulto_Mayor_Estatal_Ene-Feb_2018.xlsx\" target=\"_blank\" rel=\"noreferrer noopener\">EXCEL<\/a><\/strong><br>Padr\u00f3n de beneficiarios marzo &#8211; abril <strong><a href=\"https:\/\/transparencia.cabocorrientes.gob.mx\/Archivos\/articulo8\/Padr\u00f3n_Adulto_Mayor_Estatal_Marzo-_Abril__2018.xlsx\" data-type=\"URL\" data-id=\"https:\/\/transparencia.cabocorrientes.gob.mx\/Archivos\/articulo8\/Padr\u00f3n_Adulto_Mayor_Estatal_Marzo-_Abril__2018.xlsx\" target=\"_blank\" rel=\"noreferrer noopener\">EXCEL<\/a><\/strong><br>Padr\u00f3n de beneficiarios mayo &#8211; junio <strong><a href=\"https:\/\/transparencia.cabocorrientes.gob.mx\/Archivos\/articulo8\/Padr\u00f3n_Adulto_Mayor_Estatal_Mayo-_Junio__2018.xlsx\" data-type=\"URL\" data-id=\"https:\/\/transparencia.cabocorrientes.gob.mx\/Archivos\/articulo8\/Padr\u00f3n_Adulto_Mayor_Estatal_Mayo-_Junio__2018.xlsx\" target=\"_blank\" rel=\"noreferrer noopener\">EXCEL<\/a><\/strong><br>Padr\u00f3n de beneficiarios Julio-Agosto <strong><a href=\"https:\/\/transparencia.cabocorrientes.gob.mx\/Archivos\/articulo8\/Padr\u00f3n_Adulto_Mayor_Estatal_Julio-Agosto_2018.xlsx\" data-type=\"URL\" data-id=\"https:\/\/transparencia.cabocorrientes.gob.mx\/Archivos\/articulo8\/Padr\u00f3n_Adulto_Mayor_Estatal_Julio-Agosto_2018.xlsx\" target=\"_blank\" rel=\"noreferrer noopener\">EXCEL<\/a><\/strong><br>Padr\u00f3n de beneficiarios Septiembre-Octubre <strong><a href=\"https:\/\/transparencia.cabocorrientes.gob.mx\/Archivos\/articulo8\/Padr\u00f3n_Adulto_Mayor_Estatal_Sep-oct_2018.xlsx\" data-type=\"URL\" data-id=\"https:\/\/transparencia.cabocorrientes.gob.mx\/Archivos\/articulo8\/Padr\u00f3n_Adulto_Mayor_Estatal_Sep-oct_2018.xlsx\" target=\"_blank\" rel=\"noreferrer noopener\">EXCEL<\/a><\/strong><br>Padr\u00f3n de beneficiarios Noviembre-Diciembre <strong><a href=\"https:\/\/transparencia.cabocorrientes.gob.mx\/Archivos\/articulo8\/Padr\u00f3n_Adulto_Mayor_Estatal_noviembre-diciembre_2018.xlsx\" data-type=\"URL\" data-id=\"https:\/\/transparencia.cabocorrientes.gob.mx\/Archivos\/articulo8\/Padr\u00f3n_Adulto_Mayor_Estatal_noviembre-diciembre_2018.xlsx\" target=\"_blank\" rel=\"noreferrer noopener\">EXCEL<\/a><\/strong><\/p>\n\n\n\n<p><strong>Adulto mayor federal<\/strong><\/p>\n\n\n\n<p>Informaci\u00f3n del programa <strong><a href=\"https:\/\/transparencia.cabocorrientes.gob.mx\/Archivos\/articulo8\/Informaci\u00f3n_del_Programa_2018.docx\" data-type=\"URL\" data-id=\"https:\/\/transparencia.cabocorrientes.gob.mx\/Archivos\/articulo8\/Informaci\u00f3n_del_Programa_2018.docx\" target=\"_blank\" rel=\"noreferrer noopener\">WORD<\/a><\/strong><br>Reglas de operaci\u00f3n <strong><a href=\"https:\/\/transparencia.cabocorrientes.gob.mx\/Archivos\/articulo8\/Reglas_de_Operaci\u00f3n_Pensi\u00f3n_Adulto_Mayor_Estatal_2018.pdf\" data-type=\"URL\" data-id=\"https:\/\/transparencia.cabocorrientes.gob.mx\/Archivos\/articulo8\/Reglas_de_Operaci\u00f3n_Pensi\u00f3n_Adulto_Mayor_Estatal_2018.pdf\" target=\"_blank\" rel=\"noreferrer noopener\">PDF<\/a><\/strong><br>Padr\u00f3n de beneficiarios enero &#8211; febrero <strong><a href=\"https:\/\/transparencia.cabocorrientes.gob.mx\/Archivos\/articulo8\/Padr\u00f3n_Adulto_Mayor_Federal_2018.xlsx\" data-type=\"URL\" data-id=\"https:\/\/transparencia.cabocorrientes.gob.mx\/Archivos\/articulo8\/Padr\u00f3n_Adulto_Mayor_Federal_2018.xlsx\" target=\"_blank\" rel=\"noreferrer noopener\">EXCEL<\/a><\/strong><br>Padr\u00f3n de beneficiarios marzo &#8211; abril <strong><a href=\"https:\/\/transparencia.cabocorrientes.gob.mx\/Archivos\/articulo8\/Padr\u00f3n_Adulto_Mayor_Federal_Marzo-Abril_2018.xlsx\" data-type=\"URL\" data-id=\"https:\/\/transparencia.cabocorrientes.gob.mx\/Archivos\/articulo8\/Padr\u00f3n_Adulto_Mayor_Federal_Marzo-Abril_2018.xlsx\" target=\"_blank\" rel=\"noreferrer noopener\">EXCEL<\/a><\/strong><br>Padr\u00f3n de beneficiarios mayo &#8211; junio <strong><a href=\"https:\/\/transparencia.cabocorrientes.gob.mx\/Archivos\/articulo8\/Padr\u00f3n_Adulto_Mayor_Federal_Mayo-Junio_2018.xlsx\" data-type=\"URL\" data-id=\"https:\/\/transparencia.cabocorrientes.gob.mx\/Archivos\/articulo8\/Padr\u00f3n_Adulto_Mayor_Federal_Mayo-Junio_2018.xlsx\" target=\"_blank\" rel=\"noreferrer noopener\">EXCEL<\/a><\/strong><br>Padr\u00f3n de beneficiarios Julio-Agosto <strong><a href=\"https:\/\/transparencia.cabocorrientes.gob.mx\/Archivos\/articulo8\/Padr\u00f3n_Adulto_Mayor_Federal_Julio-Agosto_2018.xlsx\" data-type=\"URL\" data-id=\"https:\/\/transparencia.cabocorrientes.gob.mx\/Archivos\/articulo8\/Padr\u00f3n_Adulto_Mayor_Federal_Julio-Agosto_2018.xlsx\" target=\"_blank\" rel=\"noreferrer noopener\">EXCEL<\/a><\/strong><br>Padr\u00f3n de beneficiarios Septiembre-Octubre <strong><a href=\"https:\/\/transparencia.cabocorrientes.gob.mx\/Archivos\/articulo8\/Padr\u00f3n_Adulto_Mayor_Federal_Sep_-Oct_2018.xlsx\" data-type=\"URL\" data-id=\"https:\/\/transparencia.cabocorrientes.gob.mx\/Archivos\/articulo8\/Padr\u00f3n_Adulto_Mayor_Federal_Sep_-Oct_2018.xlsx\" target=\"_blank\" rel=\"noreferrer noopener\">EXCEL<\/a><\/strong><br>Padr\u00f3n de beneficiarios Noviembre-Diciembre <strong><a href=\"https:\/\/transparencia.cabocorrientes.gob.mx\/Archivos\/articulo8\/Padr\u00f3n_Adulto_Mayor_Federal_Noviembr_-_Diciembre__2018.xlsx\" data-type=\"URL\" data-id=\"https:\/\/transparencia.cabocorrientes.gob.mx\/Archivos\/articulo8\/Padr\u00f3n_Adulto_Mayor_Federal_Noviembr_-_Diciembre__2018.xlsx\" target=\"_blank\" rel=\"noreferrer noopener\">EXCEL<\/a><\/strong><\/p>\n\n\n\n<p><strong>Comedores comunitarios<\/strong><\/p>\n\n\n\n<p>Informaci\u00f3n del programa <strong><a href=\"https:\/\/transparencia.cabocorrientes.gob.mx\/Archivos\/articulo8\/Informaci\u00f3n_del_programa_4_2018.docx\" data-type=\"URL\" data-id=\"https:\/\/transparencia.cabocorrientes.gob.mx\/Archivos\/articulo8\/Informaci\u00f3n_del_programa_4_2018.docx\" target=\"_blank\" rel=\"noreferrer noopener\">WORD<\/a><\/strong><br>Reglas de operaci\u00f3n <strong><a href=\"https:\/\/transparencia.cabocorrientes.gob.mx\/Archivos\/articulo8\/2017_12_30_MAT_sedesol2a_2018.docx\" data-type=\"URL\" data-id=\"https:\/\/transparencia.cabocorrientes.gob.mx\/Archivos\/articulo8\/2017_12_30_MAT_sedesol2a_2018.docx\" target=\"_blank\" rel=\"noreferrer noopener\">PDF<\/a><\/strong><\/p>\n\n\n\n<p><strong>Comedor comunitario Ipala<\/strong><\/p>\n\n\n\n<p>Padr\u00f3n de beneficiarios Enero-Febrero <strong><a href=\"https:\/\/transparencia.cabocorrientes.gob.mx\/Archivos\/articulo8\/Padr\u00f3n_comedor_comunicario_Ipala_Enero-feb_2018.xlsx\" data-type=\"URL\" data-id=\"https:\/\/transparencia.cabocorrientes.gob.mx\/Archivos\/articulo8\/Padr\u00f3n_comedor_comunicario_Ipala_Enero-feb_2018.xlsx\" target=\"_blank\" rel=\"noreferrer noopener\">EXCEL<\/a><\/strong><br>Padr\u00f3n de beneficiarios Marzo-Abril <strong><a href=\"https:\/\/transparencia.cabocorrientes.gob.mx\/Archivos\/articulo8\/Padr\u00f3n_comedor_comunitario_Ipala_Marzo-_Abril_2018.xlsx\" data-type=\"URL\" data-id=\"https:\/\/transparencia.cabocorrientes.gob.mx\/Archivos\/articulo8\/Padr\u00f3n_comedor_comunitario_Ipala_Marzo-_Abril_2018.xlsx\" target=\"_blank\" rel=\"noreferrer noopener\">EXCEL<\/a><\/strong><br>Padr\u00f3n de beneficiarios Mayo-Junio <strong><a href=\"https:\/\/transparencia.cabocorrientes.gob.mx\/Archivos\/articulo8\/Padr\u00f3n_comedor_comunicario_Ipala_Mayo-Junio_2018.xlsx\" data-type=\"URL\" data-id=\"https:\/\/transparencia.cabocorrientes.gob.mx\/Archivos\/articulo8\/Padr\u00f3n_comedor_comunicario_Ipala_Mayo-Junio_2018.xlsx\" target=\"_blank\" rel=\"noreferrer noopener\">EXCEL<\/a><\/strong><br>Padr\u00f3n de beneficiarios Julio-Agosto <strong><a href=\"https:\/\/transparencia.cabocorrientes.gob.mx\/Archivos\/articulo8\/Padr\u00f3n_comedor_comunicario_Ipala_Julio-Agosto_2018.xlsx\" data-type=\"URL\" data-id=\"https:\/\/transparencia.cabocorrientes.gob.mx\/Archivos\/articulo8\/Padr\u00f3n_comedor_comunicario_Ipala_Julio-Agosto_2018.xlsx\" target=\"_blank\" rel=\"noreferrer noopener\">EXCEL<\/a><\/strong><br>Padr\u00f3n de beneficiarios Septiembre-Octubre <strong><a href=\"https:\/\/transparencia.cabocorrientes.gob.mx\/Archivos\/articulo8\/Padr\u00f3n_comedor_comunitario_Ipala_Sep-Oct_2018.xlsx\" data-type=\"URL\" data-id=\"https:\/\/transparencia.cabocorrientes.gob.mx\/Archivos\/articulo8\/Padr\u00f3n_comedor_comunitario_Ipala_Sep-Oct_2018.xlsx\" target=\"_blank\" rel=\"noreferrer noopener\">EXCEL<\/a><\/strong><br>Padr\u00f3n de beneficiarios Noviembre-Diciembre No se ejecut\u00f3 durante este bimestre<\/p>\n\n\n\n<p><strong>Comedor comunitario Ixtlahuahuey<\/strong><\/p>\n\n\n\n<p>Padr\u00f3n de beneficiarios Enero &#8211; Febrero <strong><a rel=\"noreferrer noopener\" href=\"https:\/\/transparencia.cabocorrientes.gob.mx\/Archivos\/articulo8\/Padr\u00f3n_comedor_comunitario_Ixtlahhuahuey_enero-feb_2018.xlsx\" data-type=\"URL\" data-id=\"https:\/\/transparencia.cabocorrientes.gob.mx\/Archivos\/articulo8\/Padr\u00f3n_comedor_comunitario_Ixtlahhuahuey_enero-feb_2018.xlsx\" target=\"_blank\">EXCEL<\/a><\/strong><br>Padr\u00f3n de beneficiarios marzo &#8211; abril <strong><a rel=\"noreferrer noopener\" href=\"https:\/\/transparencia.cabocorrientes.gob.mx\/Archivos\/articulo8\/Padr\u00f3n_comedor_comunitario_Ixtlahhuahuey_Marzo-Abril__2018.xlsx\" data-type=\"URL\" data-id=\"https:\/\/transparencia.cabocorrientes.gob.mx\/Archivos\/articulo8\/Padr\u00f3n_comedor_comunitario_Ixtlahhuahuey_Marzo-Abril__2018.xlsx\" target=\"_blank\">EXCEL<\/a><\/strong><br>Padr\u00f3n de beneficiarios mayo &#8211; junio <strong><a rel=\"noreferrer noopener\" href=\"https:\/\/transparencia.cabocorrientes.gob.mx\/Archivos\/articulo8\/Padr\u00f3n_comedor_comunicario_Ipala_Mayo-Junio_2018.xlsx\" data-type=\"URL\" data-id=\"https:\/\/transparencia.cabocorrientes.gob.mx\/Archivos\/articulo8\/Padr\u00f3n_comedor_comunicario_Ipala_Mayo-Junio_2018.xlsx\" target=\"_blank\">EXCEL<\/a><\/strong><br>Padr\u00f3n de beneficiarios Julio-Agosto <a rel=\"noreferrer noopener\" href=\"https:\/\/transparencia.cabocorrientes.gob.mx\/Archivos\/articulo8\/Padr\u00f3n_comedor_comunitario_Ixtlahhuahuey_Julio-Agosto_2018.xlsx\" data-type=\"URL\" data-id=\"https:\/\/transparencia.cabocorrientes.gob.mx\/Archivos\/articulo8\/Padr\u00f3n_comedor_comunitario_Ixtlahhuahuey_Julio-Agosto_2018.xlsx\" target=\"_blank\"><strong>EXCEL<\/strong><\/a><br>Padr\u00f3n de beneficiarios Septiembre-Octubre <strong><a rel=\"noreferrer noopener\" href=\"https:\/\/transparencia.cabocorrientes.gob.mx\/Archivos\/articulo8\/Padr\u00f3n_comedor_comunitario_Ixtlahuahuey_Sep-Oct__2018.xlsx\" data-type=\"URL\" data-id=\"https:\/\/transparencia.cabocorrientes.gob.mx\/Archivos\/articulo8\/Padr\u00f3n_comedor_comunitario_Ixtlahuahuey_Sep-Oct__2018.xlsx\" target=\"_blank\">EXCEL<\/a><\/strong><br>Padr\u00f3n de beneficiarios Noviembre-Diciembre No se ejecut\u00f3 durante este bimestre<\/p>\n\n\n\n<p><strong>Comedor comunitario El Tuito<\/strong><\/p>\n\n\n\n<p>Padr\u00f3n de beneficiarios enero &#8211; febrero <strong><a rel=\"noreferrer noopener\" href=\"https:\/\/transparencia.cabocorrientes.gob.mx\/Archivos\/articulo8\/Padr\u00f3n_Comedor_comunitario_Tuito_enero-feb_2018.pdf\" data-type=\"URL\" data-id=\"https:\/\/transparencia.cabocorrientes.gob.mx\/Archivos\/articulo8\/Padr\u00f3n_Comedor_comunitario_Tuito_enero-feb_2018.pdf\" target=\"_blank\">EXCEL<\/a><\/strong><br>Padr\u00f3n de beneficiarios marzo &#8211; abril <strong><a rel=\"noreferrer noopener\" href=\"https:\/\/transparencia.cabocorrientes.gob.mx\/Archivos\/articulo8\/Padr\u00f3n_Comedor_comunitario_Tuito_Marzo-Abril_2018.pdf\" data-type=\"URL\" data-id=\"https:\/\/transparencia.cabocorrientes.gob.mx\/Archivos\/articulo8\/Padr\u00f3n_Comedor_comunitario_Tuito_Marzo-Abril_2018.pdf\" target=\"_blank\">EXCEL<\/a><\/strong><br>Padr\u00f3n de beneficiarios mayo &#8211; junio <strong><a rel=\"noreferrer noopener\" href=\"https:\/\/transparencia.cabocorrientes.gob.mx\/Archivos\/articulo8\/Padr\u00f3n_Comedor_comunitario_Tuito_Mayo-Junio_2018_0.pdf\" data-type=\"URL\" data-id=\"https:\/\/transparencia.cabocorrientes.gob.mx\/Archivos\/articulo8\/Padr\u00f3n_Comedor_comunitario_Tuito_Mayo-Junio_2018_0.pdf\" target=\"_blank\">EXCEL<\/a><\/strong><br>Padr\u00f3n de beneficiarios Julio-Agosto <strong><a rel=\"noreferrer noopener\" href=\"https:\/\/transparencia.cabocorrientes.gob.mx\/Archivos\/articulo8\/Padr\u00f3n_Comedor_comunitario_Tuito_Julio-Agosto_2018_0.pdf\" data-type=\"URL\" data-id=\"https:\/\/transparencia.cabocorrientes.gob.mx\/Archivos\/articulo8\/Padr\u00f3n_Comedor_comunitario_Tuito_Julio-Agosto_2018_0.pdf\" target=\"_blank\">EXCEL<\/a><\/strong><br>Padr\u00f3n de beneficiarios Septiembre-Octubre <strong><a rel=\"noreferrer noopener\" href=\"https:\/\/transparencia.cabocorrientes.gob.mx\/Archivos\/articulo8\/Padr\u00f3n_Comedor_comunitario_Tuito_Sep-Octubre_2018.pdf\" data-type=\"URL\" data-id=\"https:\/\/transparencia.cabocorrientes.gob.mx\/Archivos\/articulo8\/Padr\u00f3n_Comedor_comunitario_Tuito_Sep-Octubre_2018.pdf\" target=\"_blank\">EXCEL<\/a><\/strong><br><strong>Padr\u00f3n de beneficiarios Noviembre-Diciembre No se ejecut\u00f3 durante este bimestre<\/strong><\/p>\n\n\n\n<p><strong>Comedor comunitario Chacala<\/strong><\/p>\n\n\n\n<p>Padr\u00f3n de beneficiarios Agosto-Octubre <strong><a href=\"https:\/\/transparencia.cabocorrientes.gob.mx\/Archivos\/articulo8\/Padr\u00f3n_comedor_comunitario_Chacala_Agos-Oct.pdf\" data-type=\"URL\" data-id=\"https:\/\/transparencia.cabocorrientes.gob.mx\/Archivos\/articulo8\/Padr\u00f3n_comedor_comunitario_Chacala_Agos-Oct.pdf\" target=\"_blank\" rel=\"noreferrer noopener\">EXCEL<\/a><\/strong><br><strong>Padr\u00f3n de beneficiarios No<\/strong>viembre-Diciembre No se ejecut\u00f3 durante este bimestre<\/p>\n\n\n\n<p><br><strong>Comedor comunitario Corrales<br><\/strong>Padr\u00f3n de beneficiarios Agosto-Octubre <strong><a href=\"https:\/\/transparencia.cabocorrientes.gob.mx\/Archivos\/articulo8\/Padr\u00f3n_comedor_comunitario_Agos-Oct_2018.pdf\" data-type=\"URL\" data-id=\"https:\/\/transparencia.cabocorrientes.gob.mx\/Archivos\/articulo8\/Padr\u00f3n_comedor_comunitario_Agos-Oct_2018.pdf\" target=\"_blank\" rel=\"noreferrer noopener\">EXCEL<\/a><\/strong><br>Padr\u00f3n de beneficiarios Noviembre-Diciembre No se ejecut\u00f3 durante este bimestre<\/p>\n\n\n\n<p><strong>Empleo temporal &#8211; mano con mano<\/strong><\/p>\n\n\n\n<p>Informaci\u00f3n del programa <strong><a rel=\"noreferrer noopener\" href=\"https:\/\/transparencia.cabocorrientes.gob.mx\/Archivos\/articulo8\/Informaci\u00f3n_del_programana_Mano_con_Mano_0_2018.docx\" data-type=\"URL\" data-id=\"https:\/\/transparencia.cabocorrientes.gob.mx\/Archivos\/articulo8\/Informaci\u00f3n_del_programana_Mano_con_Mano_0_2018.docx\" target=\"_blank\">WORD<\/a><\/strong><br>Reglas de operaci\u00f3n <strong><a rel=\"noreferrer noopener\" href=\"https:\/\/transparencia.cabocorrientes.gob.mx\/Archivos\/articulo8\/Reglas_de_Operaci\u00f3n_Mano_con_Mano_2018.docx\" data-type=\"URL\" data-id=\"https:\/\/transparencia.cabocorrientes.gob.mx\/Archivos\/articulo8\/Reglas_de_Operaci\u00f3n_Mano_con_Mano_2018.docx\" target=\"_blank\">PDF<\/a><\/strong><br>Padr\u00f3n de beneficiarios 1 &#8211; 15 enero \u00ab<strong>Inicio<\/strong>\u00bb <strong><a rel=\"noreferrer noopener\" href=\"https:\/\/transparencia.cabocorrientes.gob.mx\/Archivos\/articulo8\/Padr\u00f3n_de_beneficiarios_15_Enero_2018.pdf\" data-type=\"URL\" data-id=\"https:\/\/transparencia.cabocorrientes.gob.mx\/Archivos\/articulo8\/Padr\u00f3n_de_beneficiarios_15_Enero_2018.pdf\" target=\"_blank\">PDF<\/a><\/strong><br>Padr\u00f3n de beneficiarios 16 &#8211; 31 Enero <strong><a rel=\"noreferrer noopener\" href=\"https:\/\/transparencia.cabocorrientes.gob.mx\/Archivos\/articulo8\/Padr\u00f3n_de_beneficiarios_31_Enero_2018.pdf\" data-type=\"URL\" data-id=\"https:\/\/transparencia.cabocorrientes.gob.mx\/Archivos\/articulo8\/Padr\u00f3n_de_beneficiarios_31_Enero_2018.pdf\" target=\"_blank\">PDF<\/a><\/strong><br>Padr\u00f3n de beneficiarios 1-15 febrero \u00ab<strong>Fin<\/strong>\u00bb <strong><a rel=\"noreferrer noopener\" href=\"https:\/\/transparencia.cabocorrientes.gob.mx\/Archivos\/articulo8\/Padr\u00f3n_de_beneficiarios_15_Febrero_2018.pdf\" data-type=\"URL\" data-id=\"https:\/\/transparencia.cabocorrientes.gob.mx\/Archivos\/articulo8\/Padr\u00f3n_de_beneficiarios_15_Febrero_2018.pdf\" target=\"_blank\">PDF<\/a><\/strong><\/p>\n\n\n\n<p><strong>Vigente del 01 de Diciembre 2017 al 15 de Febrero del 2018. Pronto a reiniciarse en mes de Agosto-Septiembre del 2018<\/strong><\/p>\n\n\n\n<p><strong>Empleo temporal &#8211; mano con mano<\/strong><\/p>\n\n\n\n<p>Informaci\u00f3n del programa <strong><a rel=\"noreferrer noopener\" href=\"https:\/\/transparencia.cabocorrientes.gob.mx\/Archivos\/articulo8\/Informaci\u00f3n_Programa_Mano_con_Mano_2018.docx\" data-type=\"URL\" data-id=\"https:\/\/transparencia.cabocorrientes.gob.mx\/Archivos\/articulo8\/Informaci\u00f3n_Programa_Mano_con_Mano_2018.docx\" target=\"_blank\">WORD<\/a><\/strong><br>Reglas de operaci\u00f3n <strong><a href=\"https:\/\/transparencia.cabocorrientes.gob.mx\/Archivos\/articulo8\/Reglas_de_Operaci\u00f3n_Mano_con_Mano_2018_0__2018.docx\" data-type=\"URL\" data-id=\"https:\/\/transparencia.cabocorrientes.gob.mx\/Archivos\/articulo8\/Reglas_de_Operaci\u00f3n_Mano_con_Mano_2018_0__2018.docx\" target=\"_blank\" rel=\"noreferrer noopener\">PDF<\/a><\/strong><br>Padr\u00f3n de beneficiarios 1 &#8211; 15 agosto 2018 \u00ab<strong>Inicio<\/strong>\u00bb <strong><a href=\"https:\/\/transparencia.cabocorrientes.gob.mx\/Archivos\/articulo8\/N\u00f3mina_1-15_Agosto_2018_.pdf\" data-type=\"URL\" data-id=\"https:\/\/transparencia.cabocorrientes.gob.mx\/Archivos\/articulo8\/N\u00f3mina_1-15_Agosto_2018_.pdf\" target=\"_blank\" rel=\"noreferrer noopener\">PDF<\/a><\/strong><br>Padr\u00f3n de beneficiarios 16-31 agosto 2018 <strong><a href=\"https:\/\/transparencia.cabocorrientes.gob.mx\/Archivos\/articulo8\/16_al_31_de_Agosto_2018.pdf\" data-type=\"URL\" data-id=\"https:\/\/transparencia.cabocorrientes.gob.mx\/Archivos\/articulo8\/16_al_31_de_Agosto_2018.pdf\" target=\"_blank\" rel=\"noreferrer noopener\">PDF<\/a><\/strong><br>Padr\u00f3n de beneficiarios 1-14 Septiembre 2018 \u00ab<strong>Fin<\/strong>\u00bb <strong><a href=\"https:\/\/transparencia.cabocorrientes.gob.mx\/Archivos\/articulo8\/1_al_14_de_Septiembre_2018.pdf\" data-type=\"URL\" data-id=\"https:\/\/transparencia.cabocorrientes.gob.mx\/Archivos\/articulo8\/1_al_14_de_Septiembre_2018.pdf\">PDF<\/a><\/strong><\/p>\n\n\n\n<p><strong>Jefas de familia estatal<\/strong><\/p>\n\n\n\n<p>Informaci\u00f3n del programa <strong><a href=\"https:\/\/transparencia.cabocorrientes.gob.mx\/Archivos\/articulo8\/Informaci\u00f3n_Jefas_de_Familia_Estatal_2018.docx\" data-type=\"URL\" data-id=\"https:\/\/transparencia.cabocorrientes.gob.mx\/Archivos\/articulo8\/Informaci\u00f3n_Jefas_de_Familia_Estatal_2018.docx\" target=\"_blank\" rel=\"noreferrer noopener\">WORD<\/a><\/strong><br>Reglas de operaci\u00f3n <strong><a href=\"https:\/\/transparencia.cabocorrientes.gob.mx\/Archivos\/articulo8\/Reglas_de_Operaci\u00f3n_Jefa_de_Familia_Estatal_2018.pdf\" data-type=\"URL\" data-id=\"https:\/\/transparencia.cabocorrientes.gob.mx\/Archivos\/articulo8\/Reglas_de_Operaci\u00f3n_Jefa_de_Familia_Estatal_2018.pdf\" target=\"_blank\" rel=\"noreferrer noopener\">PDF<\/a><\/strong><br>Padr\u00f3n de beneficiarios enero &#8211; febrero <strong><a href=\"https:\/\/transparencia.cabocorrientes.gob.mx\/Archivos\/articulo8\/Padr\u00f3n_Jefas_de_Familia_Estatal_Ene-Feb_18.xlsx\" data-type=\"URL\" data-id=\"https:\/\/transparencia.cabocorrientes.gob.mx\/Archivos\/articulo8\/Padr\u00f3n_Jefas_de_Familia_Estatal_Ene-Feb_18.xlsx\" target=\"_blank\" rel=\"noreferrer noopener\">EXCEL<\/a><\/strong><br>Padr\u00f3n de beneficiarios marzo &#8211; abril <strong><a href=\"https:\/\/transparencia.cabocorrientes.gob.mx\/Archivos\/articulo8\/Padr\u00f3n_Jefas_de_Familia_Estatal_Marzo-Abril_18.xlsx\" data-type=\"URL\" data-id=\"https:\/\/transparencia.cabocorrientes.gob.mx\/Archivos\/articulo8\/Padr\u00f3n_Jefas_de_Familia_Estatal_Marzo-Abril_18.xlsx\" target=\"_blank\" rel=\"noreferrer noopener\">EXCEL<\/a><\/strong><br>Padr\u00f3n de beneficiarios mayo &#8211; junio <strong><a href=\"https:\/\/transparencia.cabocorrientes.gob.mx\/Archivos\/articulo8\/Padr\u00f3n_Jefas_de_Familia_Estatal_Mayo-Junio_18.xlsx\" data-type=\"URL\" data-id=\"https:\/\/transparencia.cabocorrientes.gob.mx\/Archivos\/articulo8\/Padr\u00f3n_Jefas_de_Familia_Estatal_Mayo-Junio_18.xlsx\" target=\"_blank\" rel=\"noreferrer noopener\">EXCEL<\/a><\/strong><br>Padr\u00f3n de beneficiarios Julio-Agosto <strong><a href=\"https:\/\/transparencia.cabocorrientes.gob.mx\/Archivos\/articulo8\/Padr\u00f3n_Jefas_de_Familia_Estatal_Julio-Agosto_18.xlsx\" data-type=\"URL\" data-id=\"https:\/\/transparencia.cabocorrientes.gob.mx\/Archivos\/articulo8\/Padr\u00f3n_Jefas_de_Familia_Estatal_Julio-Agosto_18.xlsx\" target=\"_blank\" rel=\"noreferrer noopener\">EXCEL<\/a><\/strong><br>Padr\u00f3n de beneficiarios Septiembre-octubre <strong><a href=\"https:\/\/transparencia.cabocorrientes.gob.mx\/Archivos\/articulo8\/Padr\u00f3n_Jefas_de_Familia_Estatal_Septiembre-Octubre_18.xlsx\" data-type=\"URL\" data-id=\"https:\/\/transparencia.cabocorrientes.gob.mx\/Archivos\/articulo8\/Padr\u00f3n_Jefas_de_Familia_Estatal_Septiembre-Octubre_18.xlsx\" target=\"_blank\" rel=\"noreferrer noopener\">EXCEL<\/a><\/strong><br>Padr\u00f3n de beneficiarios Noviembre-Diciembre <strong><a href=\"https:\/\/transparencia.cabocorrientes.gob.mx\/Archivos\/articulo8\/Padr\u00f3n_Jefas_de_Familia_Estatal_Nov-Dic_18.xlsx\" data-type=\"URL\" data-id=\"https:\/\/transparencia.cabocorrientes.gob.mx\/Archivos\/articulo8\/Padr\u00f3n_Jefas_de_Familia_Estatal_Nov-Dic_18.xlsx\" target=\"_blank\" rel=\"noreferrer noopener\">EXCEL<\/a><\/strong><\/p>\n\n\n\n<p><strong>Prospera<\/strong><\/p>\n\n\n\n<p>Informaci\u00f3n del programa <strong><a href=\"https:\/\/transparencia.cabocorrientes.gob.mx\/Archivos\/articulo8\/Informaci\u00f3n_del_programa_5_2018_prospera.docx\" data-type=\"URL\" data-id=\"https:\/\/transparencia.cabocorrientes.gob.mx\/Archivos\/articulo8\/Informaci\u00f3n_del_programa_5_2018_prospera.docx\" target=\"_blank\" rel=\"noreferrer noopener\">WORD<\/a><\/strong><br>Reglas de operaci\u00f3n <strong><a href=\"https:\/\/transparencia.cabocorrientes.gob.mx\/Archivos\/articulo8\/Reglas_de_Operaci\u00f3n_Prospera_2018.pdf\" data-type=\"URL\" data-id=\"https:\/\/transparencia.cabocorrientes.gob.mx\/Archivos\/articulo8\/Reglas_de_Operaci\u00f3n_Prospera_2018.pdf\" target=\"_blank\" rel=\"noreferrer noopener\">PDF<\/a><\/strong><\/p>\n\n\n\n<p><strong>Padr\u00f3n de Beneficiarios<\/strong><\/p>\n\n\n\n<p>Padr\u00f3n Septiembre-Octubre <strong><a href=\"https:\/\/transparencia.cabocorrientes.gob.mx\/Archivos\/articulo8\/Padr\u00f3n_Prospera_Septiembre-Octubre_2018.pdf\" data-type=\"URL\" data-id=\"https:\/\/transparencia.cabocorrientes.gob.mx\/Archivos\/articulo8\/Padr\u00f3n_Prospera_Septiembre-Octubre_2018.pdf\" target=\"_blank\" rel=\"noreferrer noopener\">PDF<\/a><\/strong><br>Padr\u00f3n Noviembre-Diciembre <strong><a href=\"https:\/\/transparencia.cabocorrientes.gob.mx\/Archivos\/articulo8\/Padr\u00f3n_Prospera_Nov-dic_2018.xlsx\" data-type=\"URL\" data-id=\"https:\/\/transparencia.cabocorrientes.gob.mx\/Archivos\/articulo8\/Padr\u00f3n_Prospera_Nov-dic_2018.xlsx\" target=\"_blank\" rel=\"noreferrer noopener\">EXCEL<\/a><\/strong><\/p>\n\n\n\n<p><strong>SEDESOL<\/strong> Federal Publicados en los Programas Sociales de la Secretar\u00eda de Desarrollo Social <a rel=\"noreferrer noopener\" href=\"https:\/\/pub.sedesol.gob.mx\/spp\/\" data-type=\"URL\" data-id=\"https:\/\/pub.sedesol.gob.mx\/spp\/\" target=\"_blank\"><strong>LINK<\/strong><\/a><br>Seguro de vida <\/p>\n\n\n\n<p>Informaci\u00f3n del programa <strong><a href=\"https:\/\/transparencia.cabocorrientes.gob.mx\/Archivos\/articulo8\/Informaci\u00f3n_del_Programa_10_2018.docx\" data-type=\"URL\" data-id=\"https:\/\/transparencia.cabocorrientes.gob.mx\/Archivos\/articulo8\/Informaci\u00f3n_del_Programa_10_2018.docx\" target=\"_blank\" rel=\"noreferrer noopener\">WORD<\/a><\/strong><br>Reglas de operaci\u00f3n <strong><a href=\"https:\/\/transparencia.cabocorrientes.gob.mx\/Archivos\/articulo8\/Reglas_de_Operaci\u00f3n_Seguro_Jefas_de_Familia_2018.pdf\" data-type=\"URL\" data-id=\"https:\/\/transparencia.cabocorrientes.gob.mx\/Archivos\/articulo8\/Reglas_de_Operaci\u00f3n_Seguro_Jefas_de_Familia_2018.pdf\" target=\"_blank\" rel=\"noreferrer noopener\">PDF<\/a><\/strong><br>Padr\u00f3n de beneficiarios enero &#8211; febrero <strong><a href=\"https:\/\/transparencia.cabocorrientes.gob.mx\/Archivos\/articulo8\/Padr\u00f3n_Seguro_Jefas_de_Familia_Enero-Feb_2018.docx\" data-type=\"URL\" data-id=\"https:\/\/transparencia.cabocorrientes.gob.mx\/Archivos\/articulo8\/Padr\u00f3n_Seguro_Jefas_de_Familia_Enero-Feb_2018.docx\" target=\"_blank\" rel=\"noreferrer noopener\">WORD<\/a><\/strong><br>Padr\u00f3n de beneficiarios marzo &#8211; abril <strong><a href=\"https:\/\/transparencia.cabocorrientes.gob.mx\/Archivos\/articulo8\/Padr\u00f3n_Seguro_Jefas_de_Familia_Marzo-Abril__2018.xlsx\" data-type=\"URL\" data-id=\"https:\/\/transparencia.cabocorrientes.gob.mx\/Archivos\/articulo8\/Padr\u00f3n_Seguro_Jefas_de_Familia_Marzo-Abril__2018.xlsx\" target=\"_blank\" rel=\"noreferrer noopener\">EXCEL<\/a><\/strong><br>Padr\u00f3n de beneficiarios mayo &#8211; junio <strong><a href=\"https:\/\/transparencia.cabocorrientes.gob.mx\/Archivos\/articulo8\/Padr\u00f3n_Seguro_Jefas_de_Familia_Mayo-Junio__2018.xlsx\" data-type=\"URL\" data-id=\"https:\/\/transparencia.cabocorrientes.gob.mx\/Archivos\/articulo8\/Padr\u00f3n_Seguro_Jefas_de_Familia_Mayo-Junio__2018.xlsx\" target=\"_blank\" rel=\"noreferrer noopener\">EXCEL<\/a><\/strong><br>Padr\u00f3n de beneficiarios Julio-Agosto <strong><a href=\"https:\/\/transparencia.cabocorrientes.gob.mx\/Archivos\/articulo8\/Padr\u00f3n_Seguro_Jefas_de_Familia_Julio-Agosto__2018.xlsx\" data-type=\"URL\" data-id=\"https:\/\/transparencia.cabocorrientes.gob.mx\/Archivos\/articulo8\/Padr\u00f3n_Seguro_Jefas_de_Familia_Julio-Agosto__2018.xlsx\" target=\"_blank\" rel=\"noreferrer noopener\">EXCEL<\/a><\/strong><br>Padr\u00f3n de beneficiarios Septiembre-Octubre <strong><a href=\"https:\/\/transparencia.cabocorrientes.gob.mx\/Archivos\/articulo8\/Padr\u00f3n_Seguro_Jefas_de_Familia_Septiembre-Oct_2018.xlsx\" data-type=\"URL\" data-id=\"https:\/\/transparencia.cabocorrientes.gob.mx\/Archivos\/articulo8\/Padr\u00f3n_Seguro_Jefas_de_Familia_Septiembre-Oct_2018.xlsx\" target=\"_blank\" rel=\"noreferrer noopener\">EXCEL<\/a><\/strong><br>Padr\u00f3n de beneficiarios Noviembre-Diciembre <strong><a href=\"https:\/\/transparencia.cabocorrientes.gob.mx\/Archivos\/articulo8\/Padr\u00f3n_Seguro_Jefas_de_Familia_Nov-dic__2018.xlsx\" data-type=\"URL\" data-id=\"https:\/\/transparencia.cabocorrientes.gob.mx\/Archivos\/articulo8\/Padr\u00f3n_Seguro_Jefas_de_Familia_Nov-dic__2018.xlsx\" target=\"_blank\" rel=\"noreferrer noopener\">EXCEL<\/a><\/strong><\/p>\n\n\n\n<p><strong>Becas Ind\u00edgenas (Temporal)<\/strong><\/p>\n\n\n\n<p>Informaci\u00f3n del programa <strong><a href=\"https:\/\/transparencia.cabocorrientes.gob.mx\/Archivos\/articulo8\/INFORMACION_DEL_PROGRAMA_BECAS_INDIGENAS.docx\" data-type=\"URL\" data-id=\"https:\/\/transparencia.cabocorrientes.gob.mx\/Archivos\/articulo8\/INFORMACION_DEL_PROGRAMA_BECAS_INDIGENAS.docx\" target=\"_blank\" rel=\"noreferrer noopener\">EXCEL<\/a><\/strong><br>Reglas de operaci\u00f3n <strong><a href=\"https:\/\/transparencia.cabocorrientes.gob.mx\/Archivos\/articulo8\/REGLAS_DE_OPERACION_BECAS_INDIGENAS_2018.pdf\" data-type=\"URL\" data-id=\"https:\/\/transparencia.cabocorrientes.gob.mx\/Archivos\/articulo8\/REGLAS_DE_OPERACION_BECAS_INDIGENAS_2018.pdf\" target=\"_blank\" rel=\"noreferrer noopener\">PDF<\/a><\/strong><\/p>\n\n\n\n<p>Padr\u00f3n de beneficiarios \u00fanico Agosto-Diciembre <strong><a rel=\"noreferrer noopener\" href=\"https:\/\/transparencia.cabocorrientes.gob.mx\/Archivos\/articulo8\/Padr\u00f3n_becas_ind\u00edgenas_Agosto-Dic_2018_0.xlsx\" data-type=\"URL\" data-id=\"https:\/\/transparencia.cabocorrientes.gob.mx\/Archivos\/articulo8\/Padr\u00f3n_becas_ind\u00edgenas_Agosto-Dic_2018_0.xlsx\" target=\"_blank\">EXCEL<\/a><\/strong><\/p>\n\n\n\n<p><strong>Programa Silla de Ruedas (Temporal)<\/strong><\/p>\n\n\n\n<p>Informaci\u00f3n del programa <strong><a href=\"https:\/\/transparencia.cabocorrientes.gob.mx\/Archivos\/articulo8\/INFORMACI\u00d3N_PROG_SILLA_DE_RUEDAS_Y_BASTONES_2018.docx\" data-type=\"URL\" data-id=\"https:\/\/transparencia.cabocorrientes.gob.mx\/Archivos\/articulo8\/INFORMACI\u00d3N_PROG_SILLA_DE_RUEDAS_Y_BASTONES_2018.docx\" target=\"_blank\" rel=\"noreferrer noopener\">WORD<\/a><\/strong><br>Reglas de operaci\u00f3n <strong><a href=\"https:\/\/transparencia.cabocorrientes.gob.mx\/Archivos\/articulo8\/REGLAS_DE_OPERACION_JALISCO_INCLUYENTE_2018_SILLAS_DE_RUEDAS_Y_BASTONES.pdf\" data-type=\"URL\" data-id=\"https:\/\/transparencia.cabocorrientes.gob.mx\/Archivos\/articulo8\/REGLAS_DE_OPERACION_JALISCO_INCLUYENTE_2018_SILLAS_DE_RUEDAS_Y_BASTONES.pdf\" target=\"_blank\" rel=\"noreferrer noopener\">PDF<\/a><\/strong><br>Padr\u00f3n de beneficiarios \u00fanico <strong><a href=\"https:\/\/transparencia.cabocorrientes.gob.mx\/Archivos\/articulo8\/RELACION_DE_BENEFICIARIOS_sillas_de_ruedas_OCT-NOV_2018.xlsx\" data-type=\"URL\" data-id=\"https:\/\/transparencia.cabocorrientes.gob.mx\/Archivos\/articulo8\/RELACION_DE_BENEFICIARIOS_sillas_de_ruedas_OCT-NOV_2018.xlsx\" target=\"_blank\" rel=\"noreferrer noopener\">EXCEL<\/a><\/strong><\/p>\n\n\n\n<div class=\"wp-block-buttons is-horizontal is-content-justification-center is-layout-flex wp-container-core-buttons-is-layout-499968f5 wp-block-buttons-is-layout-flex\"><\/div>\n\n\n\n<div class=\"wp-block-columns is-layout-flex wp-container-core-columns-is-layout-9d6595d7 wp-block-columns-is-layout-flex\">\n<div class=\"wp-block-column is-layout-flow wp-block-column-is-layout-flow\"><\/div>\n<\/div>\n","protected":false},"excerpt":{"rendered":"<p>Los programas sociales que what are anabolic steroids aplica el sujeto obligado Programas de educaci\u00f3n 2018 Programas Municipal de zapatos Reglas de operaci\u00f3n Este programa no cuenta con reglas de operaci\u00f3n FORMATOS Este programa no cuenta con formatos espec\u00edficos PADRON Y GASTOS Padr\u00f3n de beneficiarios EXCELFacturas de pago PDF Programas de Desarrollo Social 2018 Adulto &hellip; <\/p>\n<p class=\"link-more\"><a href=\"https:\/\/transparencia.cabocorrientes.gob.mx\/?page_id=5317\" class=\"more-link\">Continue reading<span class=\"screen-reader-text\"> \u00abProgramas Sociales 2018\u00bb<\/span><\/a><\/p>\n","protected":false},"author":1,"featured_media":0,"parent":0,"menu_order":0,"comment_status":"closed","ping_status":"closed","template":"","meta":{"_coblocks_attr":"","_coblocks_dimensions":"","_coblocks_responsive_height":"","_coblocks_accordion_ie_support":"","_regular_price":[],"currency_symbol":[],"footnotes":""},"class_list":["post-5317","page","type-page","status-publish","hentry"],"post_slider_layout_featured_media_urls":{"thumbnail":"","post_slider_layout_landscape_large":"","post_slider_layout_portrait_large":"","post_slider_layout_square_large":"","post_slider_layout_landscape":"","post_slider_layout_portrait":"","post_slider_layout_square":"","full":""},"_links":{"self":[{"href":"https:\/\/transparencia.cabocorrientes.gob.mx\/index.php?rest_route=\/wp\/v2\/pages\/5317","targetHints":{"allow":["GET"]}}],"collection":[{"href":"https:\/\/transparencia.cabocorrientes.gob.mx\/index.php?rest_route=\/wp\/v2\/pages"}],"about":[{"href":"https:\/\/transparencia.cabocorrientes.gob.mx\/index.php?rest_route=\/wp\/v2\/types\/page"}],"author":[{"embeddable":true,"href":"https:\/\/transparencia.cabocorrientes.gob.mx\/index.php?rest_route=\/wp\/v2\/users\/1"}],"replies":[{"embeddable":true,"href":"https:\/\/transparencia.cabocorrientes.gob.mx\/index.php?rest_route=%2Fwp%2Fv2%2Fcomments&post=5317"}],"version-history":[{"count":44,"href":"https:\/\/transparencia.cabocorrientes.gob.mx\/index.php?rest_route=\/wp\/v2\/pages\/5317\/revisions"}],"predecessor-version":[{"id":14102,"href":"https:\/\/transparencia.cabocorrientes.gob.mx\/index.php?rest_route=\/wp\/v2\/pages\/5317\/revisions\/14102"}],"wp:attachment":[{"href":"https:\/\/transparencia.cabocorrientes.gob.mx\/index.php?rest_route=%2Fwp%2Fv2%2Fmedia&parent=5317"}],"curies":[{"name":"wp","href":"https:\/\/api.w.org\/{rel}","templated":true}]}}