{"id":518,"date":"2022-01-04T20:47:38","date_gmt":"2022-01-04T20:47:38","guid":{"rendered":"https:\/\/transparencia.cabocorrientes.gob.mx\/?page_id=518"},"modified":"2025-05-15T06:42:36","modified_gmt":"2025-05-15T06:42:36","slug":"las-actas-y-resoluciones-del-comite-de-transparencia","status":"publish","type":"page","link":"https:\/\/transparencia.cabocorrientes.gob.mx\/?page_id=518","title":{"rendered":"Las actas y resoluciones del Comit\u00e9 de Transparencia"},"content":{"rendered":"\n<div class=\"wp-block-columns is-layout-flex wp-container-core-columns-is-layout-9d6595d7 wp-block-columns-is-layout-flex\">\n<div class=\"wp-block-column is-layout-flow wp-block-column-is-layout-flow\"><\/div>\n<\/div>\n\n\n<span class=\"collapseomatic \" id=\"id69f12a13526f5\"  tabindex=\"0\" title=\"Administraci\u00f3n 2015-2018\"    >Administraci\u00f3n 2015-2018<\/span><div id=\"target-id69f12a13526f5\" class=\"collapseomatic_content \">\n<\/p>\n\n\n<h6 class=\"wp-block-heading\"><strong>Primera<\/strong> <strong>Sesi\u00f3n<\/strong><\/h6>\n\n\n\n<p class=\"has-normal-font-size\">Acta de integraci\u00f3n de comit\u00e9 de clasificaci\u00f3n 02\/11\/2015 <strong><a rel=\"noreferrer noopener\" href=\"https:\/\/transparencia.cabocorrientes.gob.mx\/Archivos\/articulo8\/ACTA_DE_INTEGRACION_DE_COMITE_DE_CLASIFICACI\u00d3N_02-NOV-2015.pdf\" data-type=\"URL\" data-id=\"https:\/\/transparencia.cabocorrientes.gob.mx\/Archivos\/articulo8\/ACTA_DE_INTEGRACION_DE_COMITE_DE_CLASIFICACI\u00d3N_02-NOV-2015.pdf\" target=\"_blank\">PDF<\/a><\/strong><\/p>\n\n\n\n<h6 class=\"wp-block-heading\"><strong>Segunda Sesi\u00f3n<\/strong><\/h6>\n\n\n\n<p class=\"has-normal-font-size\">Sesi\u00f3n ordinaria del comit\u00e9 de clasificaci\u00f3n 02\/12\/2015 <strong><a rel=\"noreferrer noopener\" href=\"https:\/\/transparencia.cabocorrientes.gob.mx\/Archivos\/articulo8\/Segunda_Sesion_del_Comite_de_Clasificacion_02-DIC-2015.pdf\" data-type=\"URL\" data-id=\"https:\/\/transparencia.cabocorrientes.gob.mx\/Archivos\/articulo8\/Segunda_Sesion_del_Comite_de_Clasificacion_02-DIC-2015.pdf\" target=\"_blank\">PDF<\/a><\/strong> \/ <strong><a rel=\"noreferrer noopener\" href=\"https:\/\/transparencia.cabocorrientes.gob.mx\/Archivos\/articulo8\/SEGUNDA_SESION_EXTRAORDINARIA_COMIT\u00c9_DE_CLASIFICACION.docx\" data-type=\"URL\" data-id=\"https:\/\/transparencia.cabocorrientes.gob.mx\/Archivos\/articulo8\/SEGUNDA_SESION_EXTRAORDINARIA_COMIT\u00c9_DE_CLASIFICACION.docx\" target=\"_blank\">WORD<\/a><\/strong><\/p>\n\n\n\n<h6 class=\"wp-block-heading\"><strong>Tercera Sesi\u00f3n<\/strong><\/h6>\n\n\n\n<p class=\"has-normal-font-size\">Sesi\u00f3n ordinaria del comit\u00e9 de clasificaci\u00f3n 17\/03\/2016 <strong><a rel=\"noreferrer noopener\" href=\"https:\/\/transparencia.cabocorrientes.gob.mx\/Archivos\/articulo8\/01.Sesi\u00f3n_Ordinaria_Comit\u00e9_clasificaci\u00f3n_17-marzo-2016.pdf\" data-type=\"URL\" data-id=\"https:\/\/transparencia.cabocorrientes.gob.mx\/Archivos\/articulo8\/Sesi\u00f3n_Ordinaria_Comit\u00e9_clasificaci\u00f3n_17-marzo-2016.pdf\" target=\"_blank\">PDF<\/a><\/strong><\/p>\n\n\n\n<h6 class=\"wp-block-heading\"><strong>Cuarta Sesi\u00f3n<\/strong><\/h6>\n\n\n\n<p>Integraci\u00f3n de comit\u00e9 de transparencia 02\/05\/2016 <strong><a rel=\"noreferrer noopener\" href=\"https:\/\/transparencia.cabocorrientes.gob.mx\/Archivos\/articulo8\/Integraci\u00f3n_Comit\u00e9_de_Transparencia_02-mayo-16.pdf\" data-type=\"URL\" data-id=\"https:\/\/transparencia.cabocorrientes.gob.mx\/Archivos\/articulo8\/Integraci\u00f3n_Comit\u00e9_de_Transparencia_02-mayo-16.pdf\" target=\"_blank\">PDF<\/a><\/strong><\/p>\n\n\n\n<h6 class=\"wp-block-heading\"><strong>Quinta  Sesi\u00f3n <\/strong><\/h6>\n\n\n\n<p>Quinta sesi\u00f3n ordinaria 20 Septiembre 2016 Aviso de Confidencialidad <strong><a rel=\"noreferrer noopener\" href=\"https:\/\/transparencia.cabocorrientes.gob.mx\/Archivos\/articulo8\/Quinta_sesi\u00f3n_ordinaria_20_Septiembre_2016_Aviso_de_Confidencialidad.pdf\" data-type=\"URL\" data-id=\"https:\/\/transparencia.cabocorrientes.gob.mx\/Archivos\/articulo8\/Quinta_sesi\u00f3n_ordinaria_20_Septiembre_2016_Aviso_de_Confidencialidad.pdf\" target=\"_blank\">PDF<\/a><\/strong> \/ <strong><a rel=\"noreferrer noopener\" href=\"https:\/\/transparencia.cabocorrientes.gob.mx\/Archivos\/articulo8\/Quinta_sesi\u00f3n_ordinaria_20_Septiembre_2016_Aviso_de_Confidencialidad.docx\" data-type=\"URL\" data-id=\"https:\/\/transparencia.cabocorrientes.gob.mx\/Archivos\/articulo8\/Quinta_sesi\u00f3n_ordinaria_20_Septiembre_2016_Aviso_de_Confidencialidad.docx\" target=\"_blank\">WORD<\/a><\/strong><\/p>\n\n\n\n<p>Aviso de confidencialidad de Cabo Corrientes Jalisco <strong><a rel=\"noreferrer noopener\" href=\"https:\/\/transparencia.cabocorrientes.gob.mx\/Archivos\/articulo8\/Aviso_de_Confidencialidad_de_Cabo_Corrientes.pdf\" data-type=\"URL\" data-id=\"https:\/\/transparencia.cabocorrientes.gob.mx\/Archivos\/articulo8\/Aviso_de_Confidencialidad_de_Cabo_Corrientes.pdf\" target=\"_blank\">PDF<\/a><\/strong> \/<strong><a rel=\"noreferrer noopener\" href=\"https:\/\/transparencia.cabocorrientes.gob.mx\/Archivos\/articulo8\/AVISO_DE_CONFIDENCIALIDAD_DEL_AYUNTAMIENTO_CONSTITUCIONAL_DE_CABO_CORRIENTES.docx\" data-type=\"URL\" data-id=\"https:\/\/transparencia.cabocorrientes.gob.mx\/Archivos\/articulo8\/AVISO_DE_CONFIDENCIALIDAD_DEL_AYUNTAMIENTO_CONSTITUCIONAL_DE_CABO_CORRIENTES.docx\" target=\"_blank\"> WORD<\/a><\/strong><\/p>\n\n\n\n<h6 class=\"wp-block-heading\"><strong>Sexta  Sesi\u00f3n <\/strong><\/h6>\n\n\n\n<p>Sesi\u00f3n ordinaria 12 de Enero del 2017 <strong><a rel=\"noreferrer noopener\" href=\"https:\/\/transparencia.cabocorrientes.gob.mx\/Archivos\/articulo8\/Sexta_sesi\u00f3n_ordinaria_12_Enero_2017.pdf\" data-type=\"URL\" data-id=\"https:\/\/transparencia.cabocorrientes.gob.mx\/Archivos\/articulo8\/Sexta_sesi\u00f3n_ordinaria_12_Enero_2017.pdf\" target=\"_blank\">PDF<\/a><\/strong> \/ <strong><a rel=\"noreferrer noopener\" href=\"https:\/\/transparencia.cabocorrientes.gob.mx\/Archivos\/articulo8\/Sexta_sesi\u00f3n_ordinaria_12_Enero__2017.docx\" data-type=\"URL\" data-id=\"https:\/\/transparencia.cabocorrientes.gob.mx\/Archivos\/articulo8\/Sexta_sesi\u00f3n_ordinaria_12_Enero__2017.docx\" target=\"_blank\">WORD<\/a><\/strong><\/p>\n\n\n\n<h6 class=\"wp-block-heading\"><strong>S\u00e9ptima  Sesi\u00f3n <\/strong><\/h6>\n\n\n\n<p>Sesi\u00f3n extraordinaria 24 de Abril del 2017 <strong><a rel=\"noreferrer noopener\" href=\"https:\/\/transparencia.cabocorrientes.gob.mx\/Archivos\/articulo8\/S\u00e9ptima_sesion_extraordinaria_RR-0474-2017_24_Abril_2017.pdf\" data-type=\"URL\" data-id=\"https:\/\/transparencia.cabocorrientes.gob.mx\/Archivos\/articulo8\/S\u00e9ptima_sesion_extraordinaria_RR-0474-2017_24_Abril_2017.pdf\" target=\"_blank\">PDF<\/a><\/strong> \/ <strong><a rel=\"noreferrer noopener\" href=\"https:\/\/transparencia.cabocorrientes.gob.mx\/Archivos\/articulo8\/S\u00e9ptima_sesi\u00f3n_ordinaria_24_Abril_2017.docx\" data-type=\"URL\" data-id=\"https:\/\/transparencia.cabocorrientes.gob.mx\/Archivos\/articulo8\/S\u00e9ptima_sesi\u00f3n_ordinaria_24_Abril_2017.docx\" target=\"_blank\">WORD<\/a><\/strong><\/p>\n\n\n\n<h6 class=\"wp-block-heading\"><strong>Octava  Sesi\u00f3n<\/strong> <\/h6>\n\n\n\n<p>Sesi\u00f3n ordinaria 30 de Agosto del 2017<\/p>\n\n\n\n<h6 class=\"wp-block-heading\"><strong>Novena  Sesi\u00f3n<\/strong> <\/h6>\n\n\n\n<p>Sesi\u00f3n ordinaria 03 de Enero del 2018 <strong><a rel=\"noreferrer noopener\" href=\"https:\/\/transparencia.cabocorrientes.gob.mx\/Archivos\/articulo8\/Sesi\u00f3n_Ordinaria_Comit\u00e9_Transparencia_03_Enero_2018.pdf\" data-type=\"URL\" data-id=\"https:\/\/transparencia.cabocorrientes.gob.mx\/Archivos\/articulo8\/Sesi\u00f3n_Ordinaria_Comit\u00e9_Transparencia_03_Enero_2018.pdf\" target=\"_blank\">PDF<\/a><\/strong> \/ <strong><a rel=\"noreferrer noopener\" href=\"https:\/\/transparencia.cabocorrientes.gob.mx\/Archivos\/articulo8\/Novena_Sesi\u00f3n_Ordinaria_03_Enero_2018.docx\" data-type=\"URL\" data-id=\"https:\/\/transparencia.cabocorrientes.gob.mx\/Archivos\/articulo8\/Novena_Sesi\u00f3n_Ordinaria_03_Enero_2018.docx\" target=\"_blank\">WORD<\/a><\/strong><\/p>\n\n\n\n<h6 class=\"wp-block-heading\"><strong>Decima  Sesi\u00f3n <\/strong><\/h6>\n\n\n\n<p>Sesi\u00f3n extraordinaria 26 de Marzo del 2018 <strong><a rel=\"noreferrer noopener\" href=\"https:\/\/transparencia.cabocorrientes.gob.mx\/Archivos\/articulo8\/D\u00e9cima_Sesi\u00f3n_Ordinaria_26_de_Marzo__2018.pdf\" data-type=\"URL\" data-id=\"https:\/\/transparencia.cabocorrientes.gob.mx\/Archivos\/articulo8\/D\u00e9cima_Sesi\u00f3n_Ordinaria_26_de_Marzo__2018.pdf\" target=\"_blank\">PDF<\/a><\/strong> \/ <strong><a rel=\"noreferrer noopener\" href=\"https:\/\/transparencia.cabocorrientes.gob.mx\/Archivos\/articulo8\/D\u00e9cima_Sesi\u00f3n_Extraordinaria_26_de_Marzo__2018.docx\" data-type=\"URL\" data-id=\"https:\/\/transparencia.cabocorrientes.gob.mx\/Archivos\/articulo8\/D\u00e9cima_Sesi\u00f3n_Extraordinaria_26_de_Marzo__2018.docx\" target=\"_blank\">WORD<\/a><\/strong><\/p>\n\n\n\n<h6 class=\"wp-block-heading\"><strong>Und\u00e9cima  Sesi\u00f3n <\/strong><\/h6>\n\n\n\n<p>Sesi\u00f3n ordinaria 06 de Julio del 2018 <strong><a rel=\"noreferrer noopener\" href=\"https:\/\/transparencia.cabocorrientes.gob.mx\/Archivos\/articulo8\/Sesi\u00f3n_Ordinaria_06_de_Julio_del_2018.pdf\" data-type=\"URL\" data-id=\"https:\/\/transparencia.cabocorrientes.gob.mx\/Archivos\/articulo8\/Sesi\u00f3n_Ordinaria_06_de_Julio_del_2018.pdf\" target=\"_blank\">PDF<\/a><\/strong> \/ <strong><a rel=\"noreferrer noopener\" href=\"https:\/\/transparencia.cabocorrientes.gob.mx\/Archivos\/articulo8\/Sesi\u00f3n_Ordinaria_06_julio_2018.docx\" data-type=\"URL\" data-id=\"https:\/\/transparencia.cabocorrientes.gob.mx\/Archivos\/articulo8\/Sesi\u00f3n_Ordinaria_06_julio_2018.docx\" target=\"_blank\">WORD<\/a><\/strong><\/p>\n\n\n\n<h6 class=\"wp-block-heading\"><strong>Doceava  Sesi\u00f3n <\/strong><\/h6>\n\n\n\n<p>Sesi\u00f3n ordinaria 27 de Agosto del 2018 <strong><a rel=\"noreferrer noopener\" href=\"https:\/\/transparencia.cabocorrientes.gob.mx\/Archivos\/articulo8\/Sesi\u00f3n_ordinaria_27_de_Agosto_2018_Aviso_de_Privacidad.pdf\" data-type=\"URL\" data-id=\"https:\/\/transparencia.cabocorrientes.gob.mx\/Archivos\/articulo8\/Sesi\u00f3n_ordinaria_27_de_Agosto_2018_Aviso_de_Privacidad.pdf\" target=\"_blank\">PDF<\/a><\/strong> \/ <strong><a rel=\"noreferrer noopener\" href=\"https:\/\/transparencia.cabocorrientes.gob.mx\/Archivos\/articulo8\/Sesi\u00f3n_ordinaria_27_de_Agosto_2018_Aviso_de_Privacidad.docx\" data-type=\"URL\" data-id=\"https:\/\/transparencia.cabocorrientes.gob.mx\/Archivos\/articulo8\/Sesi\u00f3n_ordinaria_27_de_Agosto_2018_Aviso_de_Privacidad.docx\" target=\"_blank\">WORD<\/a><\/strong><\/p>\n\n\n<\/div>\n<\/p>\n<span class=\"collapseomatic \" id=\"id69f12a135274e\"  tabindex=\"0\" title=\"Administraci\u00f3n 2018-2021\"    >Administraci\u00f3n 2018-2021<\/span><div id=\"target-id69f12a135274e\" class=\"collapseomatic_content \">\n<\/p>\n\n\n<h6 class=\"wp-block-heading\"> <strong>Primera<\/strong> <strong>Sesi\u00f3n<\/strong> <\/h6>\n\n\n\n<p>Sesi\u00f3n ordinaria 08 de Octubre del 2018- Integraci\u00f3n Comit\u00e9 de Transparencia <strong><a rel=\"noreferrer noopener\" href=\"https:\/\/transparencia.cabocorrientes.gob.mx\/Archivos\/articulo8\/Acta_de_Integraci\u00f3n_Comit\u00e9_de_Transparencia_2018-2021.pdf\" data-type=\"URL\" data-id=\"https:\/\/transparencia.cabocorrientes.gob.mx\/Archivos\/articulo8\/Acta_de_Integraci\u00f3n_Comit\u00e9_de_Transparencia_2018-2021.pdf\" target=\"_blank\">PDF<\/a><\/strong> \/ <strong><a rel=\"noreferrer noopener\" href=\"https:\/\/transparencia.cabocorrientes.gob.mx\/Archivos\/articulo8\/Acta_de_Integraci\u00f3n_Comit\u00e9_de_Transparencia_2018-2021.docx\" data-type=\"URL\" data-id=\"https:\/\/transparencia.cabocorrientes.gob.mx\/Archivos\/articulo8\/Acta_de_Integraci\u00f3n_Comit\u00e9_de_Transparencia_2018-2021.docx\" target=\"_blank\">WORD<\/a><\/strong><\/p>\n\n\n\n<h6 class=\"wp-block-heading\"> <strong>Segunda<\/strong> <strong>Sesi\u00f3n<\/strong> <\/h6>\n\n\n\n<p>Sesi\u00f3n ordinaria 22 Febrero 201 <strong><a rel=\"noreferrer noopener\" href=\"https:\/\/transparencia.cabocorrientes.gob.mx\/Archivos\/articulo8\/Sesi\u00f3n_Comit\u00e9_transparencia_22_Feb_2019.pdf\" data-type=\"URL\" data-id=\"https:\/\/transparencia.cabocorrientes.gob.mx\/Archivos\/articulo8\/Sesi\u00f3n_Comit\u00e9_transparencia_22_Feb_2019.pdf\" target=\"_blank\">PDF<\/a><\/strong> \/<strong><a rel=\"noreferrer noopener\" href=\"https:\/\/transparencia.cabocorrientes.gob.mx\/Archivos\/articulo8\/Sesi\u00f3n_comit\u00e9_de_transparencia_22_Feb_2019.docx\" data-type=\"URL\" data-id=\"https:\/\/transparencia.cabocorrientes.gob.mx\/Archivos\/articulo8\/Sesi\u00f3n_comit\u00e9_de_transparencia_22_Feb_2019.docx\" target=\"_blank\"> WORD<\/a><\/strong><\/p>\n\n\n\n<h6 class=\"wp-block-heading\"> <strong>Tercera<\/strong> <strong>Sesi\u00f3n<\/strong> <\/h6>\n\n\n\n<p>Sesi\u00f3n ordinaria 26 Abril 2019 <strong><a rel=\"noreferrer noopener\" href=\"https:\/\/transparencia.cabocorrientes.gob.mx\/Archivos\/articulo8\/Sesi\u00f3n_comit\u00e9_transparencia_26_abril_2019.pdf\" data-type=\"URL\" data-id=\"https:\/\/transparencia.cabocorrientes.gob.mx\/Archivos\/articulo8\/Sesi\u00f3n_comit\u00e9_transparencia_26_abril_2019.pdf\" target=\"_blank\">PDF<\/a><\/strong> \/ <strong><a rel=\"noreferrer noopener\" href=\"https:\/\/transparencia.cabocorrientes.gob.mx\/Archivos\/articulo8\/Sesi\u00f3n_comit\u00e9_de_transparencia_09_abril_2019.docx\" data-type=\"URL\" data-id=\"https:\/\/transparencia.cabocorrientes.gob.mx\/Archivos\/articulo8\/Sesi\u00f3n_comit\u00e9_de_transparencia_09_abril_2019.docx\" target=\"_blank\">WORD<\/a><\/strong><\/p>\n\n\n\n<h6 class=\"wp-block-heading\"> <strong>Cuarta<\/strong> <strong>Sesi\u00f3n<\/strong> <\/h6>\n\n\n\n<p>Sesi\u00f3n ordinaria 10 de Julio 2019<\/p>\n\n\n\n<p>Acuerdo Modificaci\u00f3n del Comit\u00e9 <strong><a rel=\"noreferrer noopener\" href=\"https:\/\/transparencia.cabocorrientes.gob.mx\/Archivos\/articulo8\/Acuerdo_de_conformaci\u00f3n_10_julio_2019-Comit\u00e9_Transparencia.pdf\" data-type=\"URL\" data-id=\"https:\/\/transparencia.cabocorrientes.gob.mx\/Archivos\/articulo8\/Acuerdo_de_conformaci\u00f3n_10_julio_2019-Comit\u00e9_Transparencia.pdf\" target=\"_blank\">PDF<\/a><\/strong> \/ <strong><a rel=\"noreferrer noopener\" href=\"https:\/\/transparencia.cabocorrientes.gob.mx\/Archivos\/articulo8\/acuerdo_conformacion_comite_de_transparencia_ayuntamientos_oct_18_.docx\" data-type=\"URL\" data-id=\"https:\/\/transparencia.cabocorrientes.gob.mx\/Archivos\/articulo8\/acuerdo_conformacion_comite_de_transparencia_ayuntamientos_oct_18_.docx\" target=\"_blank\">WORD<\/a><\/strong><\/p>\n\n\n\n<p>Acta de Modificaci\u00f3n del Comit\u00e9  <strong><a rel=\"noreferrer noopener\" href=\"https:\/\/transparencia.cabocorrientes.gob.mx\/Archivos\/articulo8\/Sesi\u00f3n_10_julio_2019-Comit\u00e9_Transparencia.pdf\" data-type=\"URL\" data-id=\"https:\/\/transparencia.cabocorrientes.gob.mx\/Archivos\/articulo8\/Sesi\u00f3n_10_julio_2019-Comit\u00e9_Transparencia.pdf\" target=\"_blank\">PDF<\/a><\/strong> \/ <strong><a rel=\"noreferrer noopener\" href=\"https:\/\/transparencia.cabocorrientes.gob.mx\/Archivos\/articulo8\/Acta_de_Modificaci\u00f3n_Comit\u00e9_de_Transparencia_2018-2021.docx\" data-type=\"URL\" data-id=\"https:\/\/transparencia.cabocorrientes.gob.mx\/Archivos\/articulo8\/Acta_de_Modificaci\u00f3n_Comit\u00e9_de_Transparencia_2018-2021.docx\" target=\"_blank\">WORD<\/a><\/strong><\/p>\n\n\n\n<h6 class=\"wp-block-heading\"> <strong>Quinta<\/strong> <strong>Sesi\u00f3n<\/strong> <\/h6>\n\n\n\n<p>Sesi\u00f3n ordinaria 05 noviembre 2019 <strong><a rel=\"noreferrer noopener\" href=\"https:\/\/transparencia.cabocorrientes.gob.mx\/Archivos\/articulo8\/Sesi\u00f3n_05_nov_2019-Comit\u00e9_de_Transparencia.pdf\" data-type=\"URL\" data-id=\"https:\/\/transparencia.cabocorrientes.gob.mx\/Archivos\/articulo8\/Sesi\u00f3n_05_nov_2019-Comit\u00e9_de_Transparencia.pdf\" target=\"_blank\">PDF<\/a><\/strong> \/ <strong><a rel=\"noreferrer noopener\" href=\"https:\/\/transparencia.cabocorrientes.gob.mx\/Archivos\/articulo8\/Sesi\u00f3n_comit\u00e9_de_transparencia_05_Nov_2019.docx\" data-type=\"URL\" data-id=\"https:\/\/transparencia.cabocorrientes.gob.mx\/Archivos\/articulo8\/Sesi\u00f3n_comit\u00e9_de_transparencia_05_Nov_2019.docx\" target=\"_blank\">WORD<\/a><\/strong><\/p>\n\n\n\n<h6 class=\"wp-block-heading\"><strong>Sexta<\/strong> <strong>Sesi\u00f3n<\/strong> <\/h6>\n\n\n\n<p>Sesi\u00f3n ordinaria 04 noviembre 2020<\/p>\n\n\n\n<p>Acuerdo Modificaci\u00f3n del Comit\u00e9 <strong><a rel=\"noreferrer noopener\" href=\"https:\/\/transparencia.cabocorrientes.gob.mx\/Archivos\/articulo8\/Acuerdo_de_Modificaci\u00f3n_del_Comit\u00e9_Pdf_con_firmas_04nov2020.pdf\" data-type=\"URL\" data-id=\"https:\/\/transparencia.cabocorrientes.gob.mx\/Archivos\/articulo8\/Acuerdo_de_Modificaci\u00f3n_del_Comit\u00e9_Pdf_con_firmas_04nov2020.pdf\" target=\"_blank\">PDF<\/a><\/strong> \/ <strong><a rel=\"noreferrer noopener\" href=\"https:\/\/transparencia.cabocorrientes.gob.mx\/Archivos\/articulo8\/Versi\u00f3n_Estenogr\u00e1fica-Acuerdo_de_Modificacion_del_Comite_04nov2020.docx\" data-type=\"URL\" data-id=\"https:\/\/transparencia.cabocorrientes.gob.mx\/Archivos\/articulo8\/Versi\u00f3n_Estenogr\u00e1fica-Acuerdo_de_Modificacion_del_Comite_04nov2020.docx\" target=\"_blank\">WORD<\/a><\/strong><\/p>\n\n\n\n<p>Acta de Modificaci\u00f3n del Comit\u00e9 <strong><a rel=\"noreferrer noopener\" href=\"https:\/\/transparencia.cabocorrientes.gob.mx\/Archivos\/articulo8\/Acta_de_Modificaci\u00f3n_del_Comit\u00e9_Pdf_con_Firmas_4nov2020.pdf\" data-type=\"URL\" data-id=\"https:\/\/transparencia.cabocorrientes.gob.mx\/Archivos\/articulo8\/Acta_de_Modificaci\u00f3n_del_Comit\u00e9_Pdf_con_Firmas_4nov2020.pdf\" target=\"_blank\">PDF<\/a><\/strong> \/ <strong><a rel=\"noreferrer noopener\" href=\"https:\/\/transparencia.cabocorrientes.gob.mx\/Archivos\/articulo8\/Versi\u00f3n_Estenogr\u00e1fica-Acta_de_Modificacion_del_Comit\u00e9_4nov2020.docx\" data-type=\"URL\" data-id=\"https:\/\/transparencia.cabocorrientes.gob.mx\/Archivos\/articulo8\/Versi\u00f3n_Estenogr\u00e1fica-Acta_de_Modificacion_del_Comit\u00e9_4nov2020.docx\" target=\"_blank\">WORD<\/a><\/strong><\/p>\n\n\n<\/div>\n<\/p>\n\n\n<span class=\"collapseomatic \" id=\"id69f12a135277f\"  tabindex=\"0\" title=\"Administraci\u00f3n 2021-2024\"    >Administraci\u00f3n 2021-2024<\/span><div id=\"target-id69f12a135277f\" class=\"collapseomatic_content \">\n\n\n<\/p>\n\n\n<h6 class=\"wp-block-heading\"><strong>Primera Sesi\u00f3n<\/strong><\/h6>\n\n\n\n<p>Sesi\u00f3n ordinaria 07 Octubre 2021<\/p>\n\n\n\n<p>Acuerdo de conformaci\u00f3n del Comit\u00e9 <strong><a rel=\"noreferrer noopener\" href=\"https:\/\/transparencia.cabocorrientes.gob.mx\/Archivos\/articulo8\/Acuerdo_conformaci\u00f3n_del_Comit\u00e9_de_Transparencia.pdf\" data-type=\"URL\" data-id=\"https:\/\/transparencia.cabocorrientes.gob.mx\/Archivos\/articulo8\/Acuerdo_conformaci\u00f3n_del_Comit\u00e9_de_Transparencia.pdf\" target=\"_blank\">PDF<\/a><\/strong> <strong>\/<\/strong> <strong><a rel=\"noreferrer noopener\" href=\"https:\/\/transparencia.cabocorrientes.gob.mx\/Archivos\/articulo8\/Acuerdo_conformaci\u00f3n_del_Comit\u00e9_de_Transparencia-versi\u00f3n_estenogr\u00e1fica.docx\" data-type=\"URL\" data-id=\"https:\/\/transparencia.cabocorrientes.gob.mx\/Archivos\/articulo8\/Acuerdo_conformaci\u00f3n_del_Comit\u00e9_de_Transparencia-versi\u00f3n_estenogr\u00e1fica.docx\" target=\"_blank\">WORD<\/a><\/strong><\/p>\n\n\n\n<p>Acta de Integraci\u00f3n del Comit\u00e9 <strong><a rel=\"noreferrer noopener\" href=\"https:\/\/transparencia.cabocorrientes.gob.mx\/Archivos\/articulo8\/Sesi\u00f3n_ordinaria_07_de_Octubre_del_2021-_Integraci\u00f3n_Comit\u00e9_de_Transparencia.pdf\" data-type=\"URL\" data-id=\"https:\/\/transparencia.cabocorrientes.gob.mx\/Archivos\/articulo8\/Sesi\u00f3n_ordinaria_07_de_Octubre_del_2021-_Integraci\u00f3n_Comit\u00e9_de_Transparencia.pdf\" target=\"_blank\">PDF<\/a><\/strong> <strong>\/<\/strong> <strong><a rel=\"noreferrer noopener\" href=\"https:\/\/transparencia.cabocorrientes.gob.mx\/Archivos\/articulo8\/Acta_de_Integraci\u00f3n_Comit\u00e9_de_Transparencia_2018-2021-Versi\u00f3n_estenogr\u00e1fica.docx\" data-type=\"URL\" data-id=\"https:\/\/transparencia.cabocorrientes.gob.mx\/Archivos\/articulo8\/Acta_de_Integraci\u00f3n_Comit\u00e9_de_Transparencia_2018-2021-Versi\u00f3n_estenogr\u00e1fica.docx\" target=\"_blank\">WORD<\/a><\/strong><\/p>\n\n\n\n<h6 class=\"wp-block-heading\"><strong>Segunda  Sesi\u00f3n<\/strong> <\/h6>\n\n\n\n<p>Sesi\u00f3n extraordinaria (Solicitud Derechos ARCO) 19 octubre 2021 <strong><a rel=\"noreferrer noopener\" href=\"https:\/\/transparencia.cabocorrientes.gob.mx\/Archivos\/articulo8\/1era_sesi\u00f3n_extraordinaria_(Solicitud_Derechos_ARCO)_19_octubre_2021.pdf\" data-type=\"URL\" data-id=\"https:\/\/transparencia.cabocorrientes.gob.mx\/Archivos\/articulo8\/1era_sesi\u00f3n_extraordinaria_(Solicitud_Derechos_ARCO)_19_octubre_2021.pdf\" target=\"_blank\">PDF<\/a><\/strong> <\/p>\n\n\n\n<h6 class=\"wp-block-heading\"><strong>Tercera  Sesi\u00f3n<\/strong> <\/h6>\n\n\n\n<p>Sesi\u00f3n extraordinaria 29 octubre 2021 <strong><a rel=\"noreferrer noopener\" href=\"https:\/\/transparencia.cabocorrientes.gob.mx\/Archivos\/articulo8\/Sesi\u00f3n_extraordinaria_29_octubre_2021-Acuerdo_R.R._2371.pdf\" data-type=\"URL\" data-id=\"https:\/\/transparencia.cabocorrientes.gob.mx\/Archivos\/articulo8\/Sesi\u00f3n_extraordinaria_29_octubre_2021-Acuerdo_R.R._2371.pdf\" target=\"_blank\">PDF<\/a><\/strong> <strong>\/<\/strong> <strong><a rel=\"noreferrer noopener\" href=\"https:\/\/transparencia.cabocorrientes.gob.mx\/Archivos\/articulo8\/Sesi\u00f3n_extraordinaria_29_octubre_2021-Acuerdo_R.R._2371.docx\" data-type=\"URL\" data-id=\"https:\/\/transparencia.cabocorrientes.gob.mx\/Archivos\/articulo8\/Sesi\u00f3n_extraordinaria_29_octubre_2021-Acuerdo_R.R._2371.docx\" target=\"_blank\">WORD<\/a><\/strong><\/p>\n\n\n\n<h6 class=\"wp-block-heading\"><strong>Cuarta  Sesi\u00f3n<\/strong> <\/h6>\n\n\n\n<p>Sesi\u00f3n extraordinaria 03 de Diciembre 2021<\/p>\n\n\n\n<p>Acuerdo conformaci\u00f3n del Comit\u00e9 de Transparencia <a rel=\"noreferrer noopener\" style=\"font-weight: bold;\" href=\"https:\/\/transparencia.cabocorrientes.gob.mx\/Archivos\/articulo8\/Acuerdo_conformacion_comite_de_transparencia_ayuntamientos_Dic_2021.pdf\" data-type=\"URL\" data-id=\"https:\/\/transparencia.cabocorrientes.gob.mx\/Archivos\/articulo8\/Acuerdo_conformacion_comite_de_transparencia_ayuntamientos_Dic_2021.pdf\" target=\"_blank\">PDF<\/a> <strong>\/<\/strong> <strong><a rel=\"noreferrer noopener\" href=\"https:\/\/transparencia.cabocorrientes.gob.mx\/Archivos\/articulo8\/Acuerdo_conformacion_comite_de_transparencia_ayuntamientos_Dic_2021.docx\" data-type=\"URL\" data-id=\"https:\/\/transparencia.cabocorrientes.gob.mx\/Archivos\/articulo8\/Acuerdo_conformacion_comite_de_transparencia_ayuntamientos_Dic_2021.docx\" target=\"_blank\">WORD<\/a><\/strong> <\/p>\n\n\n\n<p>Acta Sesi\u00f3n extraordinaria modificaci\u00f3n del comit\u00e9 <strong><a rel=\"noreferrer noopener\" href=\"https:\/\/transparencia.cabocorrientes.gob.mx\/Archivos\/articulo8\/Modificaci\u00f3n_de_Integraci\u00f3n_Comit\u00e9_de_Transparencia_03_Diciembre_2021-2024.pdf\" data-type=\"URL\" data-id=\"https:\/\/transparencia.cabocorrientes.gob.mx\/Archivos\/articulo8\/Modificaci\u00f3n_de_Integraci\u00f3n_Comit\u00e9_de_Transparencia_03_Diciembre_2021-2024.pdf\" target=\"_blank\">PDF<\/a><\/strong> <strong>\/<\/strong> <strong><a rel=\"noreferrer noopener\" href=\"https:\/\/transparencia.cabocorrientes.gob.mx\/Archivos\/articulo8\/Modificaci\u00f3n_de_Integraci\u00f3n_Comit\u00e9_de_Transparencia_03_Diciembre_2021-2024.docx\" data-type=\"URL\" data-id=\"https:\/\/transparencia.cabocorrientes.gob.mx\/Archivos\/articulo8\/Modificaci\u00f3n_de_Integraci\u00f3n_Comit\u00e9_de_Transparencia_03_Diciembre_2021-2024.docx\" target=\"_blank\">WORD<\/a><\/strong> <\/p>\n\n\n<h5><strong>2022<\/strong><\/h5>\n<h6><strong>5ta Sesi\u00f3n 29 de marzo .<\/strong><\/h6>\n<p>Sesi\u00f3n extraordinaria 29 marzo 2022-Acuerdo R.R. 1823 y R.R. 1826 <strong><a href=\"https:\/\/transparencia.cabocorrientes.gob.mx\/Archivos\/articulo8\/Sesi\u00f3n_extraordinaria_29_marzo_2022-Acuerdo_R.R._1823_y_R.R._1826.pdf\" target=\"_blank\" rel=\"noopener\" data-wplink-url-error=\"true\">PDF<\/a> \/\u00a0<\/strong><strong><a href=\"https:\/\/transparencia.cabocorrientes.gob.mx\/Archivos\/articulo8\/Sesi\u00f3n_extraordinaria_29_marzo_2022-Acuerdo_R.R._1823_y_R.R._1826.docx\" target=\"_blank\" rel=\"noopener\" data-wplink-url-error=\"true\">WORD<\/a><br \/><\/strong><\/p>\n<h6><strong>6ta Sesi\u00f3n 31 de Julio 2022<\/strong><\/h6>\n<p>Sesi\u00f3n Ordinaria 31 de Julio del 2022 <strong><a href=\"https:\/\/transparencia.cabocorrientes.gob.mx\/Archivos\/articulo8\/Sesi\u00f3n_Ordinaria_31_de_Julio_del_2022.pdf\" target=\"_blank\" rel=\"noreferrer noopener\">PDF<\/a> \/\u00a0<a href=\"https:\/\/transparencia.cabocorrientes.gob.mx\/Archivos\/articulo8\/Sesi\u00f3n_ordinaria_31_Julio_del_2022.docx\" target=\"_blank\" rel=\"noreferrer noopener\">WORD<\/a><\/strong><\/p>\n<h6><strong>7ta Sesi\u00f3n 23 de Noviembre 2022<\/strong><\/h6>\n<p>Sesi\u00f3n ordinaria 23 noviembre del 2022 <strong><a href=\"https:\/\/transparencia.cabocorrientes.gob.mx\/Archivos\/articulo8\/Sesi\u00f3n_Ordinaria_23_de_noviembre_del_2022.pdf\" target=\"_blank\" rel=\"noreferrer noopener\">PDF<\/a> \/\u00a0<a href=\"https:\/\/transparencia.cabocorrientes.gob.mx\/Archivos\/articulo8\/Sesi\u00f3n_ordinaria_23_noviembre_del_2022.docx\" target=\"_blank\" rel=\"noreferrer noopener\">WORD<\/a><\/strong><\/p>\n<h5><strong>2023<\/strong><\/h5>\n<h6><strong>8ta Sesi\u00f3n Ordinaria 30 de marzo 2023<\/strong><\/h6>\n<p>Sesi\u00f3n Ordinaria 30 de Marzo del 2023 <strong><a href=\"https:\/\/transparencia.cabocorrientes.gob.mx\/Archivos\/articulo8\/Sesi\u00f3n_Ordinaria_30_de_Marzo_del_2023.pdf\" target=\"_blank\" rel=\"noreferrer noopener\">PDF<\/a> \/\u00a0<a href=\"https:\/\/transparencia.cabocorrientes.gob.mx\/Archivos\/articulo8\/Sesi\u00f3n_ordinaria_30_de_marzo_2023.docx\" target=\"_blank\" rel=\"noreferrer noopener\">WORD<\/a><\/strong><\/p>\n<h6><strong>Sesi\u00f3n Ordinaria 21 de Julio 2023<\/strong><\/h6>\n<p>Sesi\u00f3n Ordinaria 21 de Julio 2023 <strong><a href=\"https:\/\/transparencia.cabocorrientes.gob.mx\/Archivos\/articulo8\/Acta_sesi\u00f3n_ordinaria_21_de_julio_2023.pdf\" target=\"_blank\" rel=\"noopener\" data-wplink-url-error=\"true\">PDF<\/a> \/ <a href=\"https:\/\/transparencia.cabocorrientes.gob.mx\/Archivos\/articulo8\/Sesi\u00f3n_ordinaria_21_de_julio_2023.docx\" target=\"_blank\" rel=\"noopener\" data-wplink-url-error=\"true\">WORD<\/a><\/strong><\/p>\n<h6><strong>Sesi\u00f3n extraordinaria 19 septiembre 2023 <\/strong><\/h6>\n<p>Acta sesi\u00f3n extraordinaria 19 septiembre 2023-Declaraci\u00f3n Inexistencia de informaci\u00f3n R.T. <strong><a href=\"https:\/\/transparencia.cabocorrientes.gob.mx\/Archivos\/articulo8\/Acta_sesi\u00f3n_extraordinaria_19_septiembre_2023-Declaraci\u00f3n_Inexistencia_de_informaci\u00f3n_R.T..pdf\" target=\"_blank\" rel=\"noreferrer noopener\">PDF<\/a> \/ <a href=\"https:\/\/transparencia.cabocorrientes.gob.mx\/Archivos\/articulo8\/Acta_sesi\u00f3n_extraordinaria_19_septiembre_2023.docx\" target=\"_blank\" rel=\"noreferrer noopener\">WORD<\/a><\/strong><\/p>\n<h5><strong>2024<\/strong><\/h5>\n<h6><strong>Sesi\u00f3n ordinaria 08 de febrero 2024<\/strong><\/h6>\n<p>Sesi\u00f3n ordinaria 08 de febrero 2024\u00a0 <strong><a href=\"https:\/\/transparencia.cabocorrientes.gob.mx\/Archivos\/articulo8\/Acta_sesi\u00f3n_ordinaria_08_de_febrero_2024.pdf\" target=\"_blank\" rel=\"noopener\" data-wplink-url-error=\"true\">PDF<\/a><\/strong> <strong>\/<\/strong> <a href=\"https:\/\/transparencia.cabocorrientes.gob.mx\/Archivos\/articulo8\/Sesi\u00f3n_ordinaria_08_de_febrero_2024.docx\" target=\"_blank\" rel=\"noopener\" data-wplink-url-error=\"true\"><strong>WORD<\/strong><\/a><\/p>\n<h6><strong>Sesi\u00f3n ordinaria 28 de febrero 2024<\/strong><\/h6>\n<p>Sesi\u00f3n Extraordinaria 28 febrero 2024\u00a0 <strong><a href=\"https:\/\/transparencia.cabocorrientes.gob.mx\/Archivos\/articulo8\/Acta_de_Modificacion_del_Comit\u00e9_28_febrero_2024_y_anexos.pdf\" target=\"_blank\" rel=\"noopener\" data-wplink-url-error=\"true\">PDF<\/a><\/strong> <strong>\/<\/strong> <a href=\"https:\/\/transparencia.cabocorrientes.gob.mx\/Archivos\/articulo8\/Versi\u00f3n_Estenogr\u00e1fica-Acta_de_Modificacion_del_Comit\u00e9_28_febrero_2024.docx\" target=\"_blank\" rel=\"noopener\" data-wplink-url-error=\"true\"><strong>WORD<\/strong><\/a><\/p>\n<h6><strong>Segunda Sesi\u00f3n Extraordinaria 07 de Marzo 2024<\/strong><\/h6>\n<p>Segunda Sesi\u00f3n Extraordinaria 07 de Marzo 2024\u00a0 <strong><a href=\"https:\/\/transparencia.cabocorrientes.gob.mx\/Archivos\/articulo8\/Acta_de_Modificacion_del_Comit\u00e9_07_siete_de_marzo_2024.pdf\" target=\"_blank\" rel=\"noopener\" data-wplink-url-error=\"true\">PDF<\/a><\/strong> <strong>\/<\/strong> <a href=\"https:\/\/transparencia.cabocorrientes.gob.mx\/Archivos\/articulo8\/Versi\u00f3n_Estenogr\u00e1fica-Acta_de_Modificacion_del_Comit\u00e9_07_siete_de_marzo_2024.docx\" target=\"_blank\" rel=\"noopener\" data-wplink-url-error=\"true\"><strong>WORD<\/strong><\/a><\/p>\n<h6><strong>Sesi\u00f3n Extraordinaria 15 de abril del 2024 <\/strong><\/h6>\n<p>Sesi\u00f3n Extraordinaria 15 de abril del 2024 <strong><a href=\"https:\/\/transparencia.cabocorrientes.gob.mx\/Archivos\/articulo8\/Tercera_Sesio\u0301n_Extraordinaria_15_de_abril_2024.pdf\" target=\"_blank\" rel=\"noopener\" data-wplink-url-error=\"true\">PDF<\/a><\/strong> <strong>\/<\/strong> <a href=\"https:\/\/transparencia.cabocorrientes.gob.mx\/Archivos\/articulo8\/Tercera_Sesio\u0301n_Extraordinaria_15_de_abril_2024.docx\" target=\"_blank\" rel=\"noopener\" data-wplink-url-error=\"true\"><strong>WORD<\/strong><\/a><\/p>\n<h6><strong>Sesi\u00f3n Extraordinaria 16 de Junio del 2024 <\/strong><\/h6>\n<p>Sesi\u00f3n Extraordinaria 16 de Junio del 2024 <strong><a href=\"https:\/\/transparencia.cabocorrientes.gob.mx\/Archivos\/articulo8\/Sesi\u00f3n_extraordinaria_16_de_junio_del_2024.pdf\" target=\"_blank\" rel=\"noopener\" data-wplink-url-error=\"true\">PDF<\/a><\/strong> <strong>\/<\/strong> <a href=\"https:\/\/transparencia.cabocorrientes.gob.mx\/Archivos\/articulo8\/Sesi\u00f3n_extraordinaria_16_de_junio_del_2024-Versi\u00f3n_estenogr\u00e1fica.docx\" target=\"_blank\" rel=\"noopener\" data-wplink-url-error=\"true\"><strong>WORD<\/strong><\/a><\/p>\n<h6><strong>Sesi\u00f3n Extraordinaria 09 de Septiembre del 2024 <\/strong><\/h6>\n<p>Sesi\u00f3n Extraordinaria 09 de Septiembre del 2024 <strong><a href=\"https:\/\/transparencia.cabocorrientes.gob.mx\/Archivos\/articulo8\/Sesi\u00f3n_extraordinaria_09_de_septiembre_del_2024.pdf\" target=\"_blank\" rel=\"noopener\" data-wplink-url-error=\"true\">PDF<\/a><\/strong> <strong>\/<\/strong> <a href=\"https:\/\/transparencia.cabocorrientes.gob.mx\/Archivos\/articulo8\/Sesi\u00f3n_extraordinaria_09_de_septiembre_del_2024.docx\" target=\"_blank\" rel=\"noopener\" data-wplink-url-error=\"true\"><strong>WORD<\/strong><\/a><\/p>\n<p><!-- \/wp:post-content --><\/p>\n<\/div>\n<p><\/p>\n<!-- wp:heading {\"level\":3} -->\n<span class=\"collapseomatic \" id=\"id69f12a13527bc\"  tabindex=\"0\" title=\"Administraci\u00f3n 2024-2027\"    >Administraci\u00f3n 2024-2027<\/span><div id=\"target-id69f12a13527bc\" class=\"collapseomatic_content \">\n<!-- wp:heading {\"level\":6} -->\n<h6 class=\"wp-block-heading\"><strong>Primera Sesi\u00f3n<\/strong><\/h6>\n<!-- \/wp:heading -->\n\n<!-- wp:paragraph -->\n<p>Sesi\u00f3n ordinaria 09 Octubre 2024<br>\n<!-- \/wp:paragraph -->\n\n<!-- wp:paragraph -->\nAcuerdo de conformaci\u00f3n del Comit\u00e9 <strong><a rel=\"noreferrer noopener\" href=\"https:\/\/transparencia.cabocorrientes.gob.mx\/Archivos\/articulo8\/Acuerdo_conformacion_comite_de_transparencia_ayuntamiento_2024-2027.pdf\" data-type=\"URL\" data-id=\"https:\/\/transparencia.cabocorrientes.gob.mx\/Archivos\/articulo8\/Acuerdo_conformacion_comite_de_transparencia_ayuntamiento_2024-2027.pdf\" target=\"_blank\">PDF<\/a><\/strong> <strong>\/<\/strong> <strong><a rel=\"noreferrer noopener\" href=\"https:\/\/transparencia.cabocorrientes.gob.mx\/Archivos\/articulo8\/Acuerdo_conformacion_comite_de_transparencia_ayuntamiento_2024-2027.docx\" data-type=\"URL\" data-id=\"https:\/\/transparencia.cabocorrientes.gob.mx\/Archivos\/articulo8\/Acuerdo_conformacion_comite_de_transparencia_ayuntamiento_2024-2027.docx\" target=\"_blank\">WORD<\/a><\/strong><br>\n<!-- \/wp:paragraph -->\n<!-- wp:paragraph -->\nActa de Integraci\u00f3n del Comit\u00e9 <strong><a rel=\"noreferrer noopener\" href=\"https:\/\/transparencia.cabocorrientes.gob.mx\/Archivos\/articulo8\/Acta_de_Integraci\u00a2n_Comit\u201a_de_Transparencia_09_octubre-_2024-2027.pdf\" data-type=\"URL\" data-id=\"https:\/\/transparencia.cabocorrientes.gob.mx\/Archivos\/articulo8\/Acta_de_Integraci\u00a2n_Comit\u201a_de_Transparencia_09_octubre-_2024-2027.pdf\" target=\"_blank\">PDF<\/a><\/strong> <strong>\/<\/strong> <strong><a rel=\"noreferrer noopener\" href=\"https:\/\/transparencia.cabocorrientes.gob.mx\/Archivos\/articulo8\/Acta_de_Integraci\u00a2n_Comit\u201a_de_Transparencia_09_octubre-_2024-2027.docx\" data-type=\"URL\" data-id=\"https:\/\/transparencia.cabocorrientes.gob.mx\/Archivos\/articulo8\/Acta_de_Integraci\u00a2n_Comit\u201a_de_Transparencia_09_octubre-_2024-2027.docx\" target=\"_blank\">WORD<\/a><\/strong><\/p>\n<h6 class=\"wp-block-heading\"><strong>Segunda Sesi\u00f3n<\/strong><\/h6>\n<!-- \/wp:paragraph -->\n\n<!-- wp:paragraph -->\n<p>Sesi\u00f3n extraordinaria 10 Octubre 2024<br>\n<!-- \/wp:paragraph -->\n\n<!-- wp:paragraph -->\nActa del Comit\u00e9 de Transparencia <strong><a rel=\"noreferrer noopener\" href=\"https:\/\/transparencia.cabocorrientes.gob.mx\/Archivos\/articulo8\/Acta_del_Comite_de_Transparencia_09_octubre_2024-Declarativa_de_inexistencia.pdf\" data-type=\"URL\" data-id=\"https:\/\/transparencia.cabocorrientes.gob.mx\/Archivos\/articulo8\/Acta_del_Comite_de_Transparencia_09_octubre_2024-Declarativa_de_inexistencia.pdf\" target=\"_blank\">PDF<\/a><\/strong> <strong>\/<\/strong> <strong><a rel=\"noreferrer noopener\" href=\"https:\/\/transparencia.cabocorrientes.gob.mx\/Archivos\/articulo8\/Acta_del_Comite_de_Transparencia_09_octubre_2024-Declarativa_de_inexistencia.docx\" data-type=\"URL\" data-id=\"https:\/\/transparencia.cabocorrientes.gob.mx\/Archivos\/articulo8\/Acta_del_Comite_de_Transparencia_09_octubre_2024-Declarativa_de_inexistencia.docx\" target=\"_blank\">WORD<\/a><\/strong><br>\n<!-- \/wp:paragraph -->\n<!-- \/wp:heading -->\n\n<!-- wp:heading {\"level\":6} -->\n<h6 class=\"wp-block-heading\"><strong>Tercera Sesi\u00f3n<\/strong><\/h6>\n<!-- \/wp:heading -->\n\n<!-- wp:paragraph -->\n<p>Sesi\u00f3n extraordinaria 15 Octubre 2024<br>\n<!-- \/wp:paragraph -->\n\n<!-- wp:paragraph -->\nAcuerdo de conformaci\u00f3n del Comit\u00e9 <strong><a rel=\"noreferrer noopener\" href=\"https:\/\/transparencia.cabocorrientes.gob.mx\/Archivos\/articulo8\/Acuerdo_conformaci\u00f3n_comite_de_transparencia_2024-2027.pdf\" data-type=\"URL\" data-id=\"https:\/\/transparencia.cabocorrientes.gob.mx\/Archivos\/articulo8\/Acuerdo_conformaci\u00f3n_comite_de_transparencia_2024-2027.pdf\" target=\"_blank\">PDF<\/a><\/strong> <strong>\/<\/strong> <strong><a rel=\"noreferrer noopener\" href=\"https:\/\/transparencia.cabocorrientes.gob.mx\/Archivos\/articulo8\/ACUERDO_DE_CONFORMACION_DEL.docx\" data-type=\"URL\" data-id=\"https:\/\/transparencia.cabocorrientes.gob.mx\/Archivos\/articulo8\/ACUERDO_DE_CONFORMACION_DEL.docx\" target=\"_blank\">WORD<\/a><\/strong><br>\n<!-- \/wp:paragraph -->\n<!-- wp:paragraph -->\nActa de Integraci\u00f3n del Comit\u00e9 <strong><a rel=\"noreferrer noopener\" href=\"https:\/\/transparencia.cabocorrientes.gob.mx\/Archivos\/articulo8\/Acta_de_Integracion_Comite_de_Transparencia_15_octubre_2024.pdf\" data-type=\"URL\" data-id=\"https:\/\/transparencia.cabocorrientes.gob.mx\/Archivos\/articulo8\/Acta_de_Integracion_Comite_de_Transparencia_15_octubre_2024.pdf\" target=\"_blank\">PDF<\/a><\/strong> <strong>\/<\/strong> <strong><a rel=\"noreferrer noopener\" href=\"https:\/\/transparencia.cabocorrientes.gob.mx\/Archivos\/articulo8\/ACTA_DE_INTEGRACION_DEL_COMITE_DE__TRANSPARENCIA.docx\" data-type=\"URL\" data-id=\"https:\/\/transparencia.cabocorrientes.gob.mx\/Archivos\/articulo8\/ACTA_DE_INTEGRACION_DEL_COMITE_DE__TRANSPARENCIA.docx\" target=\"_blank\">WORD<\/a><\/strong><\/p>\nActa de la primera sesi\u00f3n extraordinaria del Comit\u00e9 de Transparencia de fecha 15 de Enero 2025 <strong><a rel=\"noreferrer noopener\" href=\"https:\/\/transparencia.cabocorrientes.gob.mx\/Archivos\/articulo8\/Acta_de_la_primera_sesi\u00f3n_extraordinaria_del_Comit\u00e9_de_Transparencia_de_fecha_15_de_Enero_2025.pdf\" data-type=\"URL\" data-id=\"https:\/\/transparencia.cabocorrientes.gob.mx\/Archivos\/articulo8\/Acta_de_Integracion_Comite_de_Transparencia_15_octubre_2024.pdf\" target=\"_blank\">PDF<\/a><\/strong> <strong>\n\n<\/div>\n<\/p><p><!-- wp:columns --><\/p>\n<div class=\"wp-block-columns\"><!-- wp:column -->\n<div class=\"wp-block-column\">\u00a0<\/div>\n<p><!-- \/wp:column --><\/p>\n<\/div>\n<p><!-- \/wp:columns --><\/p>\n<p><!-- wp:paragraph --><\/p>\n<p><!-- \/wp:paragraph --><\/p>\n<p><!-- wp:buttons {\"layout\":{\"type\":\"flex\",\"justifyContent\":\"center\",\"orientation\":\"horizontal\"}} --><\/p>\n<div class=\"wp-block-buttons\" style=\"text-align: center;\"><!-- wp:button --><br \/><input type=\"button\" value=\"Volver\" \/><br \/><!-- \/wp:button --><\/div>\n<p><!-- \/wp:buttons --><\/p>\n<p><!-- wp:paragraph --><\/p>\n<p><!-- \/wp:paragraph --><\/p>","protected":false},"excerpt":{"rendered":"<p>\u00a0<\/p>\n","protected":false},"author":1,"featured_media":0,"parent":0,"menu_order":0,"comment_status":"closed","ping_status":"closed","template":"","meta":{"_coblocks_attr":"","_coblocks_dimensions":"","_coblocks_responsive_height":"","_coblocks_accordion_ie_support":"","_regular_price":[],"currency_symbol":[],"footnotes":""},"class_list":["post-518","page","type-page","status-publish","hentry"],"post_slider_layout_featured_media_urls":{"thumbnail":"","post_slider_layout_landscape_large":"","post_slider_layout_portrait_large":"","post_slider_layout_square_large":"","post_slider_layout_landscape":"","post_slider_layout_portrait":"","post_slider_layout_square":"","full":""},"_links":{"self":[{"href":"https:\/\/transparencia.cabocorrientes.gob.mx\/index.php?rest_route=\/wp\/v2\/pages\/518","targetHints":{"allow":["GET"]}}],"collection":[{"href":"https:\/\/transparencia.cabocorrientes.gob.mx\/index.php?rest_route=\/wp\/v2\/pages"}],"about":[{"href":"https:\/\/transparencia.cabocorrientes.gob.mx\/index.php?rest_route=\/wp\/v2\/types\/page"}],"author":[{"embeddable":true,"href":"https:\/\/transparencia.cabocorrientes.gob.mx\/index.php?rest_route=\/wp\/v2\/users\/1"}],"replies":[{"embeddable":true,"href":"https:\/\/transparencia.cabocorrientes.gob.mx\/index.php?rest_route=%2Fwp%2Fv2%2Fcomments&post=518"}],"version-history":[{"count":147,"href":"https:\/\/transparencia.cabocorrientes.gob.mx\/index.php?rest_route=\/wp\/v2\/pages\/518\/revisions"}],"predecessor-version":[{"id":13870,"href":"https:\/\/transparencia.cabocorrientes.gob.mx\/index.php?rest_route=\/wp\/v2\/pages\/518\/revisions\/13870"}],"wp:attachment":[{"href":"https:\/\/transparencia.cabocorrientes.gob.mx\/index.php?rest_route=%2Fwp%2Fv2%2Fmedia&parent=518"}],"curies":[{"name":"wp","href":"https:\/\/api.w.org\/{rel}","templated":true}]}}