{"id":2225,"date":"2022-09-28T20:03:46","date_gmt":"2022-09-28T20:03:46","guid":{"rendered":"https:\/\/transparencia.cabocorrientes.gob.mx\/?page_id=2225"},"modified":"2025-05-19T18:38:24","modified_gmt":"2025-05-19T18:38:24","slug":"nominas-ano-2021-2","status":"publish","type":"page","link":"https:\/\/transparencia.cabocorrientes.gob.mx\/?page_id=2225","title":{"rendered":"Nominas A\u00f1o 2021"},"content":{"rendered":"<p>Tabulador de salarios Ayuntamiento de Cabo Corrientes Adm\u00f3n 2021 <a href=\"https:\/\/transparencia.cabocorrientes.gob.mx\/Archivos\/articulo8\/Tabulador_de_salarios_Ayuntamiento_de_Cabo_Corrientes_Adm\u00f3n_2021.xlsx\" target=\"_blank\" rel=\"noopener\" data-wplink-url-error=\"true\">Personal general administrativo y seguridad publica<\/a><\/p>\n\n\n<span class=\"collapseomatic \" id=\"id69f58301555c2\"  tabindex=\"0\" title=\"Nomina Enero\"    >Nomina Enero<\/span><div id=\"target-id69f58301555c2\" class=\"collapseomatic_content \">\n\n\n<p>Primer Quincena<br><a href=\"https:\/\/transparencia.cabocorrientes.gob.mx\/Archivos\/articulo8\/01_al_15_de_Enero_2021.-_Administrativos_y_Seguridad_Publica.xlsx\" target=\"_blank\" rel=\"noopener\" data-wplink-url-error=\"true\">Personal general administrativo y seguridad publica<\/a><br><a href=\"https:\/\/transparencia.cabocorrientes.gob.mx\/Archivos\/articulo8\/EVENTUALES_01_AL_15_DE_ENERO_2021.xlsx\" data-wplink-url-error=\"true\">Eventuales<\/a><\/p>\n<p>Segunda Quincena<br><a href=\"https:\/\/transparencia.cabocorrientes.gob.mx\/Archivos\/articulo8\/16_al_31_de_Enero_2021.-_Administrativos_y_Seguridad_Publica.xlsx\" target=\"_blank\" rel=\"noopener\" data-wplink-url-error=\"true\">Personal general administrativo y seguridad publica<\/a><br><a href=\"https:\/\/transparencia.cabocorrientes.gob.mx\/Archivos\/articulo8\/EVENTUALES_16_AL_31_DE_ENERO_2021.xlsx\" target=\"_blank\" rel=\"noopener\" data-wplink-url-error=\"true\">Eventuales<\/a><br><a href=\"https:\/\/transparencia.cabocorrientes.gob.mx\/Archivos\/articulo8\/EVENTUALES_MES_ENERO_2021.xlsx\" target=\"_blank\" rel=\"noopener\" data-wplink-url-error=\"true\">Eventuales mensual<\/a><\/p>\n<\/div>\n<p><\/p>\n\n\n<span class=\"collapseomatic \" id=\"id69f583015562c\"  tabindex=\"0\" title=\"Nomina Febrero\"    >Nomina Febrero<\/span><div id=\"target-id69f583015562c\" class=\"collapseomatic_content \">\n\n\n<p>Primer Quincena<br><a href=\"https:\/\/transparencia.cabocorrientes.gob.mx\/Archivos\/articulo8\/01_al_15_de_Febrero_2021.-_Administrativos_y_Seguridad_Publica.xlsx\" target=\"_blank\" rel=\"noopener\" data-wplink-url-error=\"true\">Personal general administrativo y seguridad publica<\/a><br><a href=\"https:\/\/transparencia.cabocorrientes.gob.mx\/Archivos\/articulo8\/EVENTUALES.-01_AL_15_DE_FEBRERO_2021.xlsx\" target=\"_blank\" rel=\"noopener\" data-wplink-url-error=\"true\">Eventuales<\/a><\/p>\n<p>Segunda Quincena<br><a href=\"https:\/\/transparencia.cabocorrientes.gob.mx\/Archivos\/articulo8\/16_al_28_de_Febrero_2021.-_Administrativos_y_Seguridad_Publica.xlsx\" target=\"_blank\" rel=\"noopener\" data-wplink-url-error=\"true\">Personal general administrativo y seguridad publica<\/a><br><a href=\"https:\/\/transparencia.cabocorrientes.gob.mx\/Archivos\/articulo8\/EVENTUALES.-_16_al_28_DE_FEBRERO_2021.xlsx\" target=\"_blank\" rel=\"noopener\" data-wplink-url-error=\"true\">Eventuales<\/a><br><a href=\"https:\/\/transparencia.cabocorrientes.gob.mx\/Archivos\/articulo8\/EVENTUALES_MES_FEBRERO_2021.xlsx\" target=\"_blank\" rel=\"noopener\" data-wplink-url-error=\"true\">Eventuales mensual<\/a><\/p>\n<\/div>\n<p><\/p>\n\n\n<span class=\"collapseomatic \" id=\"id69f5830155666\"  tabindex=\"0\" title=\"Nomina Marzo\"    >Nomina Marzo<\/span><div id=\"target-id69f5830155666\" class=\"collapseomatic_content \">\n\n\n<p>Primer Quincena<br><a href=\"https:\/\/transparencia.cabocorrientes.gob.mx\/Archivos\/articulo8\/01_al_15_de_Marzo_2021.-_Administrativos_y_Seguridad_Publica.xlsx\" target=\"_blank\" rel=\"noopener\" data-wplink-url-error=\"true\">Personal general administrativo y seguridad publica<\/a><br><a href=\"https:\/\/transparencia.cabocorrientes.gob.mx\/Archivos\/articulo8\/EVENTUALES.-_01_AL_15_DE_MARZO_2021.xlsx\" target=\"_blank\" rel=\"noopener\" data-wplink-url-error=\"true\">Eventuales<\/a><\/p>\n<p>Segunda Quincena<br><a href=\"https:\/\/transparencia.cabocorrientes.gob.mx\/Archivos\/articulo8\/16_al_31_de_Marzo_2021.-_Administrativos_y_Seguridad_Publica.xlsx\" target=\"_blank\" rel=\"noopener\" data-wplink-url-error=\"true\">Personal general administrativo y seguridad publica<\/a><br><a href=\"https:\/\/transparencia.cabocorrientes.gob.mx\/Archivos\/articulo8\/EVENTUALES.-_16_al_31_DE_MARZO_2021.xlsx\" target=\"_blank\" rel=\"noopener\" data-wplink-url-error=\"true\">Eventuales<\/a><br><a href=\"https:\/\/transparencia.cabocorrientes.gob.mx\/Archivos\/articulo8\/EVENTUALES_MES_MARZO_2021.xlsx\" target=\"_blank\" rel=\"noopener\" data-wplink-url-error=\"true\">Eventuales mensual<\/a><\/p>\n<\/div>\n<p><\/p>\n\n\n<span class=\"collapseomatic \" id=\"id69f583015569a\"  tabindex=\"0\" title=\"Nomina Abril\"    >Nomina Abril<\/span><div id=\"target-id69f583015569a\" class=\"collapseomatic_content \">\n\n\n<p>Primer Quincena<br><a href=\"https:\/\/transparencia.cabocorrientes.gob.mx\/Archivos\/articulo8\/01_al_15_de_Abril_2021.-_Administrativos_y_Seguridad_Publica.xlsx\" target=\"_blank\" rel=\"noopener\" data-wplink-url-error=\"true\">Personal general administrativo y seguridad publica<\/a><br><a href=\"https:\/\/transparencia.cabocorrientes.gob.mx\/Archivos\/articulo8\/EVENTUALES.-_01_al_15_de_Abril_2021.xlsx\" target=\"_blank\" rel=\"noopener\" data-wplink-url-error=\"true\">Eventuales<\/a><\/p>\n<p>Segunda Quincena<br><a href=\"https:\/\/transparencia.cabocorrientes.gob.mx\/Archivos\/articulo8\/16_al_30_de_Abril_2021.-_Administrativos_y_Seguridad_Publica.xlsx\" target=\"_blank\" rel=\"noopener\" data-wplink-url-error=\"true\">Personal general administrativo y seguridad publica<\/a><br><a href=\"https:\/\/transparencia.cabocorrientes.gob.mx\/Archivos\/articulo8\/EVENTUALES.-_16_al_30_de_Abril_2021.xlsx\" target=\"_blank\" rel=\"noopener\" data-wplink-url-error=\"true\">Eventuales<\/a><br><a href=\"https:\/\/transparencia.cabocorrientes.gob.mx\/Archivos\/articulo8\/BRIGADA_CONTRA_INCENDIOS_TEMPORADA_2021.-_16_AL_30_DE_ABRIL_2021.xlsx\" target=\"_blank\" rel=\"noopener\" data-wplink-url-error=\"true\">Brigada contra Incendios Temporada 2021<\/a><br><a href=\"https:\/\/transparencia.cabocorrientes.gob.mx\/Archivos\/articulo8\/EVENTUALES_MES_ABRIL_2021.xlsx\" target=\"_blank\" rel=\"noopener\" data-wplink-url-error=\"true\">Eventuales mensual<\/a><\/p>\n<\/div>\n<p><\/p>\n\n\n<span class=\"collapseomatic \" id=\"id69f58301556df\"  tabindex=\"0\" title=\"Nomina Mayo\"    >Nomina Mayo<\/span><div id=\"target-id69f58301556df\" class=\"collapseomatic_content \">\n\n\n<p>Primer Quincena<br><a href=\"https:\/\/transparencia.cabocorrientes.gob.mx\/Archivos\/articulo8\/01_al_15_de_Mayo_del_2021.-_Administrativos_y_Seguridad_Publica.xlsx\" target=\"_blank\" rel=\"noopener\" data-wplink-url-error=\"true\">Personal general administrativo y seguridad publica<\/a><br><a href=\"https:\/\/transparencia.cabocorrientes.gob.mx\/Archivos\/articulo8\/BRIGADA_CONTRA_INCENDIOS_TEMPORADA_2021.-_01_AL_15_DE_MAYO_2021.xlsx\" target=\"_blank\" rel=\"noopener\" data-wplink-url-error=\"true\">Brigada contra incendios temporada 2021<\/a><br><a href=\"https:\/\/transparencia.cabocorrientes.gob.mx\/Archivos\/articulo8\/EVENTUALES_01_AL_15_DE_MAYO_DEL_2021.xlsx\" target=\"_blank\" rel=\"noopener\" data-wplink-url-error=\"true\">Eventuales<\/a><\/p>\n<p>Segunda Quincena<br><a href=\"https:\/\/transparencia.cabocorrientes.gob.mx\/Archivos\/articulo8\/16_al_31_de_Mayo_del_2021.-_Administrativos_y_Seguridad_Publica.xlsx\" target=\"_blank\" rel=\"noopener\" data-wplink-url-error=\"true\">Personal general administrativo y seguridad publica<\/a><br><a href=\"https:\/\/transparencia.cabocorrientes.gob.mx\/Archivos\/articulo8\/EVENTUALES.-16_AL_31_DE_MAYO_DEL_2021.xlsx\" target=\"_blank\" rel=\"noopener\" data-wplink-url-error=\"true\">Eventuales<\/a><br><a href=\"https:\/\/transparencia.cabocorrientes.gob.mx\/Archivos\/articulo8\/BRIGADA_CONTRA_INCENDIOS_TEMPORADA_2021.-_16_AL_31_DE_MAYO_2021.xlsx\" target=\"_blank\" rel=\"noopener\" data-wplink-url-error=\"true\">Brigada contra incendios temporada 2021<\/a><br><a href=\"https:\/\/transparencia.cabocorrientes.gob.mx\/Archivos\/articulo8\/EVENTUALES_MES_MAYO_2021.xlsx\" target=\"_blank\" rel=\"noopener\" data-wplink-url-error=\"true\">Eventuales mensual<\/a><\/p>\n<\/div>\n<p><\/p>\n\n\n<span class=\"collapseomatic \" id=\"id69f5830155710\"  tabindex=\"0\" title=\"Nomina Junio\"    >Nomina Junio<\/span><div id=\"target-id69f5830155710\" class=\"collapseomatic_content \">\n\n\n<p>Primer Quincena<br><a href=\"https:\/\/transparencia.cabocorrientes.gob.mx\/Archivos\/articulo8\/01_al_15_de_Junio_del_2021.-_Administrativos_y_Seguridad_Publica.xlsx\" target=\"_blank\" rel=\"noopener\" data-wplink-url-error=\"true\">Personal general administrativo y seguridad publica<\/a><br><a href=\"https:\/\/transparencia.cabocorrientes.gob.mx\/Archivos\/articulo8\/BRIGADA_CONTRA_INCENDIOS_TEMPORADA_2021.-_01_AL_15_DE_JUNIO_2021.xlsx\" target=\"_blank\" rel=\"noopener\" data-wplink-url-error=\"true\">Brigada contra incendios temporada 2021<\/a><br><a href=\"https:\/\/transparencia.cabocorrientes.gob.mx\/Archivos\/articulo8\/EVENTUALES_01_AL_15_DE_JUNIO_DEL_2021.xlsx\" target=\"_blank\" rel=\"noopener\" data-wplink-url-error=\"true\">Eventuales<\/a><\/p>\n<p>Segunda Quincena<br><a href=\"https:\/\/transparencia.cabocorrientes.gob.mx\/Archivos\/articulo8\/16_al_30_de_Junio_del_2021.-_Administrativos_y_Seguridad_Publica.xlsx\" target=\"_blank\" rel=\"noopener\" data-wplink-url-error=\"true\">Personal general administrativo y seguridad publica<\/a><br><a href=\"https:\/\/transparencia.cabocorrientes.gob.mx\/Archivos\/articulo8\/BRIGADA_CONTRA_INCENDIOS_TEMPORADA_2021.-_01_AL_15_DE_JUNIO_2021.xlsx\" target=\"_blank\" rel=\"noopener\" data-wplink-url-error=\"true\">Brigada contra incendios temporada 2021<\/a><br><a href=\"https:\/\/transparencia.cabocorrientes.gob.mx\/Archivos\/articulo8\/EVENTUALES_16_AL_30_DE_JUNIO_DEL_2021.xlsx\" target=\"_blank\" rel=\"noopener\" data-wplink-url-error=\"true\">Eventuales<\/a><br><a href=\"https:\/\/transparencia.cabocorrientes.gob.mx\/Archivos\/articulo8\/EVENTUALES_MES_JUNIO_2021.xlsx\" target=\"_blank\" rel=\"noopener\" data-wplink-url-error=\"true\">Eventuales mensual<\/a><\/p>\n<\/div>\n<p><\/p>\n\n\n<span class=\"collapseomatic \" id=\"id69f583015573f\"  tabindex=\"0\" title=\"Nomina Julio\"    >Nomina Julio<\/span><div id=\"target-id69f583015573f\" class=\"collapseomatic_content \">\n\n\n<p>Primer Quincena<br><a href=\"https:\/\/transparencia.cabocorrientes.gob.mx\/Archivos\/articulo8\/01_al_15_de_Julio_del_2021.-_Administrativos_y_Seguridad_Publica.xlsx\" target=\"_blank\" rel=\"noopener\" data-wplink-url-error=\"true\">Personal general administrativo y seguridad publica<\/a><br><a href=\"https:\/\/transparencia.cabocorrientes.gob.mx\/Archivos\/articulo8\/BRIGADA_CONTRA_INCENDIOS_TEMPORADA_2021.-01_al_15_de_Julio_2021.xlsx\" target=\"_blank\" rel=\"noopener\" data-wplink-url-error=\"true\">Brigada contra incendios temporada 2021<\/a><br><a href=\"https:\/\/transparencia.cabocorrientes.gob.mx\/Archivos\/articulo8\/EVENTUALES.-DEL_01_al_15_DE_JULIO_DEL_2021.xlsx\" target=\"_blank\" rel=\"noopener\" data-wplink-url-error=\"true\">Eventuales<\/a><\/p>\n<p>Segunda Quincena<br><a href=\"https:\/\/transparencia.cabocorrientes.gob.mx\/Archivos\/articulo8\/16_al_31_de_Julio_del_2021.-_Administrativos_y_Seguridad_Publica.xlsx\" target=\"_blank\" rel=\"noopener\" data-wplink-url-error=\"true\">Personal general administrativo y seguridad publica<\/a><br><a href=\"https:\/\/transparencia.cabocorrientes.gob.mx\/Archivos\/articulo8\/EVENTUALES.-DEL_16_al_31_DE_JULIO_DEL_2021.xlsx\" target=\"_blank\" rel=\"noopener\" data-wplink-url-error=\"true\">Eventuales<\/a><br><a href=\"https:\/\/transparencia.cabocorrientes.gob.mx\/Archivos\/articulo8\/EVENTUALES_MES_JULIO_2021.xlsx\" target=\"_blank\" rel=\"noopener\" data-wplink-url-error=\"true\">Eventuales mensual<\/a><\/p>\n<\/div>\n<p><\/p>\n\n\n<span class=\"collapseomatic \" id=\"id69f583015576e\"  tabindex=\"0\" title=\"Nomina Agosto\"    >Nomina Agosto<\/span><div id=\"target-id69f583015576e\" class=\"collapseomatic_content \">\n\n\n<p>Primer Quincena<br><a href=\"https:\/\/transparencia.cabocorrientes.gob.mx\/Archivos\/articulo8\/01_al_15_de_Agosto_del_2021.-_Administrativos_y_Seguridad_Publica.xlsx\" target=\"_blank\" rel=\"noopener\" data-wplink-url-error=\"true\">Personal general administrativo y seguridad publica<\/a><br><a href=\"https:\/\/transparencia.cabocorrientes.gob.mx\/Archivos\/articulo8\/EVENTUALES.-DEL_01_al_15_de_Agosto_del_2021.xlsx\" target=\"_blank\" rel=\"noopener\" data-wplink-url-error=\"true\">Eventuales<\/a><\/p>\n<p>Segunda Quincena<br><a href=\"https:\/\/transparencia.cabocorrientes.gob.mx\/Archivos\/articulo8\/16_al_31_de_Agosto_del_2021.-_Administrativos_y_Seguridad_Publica.xlsx\" target=\"_blank\" rel=\"noopener\" data-wplink-url-error=\"true\">Personal general administrativo y seguridad publica<\/a><br><a href=\"https:\/\/transparencia.cabocorrientes.gob.mx\/Archivos\/articulo8\/EVENTUALES.-Del_16_al_31_de_Agosto_del_2021.xlsx\" target=\"_blank\" rel=\"noopener\" data-wplink-url-error=\"true\">Eventuales<\/a><br><a href=\"https:\/\/transparencia.cabocorrientes.gob.mx\/Archivos\/articulo8\/EVENTUALES_MES_AGOSTO_2021.xlsx\" target=\"_blank\" rel=\"noopener\" data-wplink-url-error=\"true\">Eventuales mensual<\/a><\/p>\n<\/div>\n<p><\/p>\n\n\n<span class=\"collapseomatic \" id=\"id69f583015579f\"  tabindex=\"0\" title=\"Nomina Septiembre\"    >Nomina Septiembre<\/span><div id=\"target-id69f583015579f\" class=\"collapseomatic_content \">\n\n\n<p>Primer Quincena<br><a href=\"https:\/\/transparencia.cabocorrientes.gob.mx\/Archivos\/articulo8\/01_al_15_de_Septiembre_del_2021.-_Administrativos_y_Seguridad_Publica_0.xlsx\" target=\"_blank\" rel=\"noopener\">Personal general administrativo y seguridad publica<\/a><br><a href=\"https:\/\/transparencia.cabocorrientes.gob.mx\/Archivos\/articulo8\/EVENTUALES.-Del_01_al_15_de_Septiembre_del_2021_0.xlsx\" target=\"_blank\" rel=\"noopener\" data-wplink-url-error=\"true\">Eventuales<\/a><\/p>\n<p>Segunda Quincena<br><a href=\"https:\/\/transparencia.cabocorrientes.gob.mx\/Archivos\/articulo8\/16_al_30_de_Septiembre_del_2021.-_Administrativos_y_Seguridad_Publica.xlsx\" target=\"_blank\" rel=\"noopener\" data-wplink-url-error=\"true\">Personal general administrativo y seguridad publica<\/a><br><a href=\"https:\/\/transparencia.cabocorrientes.gob.mx\/Archivos\/articulo8\/EVENTUALES.-Del_16_al_30_de_Septiembre_del_2021.xlsx\" target=\"_blank\" rel=\"noopener\" data-wplink-url-error=\"true\">Eventuales<\/a><br><a href=\"https:\/\/transparencia.cabocorrientes.gob.mx\/Archivos\/articulo8\/EVENTUALES_MES_SEPTIEMBRE_2021.xlsx\" target=\"_blank\" rel=\"noopener\" data-wplink-url-error=\"true\">Eventuales mensual<\/a><\/p>\n<\/div>\n<p><\/p>\n\n\n<span class=\"collapseomatic \" id=\"id69f58301557d0\"  tabindex=\"0\" title=\"Nomina Octubre\"    >Nomina Octubre<\/span><div id=\"target-id69f58301557d0\" class=\"collapseomatic_content \">\n\n\n<p>Primer Quincena<br><a href=\"https:\/\/transparencia.cabocorrientes.gob.mx\/Archivos\/articulo8\/N\u00f3mina_general__01-15_octubre_2021.xlsx\" target=\"_blank\" rel=\"noopener\" data-wplink-url-error=\"true\">Personal general administrativo y seguridad publica<\/a><br><a href=\"https:\/\/transparencia.cabocorrientes.gob.mx\/Archivos\/articulo8\/N\u00f3mina_eventuales_quincena_1-15_octubre_2021.xlsx\" target=\"_blank\" rel=\"noopener\" data-wplink-url-error=\"true\">Eventuales<\/a><\/p>\n<p>Segunda Quincena<br><a href=\"https:\/\/transparencia.cabocorrientes.gob.mx\/Archivos\/articulo8\/N\u00f3mina_general_15-31_octubre_2021.xlsx\" target=\"_blank\" rel=\"noopener\" data-wplink-url-error=\"true\">Personal general administrativo y seguridad publica<\/a><br><a href=\"https:\/\/transparencia.cabocorrientes.gob.mx\/Archivos\/articulo8\/N\u00f3mina_eventuales_quincena_16-31_octubre_2021.xlsx\" target=\"_blank\" rel=\"noopener\" data-wplink-url-error=\"true\">Eventuales<\/a><br><a href=\"https:\/\/transparencia.cabocorrientes.gob.mx\/Archivos\/articulo8\/N\u00f3mina_eventuales_mensuales_octubre_2021.xlsx\" target=\"_blank\" rel=\"noopener\" data-wplink-url-error=\"true\">Eventuales Mensual<\/a><\/p>\n<\/div>\n<p><\/p>\n\n\n<span class=\"collapseomatic \" id=\"id69f58301557fb\"  tabindex=\"0\" title=\"Nomina Noviembre\"    >Nomina Noviembre<\/span><div id=\"target-id69f58301557fb\" class=\"collapseomatic_content \">\n\n\n<p>Primer Quincena<br><a href=\"https:\/\/transparencia.cabocorrientes.gob.mx\/Archivos\/articulo8\/N\u00f3mina_general_01-15_noviembre_del_2021.xlsx\" target=\"_blank\" rel=\"noopener\" data-wplink-url-error=\"true\">Personal general administrativo y seguridad publica<\/a><br><a href=\"https:\/\/transparencia.cabocorrientes.gob.mx\/Archivos\/articulo8\/N\u00f3mina_eventuales_quincena_1-15_noviembre_2021.xlsx\" target=\"_blank\" rel=\"noopener\" data-wplink-url-error=\"true\">Eventuales<\/a><\/p>\n<p>Segunda Quincena<br><a href=\"https:\/\/transparencia.cabocorrientes.gob.mx\/Archivos\/articulo8\/N\u00f3mina_general_16-30_noviembre_del_2021.xlsx\" target=\"_blank\" rel=\"noopener\" data-wplink-url-error=\"true\">Personal general administrativo y seguridad publica<\/a><br><a href=\"https:\/\/transparencia.cabocorrientes.gob.mx\/Archivos\/articulo8\/N\u00f3mina_eventuales_quincena_16-30_noviembre_2021.xlsx\" target=\"_blank\" rel=\"noopener\" data-wplink-url-error=\"true\">Eventuales<\/a><br><a href=\"https:\/\/transparencia.cabocorrientes.gob.mx\/Archivos\/articulo8\/N\u00f3mina_mensual_noviembre_2021.xlsx\" target=\"_blank\" rel=\"noopener\" data-wplink-url-error=\"true\">Eventuales Mensual<\/a><\/p>\n<\/div>\n<p><\/p>\n\n\n<span class=\"collapseomatic \" id=\"id69f5830155825\"  tabindex=\"0\" title=\"Nomina Diciembre\"    >Nomina Diciembre<\/span><div id=\"target-id69f5830155825\" class=\"collapseomatic_content \">\n\n\n<p>Primer Quincena<br><a href=\"https:\/\/transparencia.cabocorrientes.gob.mx\/Archivos\/articulo8\/N\u00f3mina_general__01-15_diciembre_2021.xlsx\" target=\"_blank\" rel=\"noopener\" data-wplink-url-error=\"true\">Personal general administrativo y seguridad publica<\/a><br><a href=\"https:\/\/transparencia.cabocorrientes.gob.mx\/Archivos\/articulo8\/N\u00f3mina_eventuales_quincena_1-15_diciembre_2021.xlsx\" target=\"_blank\" rel=\"noopener\" data-wplink-url-error=\"true\">Eventuales por quincena<\/a><\/p>\n<p>Segunda Quincena<br><a href=\"https:\/\/transparencia.cabocorrientes.gob.mx\/Archivos\/articulo8\/N\u00f3mina_general_15-31_diciembre_2021.xlsx\" target=\"_blank\" rel=\"noopener\">Personal general administrativo y seguridad publica<\/a><br><a href=\"https:\/\/transparencia.cabocorrientes.gob.mx\/Archivos\/articulo8\/N\u00f3mina_eventuales_quincena_16-31_diciembre_2021.xlsx\" target=\"_blank\" rel=\"noopener\" data-wplink-url-error=\"true\">Eventuales<\/a><br><a href=\"https:\/\/transparencia.cabocorrientes.gob.mx\/Archivos\/articulo8\/N\u00f3mina_eventuales_mensuales_diciembre_2021.xlsx\" target=\"_blank\" rel=\"noopener\" data-wplink-url-error=\"true\">Eventuales Mensual<\/a><br><a href=\"https:\/\/transparencia.cabocorrientes.gob.mx\/Archivos\/articulo8\/Aguinaldo_general_enero-septiembre_2021.xlsx\" target=\"_blank\" rel=\"noopener\" data-wplink-url-error=\"true\">Aguinaldo general, enero-septiembre 2021<\/a><br><a href=\"https:\/\/transparencia.cabocorrientes.gob.mx\/Archivos\/articulo8\/Aguinaldo_general_Octubre-diciembre_2021.xlsx\" target=\"_blank\" rel=\"noopener\" data-wplink-url-error=\"true\">Aguinaldo general, octubre-diciembre 2021<\/a><br><a href=\"https:\/\/transparencia.cabocorrientes.gob.mx\/Archivos\/articulo8\/Prima_vacacional_Julio-septiembre_2021.xlsx\" target=\"_blank\" rel=\"noopener\" data-wplink-url-error=\"true\">Prima vacacional julio-septiembre 2021<\/a><br><a href=\"https:\/\/transparencia.cabocorrientes.gob.mx\/Archivos\/articulo8\/Prima_vacacional_Octubre-Diciembre_2021.xlsx\" target=\"_blank\" rel=\"noopener\" data-wplink-url-error=\"true\">Prima vacacional octubre-diciembre 2021<\/a><\/p>\n<\/div>\n<p><\/p>\n\n\n<div class=\"wp-block-buttons is-horizontal is-content-justification-center is-layout-flex wp-container-core-buttons-is-layout-499968f5 wp-block-buttons-is-layout-flex\"><\/div>\n\n\n\n<p><\/p>\n","protected":false},"excerpt":{"rendered":"<p>Tabulador de salarios Ayuntamiento de Cabo Corrientes Adm\u00f3n 2021 Personal general administrativo y seguridad publica Tabulador de salarios Ayuntamiento de Cabo Corrientes Adm\u00f3n 2021 Personal general administrativo y seguridad publica Tabulador de salarios Ayuntamiento de Cabo Corrientes Adm\u00f3n 2021 Personal general administrativo y seguridad publica Tabulador de salarios Ayuntamiento de Cabo Corrientes Adm\u00f3n 2021 Personal &hellip; <\/p>\n<p class=\"link-more\"><a href=\"https:\/\/transparencia.cabocorrientes.gob.mx\/?page_id=2225\" class=\"more-link\">Continue reading<span class=\"screen-reader-text\"> \u00abNominas A\u00f1o 2021\u00bb<\/span><\/a><\/p>\n","protected":false},"author":1,"featured_media":0,"parent":0,"menu_order":0,"comment_status":"closed","ping_status":"closed","template":"","meta":{"_coblocks_attr":"","_coblocks_dimensions":"","_coblocks_responsive_height":"","_coblocks_accordion_ie_support":"","_regular_price":[],"currency_symbol":[],"footnotes":""},"class_list":["post-2225","page","type-page","status-publish","hentry"],"post_slider_layout_featured_media_urls":{"thumbnail":"","post_slider_layout_landscape_large":"","post_slider_layout_portrait_large":"","post_slider_layout_square_large":"","post_slider_layout_landscape":"","post_slider_layout_portrait":"","post_slider_layout_square":"","full":""},"_links":{"self":[{"href":"https:\/\/transparencia.cabocorrientes.gob.mx\/index.php?rest_route=\/wp\/v2\/pages\/2225","targetHints":{"allow":["GET"]}}],"collection":[{"href":"https:\/\/transparencia.cabocorrientes.gob.mx\/index.php?rest_route=\/wp\/v2\/pages"}],"about":[{"href":"https:\/\/transparencia.cabocorrientes.gob.mx\/index.php?rest_route=\/wp\/v2\/types\/page"}],"author":[{"embeddable":true,"href":"https:\/\/transparencia.cabocorrientes.gob.mx\/index.php?rest_route=\/wp\/v2\/users\/1"}],"replies":[{"embeddable":true,"href":"https:\/\/transparencia.cabocorrientes.gob.mx\/index.php?rest_route=%2Fwp%2Fv2%2Fcomments&post=2225"}],"version-history":[{"count":36,"href":"https:\/\/transparencia.cabocorrientes.gob.mx\/index.php?rest_route=\/wp\/v2\/pages\/2225\/revisions"}],"predecessor-version":[{"id":14013,"href":"https:\/\/transparencia.cabocorrientes.gob.mx\/index.php?rest_route=\/wp\/v2\/pages\/2225\/revisions\/14013"}],"wp:attachment":[{"href":"https:\/\/transparencia.cabocorrientes.gob.mx\/index.php?rest_route=%2Fwp%2Fv2%2Fmedia&parent=2225"}],"curies":[{"name":"wp","href":"https:\/\/api.w.org\/{rel}","templated":true}]}}