{"id":2103,"date":"2022-06-06T19:34:35","date_gmt":"2022-06-06T19:34:35","guid":{"rendered":"https:\/\/transparencia.cabocorrientes.gob.mx\/?page_id=2103"},"modified":"2025-05-19T18:37:35","modified_gmt":"2025-05-19T18:37:35","slug":"nominas-ano-2020","status":"publish","type":"page","link":"https:\/\/transparencia.cabocorrientes.gob.mx\/?page_id=2103","title":{"rendered":"Nominas A\u00f1o 2020"},"content":{"rendered":"<p>Tabulador de salarios Ayuntamiento de Cabo Corrientes Adm\u00f3n 2020 <a href=\"https:\/\/transparencia.cabocorrientes.gob.mx\/Archivos\/articulo8\/Tabulador_de_salarios_Ayuntamiento_de_Cabo_Corrientes_Adm\u00f3n_2020.xlsx\" target=\"_blank\" rel=\"noopener\" data-wplink-url-error=\"true\">ECXEL<\/a><\/p>\n\n\n<span class=\"collapseomatic \" id=\"id69f151d00640e\"  tabindex=\"0\" title=\"Nomina Enero\"    >Nomina Enero<\/span><div id=\"target-id69f151d00640e\" class=\"collapseomatic_content \">\n\n\n<p>Primer Quincena<br><a href=\"https:\/\/transparencia.cabocorrientes.gob.mx\/Archivos\/articulo8\/NOMINA_01_al_15_de_Enero_2020.-_Administrativos.xlsx\" target=\"_blank\" rel=\"noopener\" data-wplink-url-error=\"true\">ECXEL<\/a><br><a href=\"https:\/\/transparencia.cabocorrientes.gob.mx\/Archivos\/articulo8\/NOMINA_1_al_15_de_Enero_2020.-_Seguridad_Publica.xlsx\" target=\"_blank\" rel=\"noopener\" data-wplink-url-error=\"true\">Seguridad p\u00fablica<\/a><br><a href=\"https:\/\/transparencia.cabocorrientes.gob.mx\/Archivos\/articulo8\/EVENTUALES.-_01_al_15_de_Enero_del_2020.xlsx\" target=\"_blank\" rel=\"noopener\" data-wplink-url-error=\"true\">Eventuales<\/a><\/p>\n<p>Segunda Quincena<br><a href=\"https:\/\/transparencia.cabocorrientes.gob.mx\/Archivos\/articulo8\/NOMINA_16_al_31_de_Enero_2020.-_Administrativos_y_Seguridad_Publica.xlsx\" target=\"_blank\" rel=\"noopener\" data-wplink-url-error=\"true\">Personal general administrativo y Seguridad p\u00fablica<\/a><br><a href=\"https:\/\/transparencia.cabocorrientes.gob.mx\/Archivos\/articulo8\/EVENTUALES.-16_al_31_de_Enero_del_2020.xlsx\" target=\"_blank\" rel=\"noopener\" data-wplink-url-error=\"true\">Eventuales<\/a><br><a href=\"https:\/\/transparencia.cabocorrientes.gob.mx\/Archivos\/articulo8\/EVENTUALES_MES_DE_ENERO_2020.xlsx\" target=\"_blank\" rel=\"noopener\" data-wplink-url-error=\"true\">Eventuales mensual<\/a><\/p>\n<\/div>\n<p><\/p>\n\n\n<span class=\"collapseomatic \" id=\"id69f151d006477\"  tabindex=\"0\" title=\"Nomina Febrero\"    >Nomina Febrero<\/span><div id=\"target-id69f151d006477\" class=\"collapseomatic_content \">\n\n\n<p>Primer Quincena<br><a href=\"https:\/\/transparencia.cabocorrientes.gob.mx\/Archivos\/articulo8\/NOMINA_01_al_15_de_Febrero_de_2020.-_Administrativos_y_Seguridad_Publica.xlsx\" target=\"_blank\" rel=\"noopener\" data-wplink-url-error=\"true\">Personal general administrativo Seguridad p\u00fablica<\/a><br><a href=\"https:\/\/transparencia.cabocorrientes.gob.mx\/Archivos\/articulo8\/EVENTUALES.-_01_al_15_de_Febrero_del_2020.xlsx\" target=\"_blank\" rel=\"noopener\" data-wplink-url-error=\"true\">Eventuales<\/a><\/p>\n<p>Segunda Quincena<br><a href=\"https:\/\/transparencia.cabocorrientes.gob.mx\/Archivos\/articulo8\/NOMINA_16_al_29_de_Febrero_de_2020.-_Administrativos_y_Seguridad_Publica.xlsx\" target=\"_blank\" rel=\"noopener\" data-wplink-url-error=\"true\">Personal general administrativo Seguridad p\u00fablica<\/a><br><a href=\"https:\/\/transparencia.cabocorrientes.gob.mx\/Archivos\/articulo8\/EVENTUALES.-16_al_29_de_Febrero_del_2020.xlsx\" target=\"_blank\" rel=\"noopener\" data-wplink-url-error=\"true\">Eventuales<\/a><br><a href=\"https:\/\/transparencia.cabocorrientes.gob.mx\/Archivos\/articulo8\/EVENTUALES_MES_DE_FEBRERO_2020.xlsx\" target=\"_blank\" rel=\"noopener\" data-wplink-url-error=\"true\">Eventuales mensual<\/a><\/p>\n<\/div>\n<p><\/p>\n\n\n<span class=\"collapseomatic \" id=\"id69f151d0064b1\"  tabindex=\"0\" title=\"Nomina Marzo\"    >Nomina Marzo<\/span><div id=\"target-id69f151d0064b1\" class=\"collapseomatic_content \">\n\n\n<p>Primer Quincena<br><a href=\"https:\/\/transparencia.cabocorrientes.gob.mx\/Archivos\/articulo8\/NOMINA__01_al_15_de_Marzo_de_2020.-_Administrativos_y_Seguridad_Publica.xlsx\" target=\"_blank\" rel=\"noopener\" data-wplink-url-error=\"true\">Personal general administrativo y Seguridad p\u00fablica<\/a><br><a href=\"https:\/\/transparencia.cabocorrientes.gob.mx\/Archivos\/articulo8\/EVENTUALES.-_01_al_15_de_MARZO_del_2020.xlsx\" target=\"_blank\" rel=\"noopener\" data-wplink-url-error=\"true\">Eventuales<\/a><\/p>\n<p>Segunda Quincena<br><a href=\"https:\/\/transparencia.cabocorrientes.gob.mx\/Archivos\/articulo8\/NOMINA_16_al_31_de_Marzo_de_2020.-_Administrativos_y_Seguridad_Publica.xlsx\" target=\"_blank\" rel=\"noopener\" data-wplink-url-error=\"true\">Personal general administrativo y Seguridad p\u00fablica<\/a><br><a href=\"https:\/\/transparencia.cabocorrientes.gob.mx\/Archivos\/articulo8\/TESTADA.-_PRIMA_VACACIONAL.-_Administrativos_y_Seguridad_Publica.xlsx\" target=\"_blank\" rel=\"noopener\" data-wplink-url-error=\"true\">Prima Vacacional Personal general administrativo y Seguridad P\u00fablica<\/a><br><a href=\"https:\/\/transparencia.cabocorrientes.gob.mx\/Archivos\/articulo8\/EVENTUALES.-16_al_31_de_MARZO_del_2020.xlsx\" target=\"_blank\" rel=\"noopener\" data-wplink-url-error=\"true\">Eventuales<\/a><br><a href=\"https:\/\/transparencia.cabocorrientes.gob.mx\/Archivos\/articulo8\/EVENTUALES_MES_DE_MARZO_2020.xlsx\" target=\"_blank\" rel=\"noopener\" data-wplink-url-error=\"true\">Eventuales mensual<\/a><\/p>\n<\/div>\n<p><\/p>\n\n\n<span class=\"collapseomatic \" id=\"id69f151d0064e7\"  tabindex=\"0\" title=\"Nomina Abril\"    >Nomina Abril<\/span><div id=\"target-id69f151d0064e7\" class=\"collapseomatic_content \">\n\n\n<p>Primer Quincena<br><a href=\"https:\/\/transparencia.cabocorrientes.gob.mx\/Archivos\/articulo8\/NOMINA_01_al_15_de_Abril_del_2020.xlsx\" target=\"_blank\" rel=\"noopener\" data-wplink-url-error=\"true\">Personal general administrativo y Seguridad p\u00fablica<\/a><br><a href=\"https:\/\/transparencia.cabocorrientes.gob.mx\/Archivos\/articulo8\/EVENTUALES.-_01_AL_15_DE_ABRIL_2020.xlsx\" target=\"_blank\" rel=\"noopener\" data-wplink-url-error=\"true\">Eventuales<\/a><\/p>\n<p>Segunda Quincena<br><a href=\"https:\/\/transparencia.cabocorrientes.gob.mx\/Archivos\/articulo8\/NOMINA_16_al_30_de_Abril_del_2020.xlsx\" target=\"_blank\" rel=\"noopener\" data-wplink-url-error=\"true\">Personal general administrativo y Seguridad p\u00fablica<\/a><br><a href=\"https:\/\/transparencia.cabocorrientes.gob.mx\/Archivos\/articulo8\/EVENTUALES.-_16_AL_30_DE_ABRIL_2020.xlsx\" target=\"_blank\" rel=\"noopener\" data-wplink-url-error=\"true\">Eventuales<\/a><br><a href=\"https:\/\/transparencia.cabocorrientes.gob.mx\/Archivos\/articulo8\/EVENTUALES_MES_DE_ABRIL_2020.xlsx\" target=\"_blank\" rel=\"noopener\" data-wplink-url-error=\"true\">Eventuales mensual<\/a><\/p>\n<\/div>\n<p><\/p>\n\n\n<span class=\"collapseomatic \" id=\"id69f151d006524\"  tabindex=\"0\" title=\"Nomina Mayo\"    >Nomina Mayo<\/span><div id=\"target-id69f151d006524\" class=\"collapseomatic_content \">\n\n\n<p>Primer Quincena<br><a href=\"https:\/\/transparencia.cabocorrientes.gob.mx\/Archivos\/articulo8\/NOMINA_01_AL_15_de_Mayo_del_2020.xlsx\" target=\"_blank\" rel=\"noopener\" data-wplink-url-error=\"true\">Personal general administrativo y Seguridad p\u00fablica<\/a><br><a href=\"https:\/\/transparencia.cabocorrientes.gob.mx\/Archivos\/articulo8\/EVENTUALES.-_01_AL_15_DE_MAYO_DEL_2020.xlsx\" target=\"_blank\" rel=\"noopener\" data-wplink-url-error=\"true\">Eventuales<\/a><\/p>\n<p>Segunda Quincena<br><a href=\"https:\/\/transparencia.cabocorrientes.gob.mx\/Archivos\/articulo8\/NOMINA_16_al_31_de_Mayo_del_2020.xlsx\" target=\"_blank\" rel=\"noopener\" data-wplink-url-error=\"true\">Personal general administrativo y Seguridad p\u00fablica<\/a><br><a href=\"https:\/\/transparencia.cabocorrientes.gob.mx\/Archivos\/articulo8\/EVENTUALES.-_16_al_31_DE_MAYO_DEL_2020.xlsx\" target=\"_blank\" rel=\"noopener\" data-wplink-url-error=\"true\">Eventuales<\/a><br><a href=\"https:\/\/transparencia.cabocorrientes.gob.mx\/Archivos\/articulo8\/EVENTUALES_MES_DE_MAYO_2020.xlsx\" target=\"_blank\" rel=\"noopener\" data-wplink-url-error=\"true\">Eventuales mensual<\/a><\/p>\n<\/div>\n<p><\/p>\n\n\n<span class=\"collapseomatic \" id=\"id69f151d006557\"  tabindex=\"0\" title=\"Nomina Junio\"    >Nomina Junio<\/span><div id=\"target-id69f151d006557\" class=\"collapseomatic_content \">\n\n\n<p>Primer Quincena<br><a href=\"https:\/\/transparencia.cabocorrientes.gob.mx\/Archivos\/articulo8\/NOMINA__01_al_15_de_Junio_del_2020.xlsx\" target=\"_blank\" rel=\"noopener\" data-wplink-url-error=\"true\">Personal general administrativo y Seguridad p\u00fablica<\/a><br><a href=\"https:\/\/transparencia.cabocorrientes.gob.mx\/Archivos\/articulo8\/EVENTUALES.-_01_AL_15_DE_JUNIO__DEL_2020.xlsx\" target=\"_blank\" rel=\"noopener\" data-wplink-url-error=\"true\">Eventuales<\/a><\/p>\n<p>Segunda Quincena<br><a href=\"https:\/\/transparencia.cabocorrientes.gob.mx\/Archivos\/articulo8\/NOMINA_16_al_30_de_Junio_del_2020.xlsx\" target=\"_blank\" rel=\"noopener\" data-wplink-url-error=\"true\">Personal general administrativo y Seguridad p\u00fablica<\/a><br><a href=\"https:\/\/transparencia.cabocorrientes.gob.mx\/Archivos\/articulo8\/EVENTUALES.-_16_al_30_DE_JUNIO__DEL_2020.xlsx\" target=\"_blank\" rel=\"noopener\" data-wplink-url-error=\"true\">Eventuales<\/a><br><a href=\"https:\/\/transparencia.cabocorrientes.gob.mx\/Archivos\/articulo8\/EVENTUALES_MES_DE_JUNIO_2020.xlsx\" target=\"_blank\" rel=\"noopener\" data-wplink-url-error=\"true\">Eventuales mensual<\/a><\/p>\n<\/div>\n<p><\/p>\n\n\n<span class=\"collapseomatic \" id=\"id69f151d00658a\"  tabindex=\"0\" title=\"Nomina Julio\"    >Nomina Julio<\/span><div id=\"target-id69f151d00658a\" class=\"collapseomatic_content \">\n\n\n<p>Primer Quincena<br><a href=\"https:\/\/transparencia.cabocorrientes.gob.mx\/Archivos\/articulo8\/NOMINA_01_al_15_de_Julio_del_2020.xlsx\" target=\"_blank\" rel=\"noopener\" data-wplink-url-error=\"true\">Personal general administrativo y Seguridad p\u00fablica<\/a><br>Eventuales<\/p>\n<p>Segunda Quincena<br><a href=\"https:\/\/transparencia.cabocorrientes.gob.mx\/Archivos\/articulo8\/NOMINA_16_al_31_de_Julio_del_2020.xlsx\" target=\"_blank\" rel=\"noopener\" data-wplink-url-error=\"true\">Personal general administrativo y Seguridad p\u00fablica<\/a><br><a href=\"https:\/\/transparencia.cabocorrientes.gob.mx\/Archivos\/articulo8\/EVENTUALES.-_16_AL_31_DE_JULIO__DEL_2020.xlsx\" target=\"_blank\" rel=\"noopener\" data-wplink-url-error=\"true\">Eventuales<\/a><br><a href=\"https:\/\/transparencia.cabocorrientes.gob.mx\/Archivos\/articulo8\/EVENTUALES_MES_DE_JULIO_2020.xlsx\" target=\"_blank\" rel=\"noopener\" data-wplink-url-error=\"true\">Eventuales mensual<\/a><\/p>\n<\/div>\n<p><\/p>\n\n\n<span class=\"collapseomatic \" id=\"id69f151d0065bb\"  tabindex=\"0\" title=\"Nomina Agosto\"    >Nomina Agosto<\/span><div id=\"target-id69f151d0065bb\" class=\"collapseomatic_content \">\n\n\n<p>Primer Quincena<br><a href=\"https:\/\/transparencia.cabocorrientes.gob.mx\/Archivos\/articulo8\/NOMINA_01_al_15_de_Agosto_del_2020.xlsx\" target=\"_blank\" rel=\"noopener\" data-wplink-url-error=\"true\">Personal general administrativo y Seguridad p\u00fablica<\/a><br><a href=\"https:\/\/transparencia.cabocorrientes.gob.mx\/Archivos\/articulo8\/EVENTUALES.-_01_AL_15_DE_AGOSTO__DEL_2020.xlsx\" target=\"_blank\" rel=\"noopener\" data-wplink-url-error=\"true\">Eventuales<\/a><\/p>\n<p>Segunda Quincena<br><a href=\"https:\/\/transparencia.cabocorrientes.gob.mx\/Archivos\/articulo8\/NOMINA_16_al_31_de_Agosto_del_2020.xlsx\" target=\"_blank\" rel=\"noopener\" data-wplink-url-error=\"true\">Personal general administrativo y Seguridad p\u00fablica<\/a><br><a href=\"https:\/\/transparencia.cabocorrientes.gob.mx\/Archivos\/articulo8\/EVENTUALES.-_16_AL_31_DE_AGOSTO__DEL_2020.xlsx\" target=\"_blank\" rel=\"noopener\" data-wplink-url-error=\"true\">Eventuales<\/a><br><a href=\"https:\/\/transparencia.cabocorrientes.gob.mx\/Archivos\/articulo8\/EVENTUALES_MES_DE_AGOSTO_2020.xlsx\" target=\"_blank\" rel=\"noopener\" data-wplink-url-error=\"true\">Eventuales mensua<\/a><a href=\"https:\/\/transparencia.cabocorrientes.gob.mx\/Archivos\/articulo8\/EVENTUALES_MES_DE_AGOSTO_2020.xlsx\" target=\"_blank\" rel=\"noopener\" data-wplink-url-error=\"true\">l<\/a><\/p>\n<\/div>\n<p><\/p>\n\n\n<span class=\"collapseomatic \" id=\"id69f151d0065ec\"  tabindex=\"0\" title=\"Nomina Septiembre\"    >Nomina Septiembre<\/span><div id=\"target-id69f151d0065ec\" class=\"collapseomatic_content \">\n\n\n<p>Primer Quincena<br><a href=\"https:\/\/transparencia.cabocorrientes.gob.mx\/Archivos\/articulo8\/01_al_15_de_Septiembre_del_2020.-_Admin_y_Seguridad_Publica.xlsx\" target=\"_blank\" rel=\"noopener\" data-wplink-url-error=\"true\">Personal general administrativo y Seguridad p\u00fablica<\/a><br><a href=\"https:\/\/transparencia.cabocorrientes.gob.mx\/Archivos\/articulo8\/EVENTUALES.-_01_AL_15_DE_SEPTIEMBRE__DEL_2020.xlsx\" target=\"_blank\" rel=\"noopener\" data-wplink-url-error=\"true\">Eventuales<\/a><\/p>\n<p>Segunda Quincena<br><a href=\"https:\/\/transparencia.cabocorrientes.gob.mx\/Archivos\/articulo8\/16_al_30_de_Septiembre_del_2020.-_Administrativos_y_Seguridad_Publica.xlsx\" target=\"_blank\" rel=\"noopener\" data-wplink-url-error=\"true\">Personal general administrativo y Seguridad p\u00fablica<\/a><br><a href=\"https:\/\/transparencia.cabocorrientes.gob.mx\/Archivos\/articulo8\/EVENTUALES.-16_AL_30_DE_SEPTIEMBRE__DEL_2020.xlsx\" target=\"_blank\" rel=\"noopener\" data-wplink-url-error=\"true\">Eventuales<\/a><br><a href=\"https:\/\/transparencia.cabocorrientes.gob.mx\/Archivos\/articulo8\/EVENTUALES_MES_DE_SEPTIEMBRE_2020.xlsx\" target=\"_blank\" rel=\"noopener\" data-wplink-url-error=\"true\">Eventuales mensual<\/a><\/p>\n<\/div>\n<p><\/p>\n\n\n<span class=\"collapseomatic \" id=\"id69f151d00661e\"  tabindex=\"0\" title=\"Nomina Octubre\"    >Nomina Octubre<\/span><div id=\"target-id69f151d00661e\" class=\"collapseomatic_content \">\n\n\n<p>Primer Quincena<br><a href=\"https:\/\/transparencia.cabocorrientes.gob.mx\/Archivos\/articulo8\/01_al_15_de_Octubre_del_2020.-_Administrativos_y_Seguridad_Publica.xlsx\" target=\"_blank\" rel=\"noopener\" data-wplink-url-error=\"true\">Personal general administrativo y Seguridad p\u00fablica<\/a><br><a href=\"https:\/\/transparencia.cabocorrientes.gob.mx\/Archivos\/articulo8\/EVENTUALES.-_01_al_15_de_Octubre_del_2020.xlsx\" target=\"_blank\" rel=\"noopener\" data-wplink-url-error=\"true\">Eventuales<\/a><\/p>\n<p>Segunda Quincena<br><a href=\"https:\/\/transparencia.cabocorrientes.gob.mx\/Archivos\/articulo8\/16_al_31_de_Octubre_del_2020.-_Administrativos_y_Seguridad_Publica.xlsx\" target=\"_blank\" rel=\"noopener\" data-wplink-url-error=\"true\">Personal general administrativo y Seguridad p\u00fablica<\/a><br><a href=\"https:\/\/transparencia.cabocorrientes.gob.mx\/Archivos\/articulo8\/EVENTUALES.-_16_al_31_de_Octubre_del_2020.xlsx\" target=\"_blank\" rel=\"noopener\" data-wplink-url-error=\"true\">Eventuales<\/a><br><a href=\"https:\/\/transparencia.cabocorrientes.gob.mx\/Archivos\/articulo8\/EVENTUALES_BRIGADA_DE_LIMPIEZA_TRAMO_CARRETERO_MAYTO_A_MORELOS.xlsx\" target=\"_blank\" rel=\"noopener\" data-wplink-url-error=\"true\">Eventuales Brigadas de limpieza<\/a><\/p>\n<\/div>\n<p><\/p>\n\n\n<span class=\"collapseomatic \" id=\"id69f151d00664e\"  tabindex=\"0\" title=\"Nomina Noviembre\"    >Nomina Noviembre<\/span><div id=\"target-id69f151d00664e\" class=\"collapseomatic_content \">\n\n\n<p>Primer Quincena<br><a href=\"https:\/\/transparencia.cabocorrientes.gob.mx\/Archivos\/articulo8\/01_al_15_de_Noviembre_del_2020.-_Administrativos_y_Seguridad_Publica.xlsx\" target=\"_blank\" rel=\"noopener\" data-wplink-url-error=\"true\">Personal general administrativo y Seguridad p\u00fablica<\/a><br><a href=\"https:\/\/transparencia.cabocorrientes.gob.mx\/Archivos\/articulo8\/EVENTUALES.-_01_al_15_de_Noviembre_del_2020.xlsx\" target=\"_blank\" rel=\"noopener\" data-wplink-url-error=\"true\">Eventuales<\/a><\/p>\n<p>Segunda Quincena<br><a href=\"https:\/\/transparencia.cabocorrientes.gob.mx\/Archivos\/articulo8\/16_al_30_de_Nov_2020.-_Administrativos_y_Seguridad_Publica.xlsx\" target=\"_blank\" rel=\"noopener\" data-wplink-url-error=\"true\">Personal general administrativo y Seguridad p\u00fablica<\/a><br><a href=\"https:\/\/transparencia.cabocorrientes.gob.mx\/Archivos\/articulo8\/EVENTUALES.-16_al_30_de_Noviembre_del_2020.xlsx\" target=\"_blank\" rel=\"noopener\" data-wplink-url-error=\"true\">Eventuales<\/a><br><a href=\"https:\/\/transparencia.cabocorrientes.gob.mx\/Archivos\/articulo8\/EVENTUALES_MES_DE_NOVIEMBRE_2020.xlsx\" target=\"_blank\" rel=\"noopener\" data-wplink-url-error=\"true\">Eventuales Mensual<\/a><\/p>\n<\/div>\n<p><\/p>\n\n\n<span class=\"collapseomatic \" id=\"id69f151d006680\"  tabindex=\"0\" title=\"Nomina Diciembre\"    >Nomina Diciembre<\/span><div id=\"target-id69f151d006680\" class=\"collapseomatic_content \">\n\n\n<p>Primer Quincena<br><a href=\"https:\/\/transparencia.cabocorrientes.gob.mx\/Archivos\/articulo8\/01_al_15_de_Diciembre_2020.-_Administrativos_y_Seguridad_Publica.xlsx\" target=\"_blank\" rel=\"noopener\" data-wplink-url-error=\"true\">Personal general administrativo y Seguridad p\u00fablica<\/a><br><a href=\"https:\/\/transparencia.cabocorrientes.gob.mx\/Archivos\/articulo8\/EVENTUALES.-01_al_15_de_Diciembre_del_2020.xlsx\" target=\"_blank\" rel=\"noopener\" data-wplink-url-error=\"true\">Eventuales<\/a><\/p>\n<p>Segunda Quincena<br><a href=\"https:\/\/transparencia.cabocorrientes.gob.mx\/Archivos\/articulo8\/16_al_31_de_Diciembre_2020.-_Administrativos_y_Seguridad_Publica.xlsx\" target=\"_blank\" rel=\"noopener\" data-wplink-url-error=\"true\">Personal general administrativo y Seguridad p\u00fablica<\/a><br><a href=\"https:\/\/transparencia.cabocorrientes.gob.mx\/Archivos\/articulo8\/EVENTUALES.-_16_al_31_de_Diciembre_del_2020.xlsx\" target=\"_blank\" rel=\"noopener\">Eventuales<\/a><br><a href=\"https:\/\/transparencia.cabocorrientes.gob.mx\/Archivos\/articulo8\/PRIMA_VACACIONAL_2do_PERIODO_2020.-_Administrativos_y_Seguridad_Publica.xlsx\" target=\"_blank\" rel=\"noopener\">Prima vacacional segundo periodo<\/a><br><a href=\"https:\/\/transparencia.cabocorrientes.gob.mx\/Archivos\/articulo8\/AGUINALDO_2020.-_Administrativos_y_Seguridad_Publica.xlsx\" target=\"_blank\" rel=\"noopener\" data-wplink-url-error=\"true\">Aguinaldo<\/a><\/p>\n<\/div>\n<p><\/p>\n\n\n<div class=\"wp-block-buttons is-horizontal is-content-justification-center is-layout-flex wp-container-core-buttons-is-layout-499968f5 wp-block-buttons-is-layout-flex\"><\/div>\n\n\n\n<p><\/p>\n","protected":false},"excerpt":{"rendered":"<p>Tabulador de salarios Ayuntamiento de Cabo Corrientes Adm\u00f3n 2020 ECXEL Tabulador de salarios Ayuntamiento de Cabo Corrientes Adm\u00f3n 2020 ECXEL Tabulador de salarios Ayuntamiento de Cabo Corrientes Adm\u00f3n 2020 ECXEL Tabulador de salarios Ayuntamiento de Cabo Corrientes Adm\u00f3n 2020 ECXEL Tabulador de salarios Ayuntamiento de Cabo Corrientes Adm\u00f3n 2020 ECXEL Tabulador de salarios Ayuntamiento de &hellip; <\/p>\n<p class=\"link-more\"><a href=\"https:\/\/transparencia.cabocorrientes.gob.mx\/?page_id=2103\" class=\"more-link\">Continue reading<span class=\"screen-reader-text\"> \u00abNominas A\u00f1o 2020\u00bb<\/span><\/a><\/p>\n","protected":false},"author":1,"featured_media":0,"parent":0,"menu_order":0,"comment_status":"closed","ping_status":"closed","template":"","meta":{"_coblocks_attr":"","_coblocks_dimensions":"","_coblocks_responsive_height":"","_coblocks_accordion_ie_support":"","_regular_price":[],"currency_symbol":[],"footnotes":""},"class_list":["post-2103","page","type-page","status-publish","hentry"],"post_slider_layout_featured_media_urls":{"thumbnail":"","post_slider_layout_landscape_large":"","post_slider_layout_portrait_large":"","post_slider_layout_square_large":"","post_slider_layout_landscape":"","post_slider_layout_portrait":"","post_slider_layout_square":"","full":""},"_links":{"self":[{"href":"https:\/\/transparencia.cabocorrientes.gob.mx\/index.php?rest_route=\/wp\/v2\/pages\/2103","targetHints":{"allow":["GET"]}}],"collection":[{"href":"https:\/\/transparencia.cabocorrientes.gob.mx\/index.php?rest_route=\/wp\/v2\/pages"}],"about":[{"href":"https:\/\/transparencia.cabocorrientes.gob.mx\/index.php?rest_route=\/wp\/v2\/types\/page"}],"author":[{"embeddable":true,"href":"https:\/\/transparencia.cabocorrientes.gob.mx\/index.php?rest_route=\/wp\/v2\/users\/1"}],"replies":[{"embeddable":true,"href":"https:\/\/transparencia.cabocorrientes.gob.mx\/index.php?rest_route=%2Fwp%2Fv2%2Fcomments&post=2103"}],"version-history":[{"count":37,"href":"https:\/\/transparencia.cabocorrientes.gob.mx\/index.php?rest_route=\/wp\/v2\/pages\/2103\/revisions"}],"predecessor-version":[{"id":14012,"href":"https:\/\/transparencia.cabocorrientes.gob.mx\/index.php?rest_route=\/wp\/v2\/pages\/2103\/revisions\/14012"}],"wp:attachment":[{"href":"https:\/\/transparencia.cabocorrientes.gob.mx\/index.php?rest_route=%2Fwp%2Fv2%2Fmedia&parent=2103"}],"curies":[{"name":"wp","href":"https:\/\/api.w.org\/{rel}","templated":true}]}}