{"id":1992,"date":"2022-05-04T19:08:42","date_gmt":"2022-05-04T19:08:42","guid":{"rendered":"https:\/\/transparencia.cabocorrientes.gob.mx\/?page_id=1992"},"modified":"2026-02-04T19:42:15","modified_gmt":"2026-02-04T19:42:15","slug":"el-organigrama-del-sujeto-obligado","status":"publish","type":"page","link":"https:\/\/transparencia.cabocorrientes.gob.mx\/?page_id=1992","title":{"rendered":"El Organigrama del sujeto obligado"},"content":{"rendered":"\n<p><strong>Con las modificaciones de cuando menos los \u00faltimos tres a\u00f1os, as\u00ed como la plantilla del personal del sujeto obligado, con las modificaciones de cuando menos los \u00faltimos tres a\u00f1os, en la que se incluya el n\u00famero total de plazas del personal de base, del personal de confianza y las vacantes<\/strong><\/p>\n\n\n\n<div class=\"wp-block-columns is-layout-flex wp-container-core-columns-is-layout-9d6595d7 wp-block-columns-is-layout-flex\">\n<div class=\"wp-block-column is-layout-flow wp-block-column-is-layout-flow\"><\/div>\n<\/div>\n\n\n\n<h6 class=\"wp-block-heading\"><strong>Administraci\u00f3n 2018 &#8211; 2021<\/strong><\/h6>\n\n\n\n<p><\/p>\n\n\n\n<span class=\"collapseomatic \" id=\"id69f1471730d4a\"  tabindex=\"0\" title=\"Organigrama\"    >Organigrama<\/span><div id=\"target-id69f1471730d4a\" class=\"collapseomatic_content \">\n\n<p><\/p>\n\n\n<p><\/p>\n\n\n<p>Organigrama 2018 (Enero-Septiembre)<strong> <a href=\"https:\/\/transparencia.cabocorrientes.gob.mx\/Archivos\/articulo8\/ORGANIGRAMA_GENERAL_ene-sept_2018.xlsx\" target=\"_blank\" rel=\"noreferrer noopener\" data-type=\"URL\" data-id=\"https:\/\/transparencia.cabocorrientes.gob.mx\/Archivos\/articulo8\/ORGANIGRAMA_GENERAL_ene-sept_2018.xlsx\">EXCEL<\/a><\/strong><br \/>Organigrama 2018 (Octubre-Diciembre) <strong><a href=\"https:\/\/transparencia.cabocorrientes.gob.mx\/Archivos\/articulo8\/ORGANIGRAMA_GENERAL_oct_dic__2018.xlsx\" target=\"_blank\" rel=\"noreferrer noopener\" data-type=\"URL\" data-id=\"https:\/\/transparencia.cabocorrientes.gob.mx\/Archivos\/articulo8\/ORGANIGRAMA_GENERAL_oct_dic__2018.xlsx\">EXCEL<\/a><\/strong><br \/>Organigrama 2019 <strong><a href=\"https:\/\/transparencia.cabocorrientes.gob.mx\/Archivos\/articulo8\/Organigrama_completo_2019.xlsx\" target=\"_blank\" rel=\"noreferrer noopener\" data-type=\"URL\" data-id=\"https:\/\/transparencia.cabocorrientes.gob.mx\/Archivos\/articulo8\/Organigrama_completo_2019.xlsx\">EXCEL<\/a><br \/><\/strong>Organigrama general 2020 <strong><a href=\"https:\/\/transparencia.cabocorrientes.gob.mx\/Archivos\/articulo8\/Organigrama_general_2020.xlsx\" target=\"_blank\" rel=\"noreferrer noopener\">EXCEL<\/a><br \/><\/strong>Listado de Plazas Vacantes 2020 <strong><strong><a href=\"https:\/\/transparencia.cabocorrientes.gob.mx\/Archivos\/articulo8\/Listado_de_Plazas_Vacantes_2020.docx\" target=\"_blank\" rel=\"noreferrer noopener\">WORD<\/a><\/strong><br \/><\/strong>Organigrama general (Enero-Septiembre) 2021 <strong><strong><a href=\"https:\/\/transparencia.cabocorrientes.gob.mx\/Archivos\/articulo8\/Organigrama_general_2021.xlsx\" target=\"_blank\" rel=\"noreferrer noopener\">EXCEL<\/a><br \/><\/strong><\/strong>Organigrama general Octubre-diciembre 2021 <strong><strong><a href=\"https:\/\/transparencia.cabocorrientes.gob.mx\/Archivos\/articulo8\/Organigrama_general_Octubre-diciembre_2021.xlsx\" target=\"_blank\" rel=\"noreferrer noopener\">EXCEL<\/a><br \/><\/strong><\/strong>Listado de Plazas Vacantes 2021 <strong><strong><strong><strong><strong><a href=\"https:\/\/transparencia.cabocorrientes.gob.mx\/Archivos\/articulo8\/Listado_de_Plazas_Vacantes_2021.docx\" target=\"_blank\" rel=\"noreferrer noopener\">WORD<\/a><\/strong><\/strong><\/strong><\/strong><\/strong><\/p>\n<\/div>\n<\/p>\n\n\n<h6 class=\"wp-block-heading\"><strong>Administraci\u00f3n 2021 &#8211; 2024<\/strong><\/h6>\n\n\n\n<span class=\"collapseomatic \" id=\"id69f1471730dae\"  tabindex=\"0\" title=\"Organigrama\"    >Organigrama<\/span><div id=\"target-id69f1471730dae\" class=\"collapseomatic_content \">\n\n<p><\/p>\n\n<\/p>\n<p>2022<\/p>\n<p>Organigrama General enero-septiembre 2022<strong> <a href=\"https:\/\/transparencia.cabocorrientes.gob.mx\/Archivos\/articulo8\/Organigrama_General_enero-septiembre_2022.xlsx\" target=\"_blank\" rel=\"noreferrer noopener\">EXCEL<\/a><\/strong><br \/>Organigrama General octubre-diciembre 2022 <strong><a href=\"https:\/\/transparencia.cabocorrientes.gob.mx\/Archivos\/articulo8\/Organigrama_General_octubre-diciembre_2022.xlsx\" target=\"_blank\" rel=\"noreferrer noopener\">EXCEL<\/a><br \/><\/strong>Listado de Plazas Vacantes 2022 <strong><strong><a href=\"https:\/\/transparencia.cabocorrientes.gob.mx\/Archivos\/articulo8\/Listado_de_Plazas_Vacantes__2022.docx\" target=\"_blank\" rel=\"noreferrer noopener\">WORD<\/a><\/strong><\/strong><\/p>\n<\/p>\n<p>2023<\/p>\n<p>Organigrama Funcionarios de Confianza 2023 <strong><a href=\"https:\/\/transparencia.cabocorrientes.gob.mx\/Archivos\/articulo8\/Organigrama_Funcionarios_de_Confianza_2023.xlsx\" target=\"_blank\" rel=\"noreferrer noopener\" data-type=\"URL\" data-id=\"https:\/\/transparencia.cabocorrientes.gob.mx\/Archivos\/articulo8\/Organigrama_Funcionarios_de_Confianza_2023.xlsx\">EXCEL<\/a><\/strong><br \/>Organigrama General 2023 <strong><a href=\"https:\/\/transparencia.cabocorrientes.gob.mx\/Archivos\/articulo8\/Organigrama_General_2023.xlsx\" target=\"_blank\" rel=\"noreferrer noopener\" data-type=\"URL\" data-id=\"https:\/\/transparencia.cabocorrientes.gob.mx\/Archivos\/articulo8\/Organigrama_General_2023.xlsx\">EXCEL<\/a><\/strong><br \/>Plazas vacantes 2023 <strong><a href=\"https:\/\/transparencia.cabocorrientes.gob.mx\/Archivos\/articulo8\/Listado_de_Plazas_Vacantes_del_2023.xlsx\" target=\"_blank\" rel=\"noreferrer noopener\" data-type=\"URL\" data-id=\"https:\/\/transparencia.cabocorrientes.gob.mx\/Archivos\/articulo8\/Listado_de_Plazas_Vacantes_Marzo_del_2023.xlsx\">EXCEL<\/a><\/strong><\/p>\n<p><strong>2024<\/strong><\/p>\n<p>Organigrama Funcionarios de Confianza 2024 <strong><a href=\"https:\/\/transparencia.cabocorrientes.gob.mx\/Archivos\/articulo8\/Organigrama_Funcionarios_de_Confianza_2024.xlsx\" target=\"_blank\" rel=\"noreferrer noopener\" data-type=\"URL\" data-id=\"https:\/\/transparencia.cabocorrientes.gob.mx\/Archivos\/articulo8\/Organigrama_Funcionarios_de_Confianza_2023.xlsx\" data-wplink-url-error=\"true\">EXCEL<\/a><\/strong><br \/>Organigrama General 2024 <strong><a href=\"https:\/\/transparencia.cabocorrientes.gob.mx\/Archivos\/articulo8\/Organigrama_General_2024.xlsx\" target=\"_blank\" rel=\"noreferrer noopener\" data-type=\"URL\" data-id=\"https:\/\/transparencia.cabocorrientes.gob.mx\/Archivos\/articulo8\/Organigrama_General_2023.xlsx\" data-wplink-url-error=\"true\">EXCEL<\/a><\/strong><br \/>Plazas vacantes 2024 <strong><a href=\"https:\/\/transparencia.cabocorrientes.gob.mx\/Archivos\/articulo8\/Plazas_vacantes_2024.xlsx\" target=\"_blank\" rel=\"noreferrer noopener\" data-type=\"URL\" data-id=\"https:\/\/transparencia.cabocorrientes.gob.mx\/Archivos\/articulo8\/Listado_de_Plazas_Vacantes_Marzo_del_2023.xlsx\" data-wplink-url-error=\"true\">EXCEL<\/a><\/strong><\/p>\n<\/div>\n<\/p>\n\n\n<span class=\"collapseomatic \" id=\"id69f1471730de1\"  tabindex=\"0\" title=\"Curriculum\"    >Curriculum<\/span><div id=\"target-id69f1471730de1\" class=\"collapseomatic_content \">\n\n<p><\/p>\n\n<p>Directora de la Unidad de Transparencia y Oficial\u00eda de Partes <strong><a href=\"https:\/\/transparencia.cabocorrientes.gob.mx\/Archivos\/articulo8\/Curiculum_Director_de_la_Unidad_de_Transparencia_y_Oficial\u00eda_de_Partes.docx\" target=\"_blank\" rel=\"noreferrer noopener\" data-type=\"URL\" data-id=\"https:\/\/transparencia.cabocorrientes.gob.mx\/Archivos\/articulo8\/Curiculum_Director_de_la_Unidad_de_Transparencia_y_Oficial\u00eda_de_Partes.docx\">WORD<\/a><\/strong><br \/>Asistente Particular del Presidente <strong><a href=\"https:\/\/transparencia.cabocorrientes.gob.mx\/Archivos\/articulo8\/Curriculum_Asistente_Part\u00edcular_del_Presidente.docx\" target=\"_blank\" rel=\"noreferrer noopener\" data-type=\"URL\" data-id=\"https:\/\/transparencia.cabocorrientes.gob.mx\/Archivos\/articulo8\/Curriculum_Asistente_Part\u00edcular_del_Presidente.docx\">WORD<\/a><\/strong><br \/>Presidente Municipal <strong><a href=\"https:\/\/transparencia.cabocorrientes.gob.mx\/Archivos\/articulo8\/Curriculum_Presidente_Municipal_2021-2024.docx\" target=\"_blank\" rel=\"noreferrer noopener\" data-type=\"URL\" data-id=\"https:\/\/transparencia.cabocorrientes.gob.mx\/Archivos\/articulo8\/Curriculum_Presidente_Municipal_2021-2024.docx\">WORD<\/a><\/strong><br \/>Contralor Municipal <strong><a href=\"https:\/\/transparencia.cabocorrientes.gob.mx\/Archivos\/articulo8\/Curriculum_Contralor_Municipal.docx\" target=\"_blank\" rel=\"noreferrer noopener\" data-type=\"URL\" data-id=\"https:\/\/transparencia.cabocorrientes.gob.mx\/Archivos\/articulo8\/Curriculum_Contralor_Municipal.docx\">WORD<\/a><\/strong><br \/>Oficial Mayor Administrativo <strong><a href=\"https:\/\/transparencia.cabocorrientes.gob.mx\/Archivos\/articulo8\/CV_Oficia_Mayor_2023_0.pdf\" target=\"_blank\" rel=\"noreferrer noopener\" data-type=\"URL\" data-id=\"https:\/\/transparencia.cabocorrientes.gob.mx\/Archivos\/articulo8\/CV_Oficia_Mayor_2023_0.pdf\">P<\/a><a href=\"https:\/\/transparencia.cabocorrientes.gob.mx\/Archivos\/articulo8\/CV_Oficia_Mayor_2023_0.pdf\" target=\"_blank\" rel=\"noreferrer noopener\" data-type=\"URL\" data-id=\"https:\/\/transparencia.cabocorrientes.gob.mx\/Archivos\/articulo8\/CV_Oficia_Mayor_2023_0.pdf\">D<\/a><a href=\"https:\/\/transparencia.cabocorrientes.gob.mx\/Archivos\/articulo8\/CV_Oficia_Mayor_2023_0.pdf\" target=\"_blank\" rel=\"noreferrer noopener\" data-type=\"URL\" data-id=\"https:\/\/transparencia.cabocorrientes.gob.mx\/Archivos\/articulo8\/CV_Oficia_Mayor_2023_0.pdf\">F<\/a><\/strong><br \/>Director de Desarrollo Rural <strong><a href=\"https:\/\/transparencia.cabocorrientes.gob.mx\/Archivos\/articulo8\/Curriculum_Director_de_Desarrollo_Rural.docx\" target=\"_blank\" rel=\"noreferrer noopener\" data-type=\"URL\" data-id=\"https:\/\/transparencia.cabocorrientes.gob.mx\/Archivos\/articulo8\/Curriculum_Director_de_Desarrollo_Rural.docx\">WORD<\/a><\/strong><br \/>Director de Desarrollo Social <strong><a href=\"https:\/\/transparencia.cabocorrientes.gob.mx\/Archivos\/articulo8\/Curriculum_Director_de_Desarrollo_Social.docx\" target=\"_blank\" rel=\"noreferrer noopener\" data-type=\"URL\" data-id=\"https:\/\/transparencia.cabocorrientes.gob.mx\/Archivos\/articulo8\/Curriculum_Director_de_Desarrollo_Social.docx\">WORD<\/a><\/strong><br \/>Director de Educaci\u00f3n <strong><a href=\"https:\/\/transparencia.cabocorrientes.gob.mx\/Archivos\/articulo8\/Curriculum_Director_de_Educaci\u00f3n.docx\" target=\"_blank\" rel=\"noreferrer noopener\" data-type=\"URL\" data-id=\"https:\/\/transparencia.cabocorrientes.gob.mx\/Archivos\/articulo8\/Curriculum_Director_de_Educaci\u00f3n.docx\">WORD<\/a><\/strong><br \/>Director de Inform\u00e1tica <strong><a href=\"https:\/\/transparencia.cabocorrientes.gob.mx\/Archivos\/articulo8\/Curriculum_Director_de_Inform\u00e1tica.docx\" data-type=\"URL\" data-id=\"https:\/\/transparencia.cabocorrientes.gob.mx\/Archivos\/articulo8\/Curriculum_Director_de_Inform\u00e1tica.docx\">WORD<\/a><\/strong><br \/>Director de Planeaci\u00f3n y Desarrollo Urbano <strong><a href=\"https:\/\/transparencia.cabocorrientes.gob.mx\/Archivos\/articulo8\/Curriculum_Director_de_Planeaci\u00f3n_y_Desarrollo_Urbano.docx\" target=\"_blank\" rel=\"noreferrer noopener\" data-type=\"URL\" data-id=\"https:\/\/transparencia.cabocorrientes.gob.mx\/Archivos\/articulo8\/Curriculum_Director_de_Planeaci\u00f3n_y_Desarrollo_Urbano.docx\">WORD<\/a><\/strong><br \/>Director Protecci\u00f3n Civil <strong><a href=\"https:\/\/transparencia.cabocorrientes.gob.mx\/Archivos\/articulo8\/Curriculum_Director_Protecci\u00f3n_Civil_0.docx\" target=\"_blank\" rel=\"noreferrer noopener\" data-type=\"URL\" data-id=\"https:\/\/transparencia.cabocorrientes.gob.mx\/Archivos\/articulo8\/Curriculum_Director_Protecci\u00f3n_Civil_0.docx\">WORD<\/a><\/strong><br \/>Director Seguridad P\u00fablica <strong><a href=\"https:\/\/transparencia.cabocorrientes.gob.mx\/Archivos\/articulo8\/Curriculum_Director_Seguridad_P\u00fablica.docx\" target=\"_blank\" rel=\"noreferrer noopener\" data-type=\"URL\" data-id=\"https:\/\/transparencia.cabocorrientes.gob.mx\/Archivos\/articulo8\/Curriculum_Director_Seguridad_P\u00fablica.docx\">WORD<\/a><\/strong><br \/>Director Servicios P\u00fablicos <strong><a href=\"https:\/\/transparencia.cabocorrientes.gob.mx\/Archivos\/articulo8\/Curriculum_Director_Servicios_P\u00fablicos.docx\" target=\"_blank\" rel=\"noreferrer noopener\" data-type=\"URL\" data-id=\"https:\/\/transparencia.cabocorrientes.gob.mx\/Archivos\/articulo8\/Curriculum_Director_Servicios_P\u00fablicos.docx\">WORD<\/a><\/strong><br \/>Directora de Cultura Municipal <strong><a href=\"https:\/\/transparencia.cabocorrientes.gob.mx\/Archivos\/articulo8\/Curriculum_Directora_de_Cultura_Municipal.docx\" target=\"_blank\" rel=\"noreferrer noopener\" data-type=\"URL\" data-id=\"https:\/\/transparencia.cabocorrientes.gob.mx\/Archivos\/articulo8\/Curriculum_Directora_de_Cultura_Municipal.docx\">WORD<\/a><\/strong><br \/>Directora de Jur\u00eddico <strong><a href=\"https:\/\/transparencia.cabocorrientes.gob.mx\/Archivos\/articulo8\/Curriculum_Directora_de_Jur\u00eddico.docx\" target=\"_blank\" rel=\"noreferrer noopener\" data-type=\"URL\" data-id=\"https:\/\/transparencia.cabocorrientes.gob.mx\/Archivos\/articulo8\/Curriculum_Directora_de_Jur\u00eddico.docx\">WORD<\/a><\/strong><br \/>Directora del DIF <strong><a href=\"https:\/\/transparencia.cabocorrientes.gob.mx\/Archivos\/articulo8\/Curriculum_Directora_del_DIF.docx\" target=\"_blank\" rel=\"noreferrer noopener\" data-type=\"URL\" data-id=\"https:\/\/transparencia.cabocorrientes.gob.mx\/Archivos\/articulo8\/Curriculum_Directora_del_DIF.docx\">WORD<\/a><\/strong><br \/>Encargada de Archivo Municipal <strong><a href=\"https:\/\/transparencia.cabocorrientes.gob.mx\/Archivos\/articulo8\/Curriculum_Encargada_de_Archivo_Municipal.docx\" target=\"_blank\" rel=\"noreferrer noopener\" data-type=\"URL\" data-id=\"https:\/\/transparencia.cabocorrientes.gob.mx\/Archivos\/articulo8\/Curriculum_Encargada_de_Archivo_Municipal.docx\">WORD<\/a><\/strong><br \/>Encargado de Hacienda Municipal <strong><a href=\"https:\/\/transparencia.cabocorrientes.gob.mx\/Archivos\/articulo8\/Curriculum_Encargado_de_Hacienda_P\u00fablica.pdf\" target=\"_blank\" rel=\"noreferrer noopener\" data-type=\"URL\" data-id=\"https:\/\/transparencia.cabocorrientes.gob.mx\/Archivos\/articulo8\/Curriculum_Encargado_de_Hacienda_P\u00fablica.pdf\">PD<\/a><a href=\"https:\/\/transparencia.cabocorrientes.gob.mx\/Archivos\/articulo8\/Curriculum_Encargado_de_Hacienda_P\u00fablica.pdf\" target=\"_blank\" rel=\"noreferrer noopener\" data-type=\"URL\" data-id=\"https:\/\/transparencia.cabocorrientes.gob.mx\/Archivos\/articulo8\/Curriculum_Encargado_de_Hacienda_P\u00fablica.pdf\">F<\/a><\/strong><br \/>Encargado M\u00f3dulo de Maquinaria <strong><a href=\"https:\/\/transparencia.cabocorrientes.gob.mx\/Archivos\/articulo8\/Curriculum_Encargado_M\u00f3dulo_de_Maquinario.docx\" target=\"_blank\" rel=\"noreferrer noopener\" data-type=\"URL\" data-id=\"https:\/\/transparencia.cabocorrientes.gob.mx\/Archivos\/articulo8\/Curriculum_Encargado_M\u00f3dulo_de_Maquinario.docx\">WORD<\/a><\/strong> <br \/>Jefe de Comunicaci\u00f3n Social <strong><a href=\"https:\/\/transparencia.cabocorrientes.gob.mx\/Archivos\/articulo8\/Jefatura_de_Comunicaci\u00f3n_Social.docx\" target=\"_blank\" rel=\"noreferrer noopener\" data-type=\"URL\" data-id=\"https:\/\/transparencia.cabocorrientes.gob.mx\/Archivos\/articulo8\/Jefatura_de_Comunicaci\u00f3n_Social.docx\">WORD<\/a><\/strong> <br \/>Jefa de Ingresos <strong><a href=\"https:\/\/transparencia.cabocorrientes.gob.mx\/Archivos\/articulo8\/Curriculum_Jefa_de_Ingresos.docx\" target=\"_blank\" rel=\"noreferrer noopener\" data-type=\"URL\" data-id=\"https:\/\/transparencia.cabocorrientes.gob.mx\/Archivos\/articulo8\/Curriculum_Jefa_de_Ingresos.docx\">WORD<\/a><\/strong> <br \/>Jefe de catastro <strong><a href=\"https:\/\/transparencia.cabocorrientes.gob.mx\/Archivos\/articulo8\/Curriculum_Jefe_de_catastro.docx\" target=\"_blank\" rel=\"noreferrer noopener\" data-type=\"URL\" data-id=\"https:\/\/transparencia.cabocorrientes.gob.mx\/Archivos\/articulo8\/Curriculum_Jefe_de_catastro.docx\">WORD<\/a><\/strong> <br \/>Jefe de Deportes <strong><a href=\"https:\/\/transparencia.cabocorrientes.gob.mx\/Archivos\/articulo8\/Curriculum_Jefe_de_Deportes.docx\" target=\"_blank\" rel=\"noreferrer noopener\" data-type=\"URL\" data-id=\"https:\/\/transparencia.cabocorrientes.gob.mx\/Archivos\/articulo8\/Curriculum_Jefe_de_Deportes.docx\">WORD<\/a><\/strong> <br \/>Jefe de Fomento Agropecuario <strong>WORD<\/strong> <br \/>Jefe de Inspecci\u00f3n Ambiental <strong><a href=\"https:\/\/transparencia.cabocorrientes.gob.mx\/Archivos\/articulo8\/Curriculum_Jefe_de_Inspecci\u00f3n_Ambiental.docx\" target=\"_blank\" rel=\"noreferrer noopener\" data-type=\"URL\" data-id=\"https:\/\/transparencia.cabocorrientes.gob.mx\/Archivos\/articulo8\/Curriculum_Jefe_de_Inspecci\u00f3n_Ambiental.docx\">WORD<\/a><\/strong> <br \/>Jefe de Mantenimiento <strong><a href=\"https:\/\/transparencia.cabocorrientes.gob.mx\/Archivos\/articulo8\/Curriculum_Jefe_de_Mantenimiento.docx\" target=\"_blank\" rel=\"noreferrer noopener\" data-type=\"URL\" data-id=\"https:\/\/transparencia.cabocorrientes.gob.mx\/Archivos\/articulo8\/Curriculum_Jefe_de_Mantenimiento.docx\">WORD<\/a><\/strong> <br \/>Jefe de Padr\u00f3n y Licencias <strong><a href=\"https:\/\/transparencia.cabocorrientes.gob.mx\/Archivos\/articulo8\/Curriculum_Jefe_de_Padr\u00f3n_y_Licencias.docx\" target=\"_blank\" rel=\"noreferrer noopener\" data-type=\"URL\" data-id=\"https:\/\/transparencia.cabocorrientes.gob.mx\/Archivos\/articulo8\/Curriculum_Jefe_de_Padr\u00f3n_y_Licencias.docx\">WORD<\/a><\/strong> <br \/>M\u00e9dico Municipal <strong><a href=\"https:\/\/transparencia.cabocorrientes.gob.mx\/Archivos\/articulo8\/Curriculum_M\u00e9dico_Municipal.docx\" target=\"_blank\" rel=\"noreferrer noopener\" data-type=\"URL\" data-id=\"https:\/\/transparencia.cabocorrientes.gob.mx\/Archivos\/articulo8\/Curriculum_M\u00e9dico_Municipal.docx\">WORD<\/a><\/strong> <br \/>Oficial de Registro Civil <strong><a href=\"https:\/\/transparencia.cabocorrientes.gob.mx\/Archivos\/articulo8\/Curriculum_Oficial_de_Registro_Civil.docx\" target=\"_blank\" rel=\"noreferrer noopener\" data-type=\"URL\" data-id=\"https:\/\/transparencia.cabocorrientes.gob.mx\/Archivos\/articulo8\/Curriculum_Oficial_de_Registro_Civil.docx\">WORD<\/a><\/strong> <br \/>Secretario de la COMUR <strong><a href=\"https:\/\/transparencia.cabocorrientes.gob.mx\/Archivos\/articulo8\/Curriculum_Secretario_de_la_COMUR.docx\" target=\"_blank\" rel=\"noreferrer noopener\" data-type=\"URL\" data-id=\"https:\/\/transparencia.cabocorrientes.gob.mx\/Archivos\/articulo8\/Curriculum_Secretario_de_la_COMUR.docx\">WORD<\/a><\/strong> <br \/>Secretario General WORD <br \/>S\u00edndico Municipal <strong><a href=\"https:\/\/transparencia.cabocorrientes.gob.mx\/Archivos\/articulo8\/Curriculum_S\u00edndico_Municipal.docx\" target=\"_blank\" rel=\"noreferrer noopener\" data-type=\"URL\" data-id=\"https:\/\/transparencia.cabocorrientes.gob.mx\/Archivos\/articulo8\/Curriculum_S\u00edndico_Municipal.docx\">WORD<\/a><\/strong> <br \/>Subdirector de Educaci\u00f3n WORD <br \/>Subdirector de Protecci\u00f3n Civil <strong><a href=\"https:\/\/transparencia.cabocorrientes.gob.mx\/Archivos\/articulo8\/Curr\u00edculum_Subdirector_de_Protecci\u00f3n_Civil.docx\" target=\"_blank\" rel=\"noreferrer noopener\" data-type=\"URL\" data-id=\"https:\/\/transparencia.cabocorrientes.gob.mx\/Archivos\/articulo8\/Curr\u00edculum_Subdirector_de_Protecci\u00f3n_Civil.docx\">WORD<\/a><\/strong> <br \/>Titular Instituto de la Mujer <strong><a href=\"https:\/\/transparencia.cabocorrientes.gob.mx\/Archivos\/articulo8\/Curriculum_Titular_Instituto_de_la_Mujer.docx\" target=\"_blank\" rel=\"noreferrer noopener\" data-type=\"URL\" data-id=\"https:\/\/transparencia.cabocorrientes.gob.mx\/Archivos\/articulo8\/Curriculum_Titular_Instituto_de_la_Mujer.docx\">WORD<\/a><\/strong> <br \/>Directora de Turismo Municipal <strong><a href=\"https:\/\/transparencia.cabocorrientes.gob.mx\/Archivos\/articulo8\/Curriculum_Directora_de_Turismo_Municipal.docx\" target=\"_blank\" rel=\"noreferrer noopener\" data-type=\"URL\" data-id=\"https:\/\/transparencia.cabocorrientes.gob.mx\/Archivos\/articulo8\/Curriculum_Directora_de_Turismo_Municipal.docx\">WORD<\/a><\/strong> <br \/>Directora de Proyectos Estrat\u00e9gicos <strong><a href=\"https:\/\/transparencia.cabocorrientes.gob.mx\/Archivos\/articulo8\/Curriculum_Directora_Programas_Estrategicos.docx\" target=\"_blank\" rel=\"noreferrer noopener\" data-type=\"URL\" data-id=\"https:\/\/transparencia.cabocorrientes.gob.mx\/Archivos\/articulo8\/Curriculum_Directora_Programas_Estrategicos.docx\">WORD<\/a><\/strong> <br \/>Director de Obras P\u00fablicas <strong><a href=\"https:\/\/transparencia.cabocorrientes.gob.mx\/Archivos\/articulo8\/Curriculum_Director_de_Obras_P\u00fablicas.docx\" target=\"_blank\" rel=\"noreferrer noopener\" data-type=\"URL\" data-id=\"https:\/\/transparencia.cabocorrientes.gob.mx\/Archivos\/articulo8\/Curriculum_Director_de_Obras_P\u00fablicas.docx\">WORD<\/a><br \/><\/strong><\/p>\n<\/div>\n<\/p>\n\n\n<span class=\"collapseomatic \" id=\"id69f1471730e0c\"  tabindex=\"0\" title=\"Plantilla permanente 2023\"    >Plantilla permanente 2023<\/span><div id=\"target-id69f1471730e0c\" class=\"collapseomatic_content \">\n\n<p><\/p>\n\n<p>Plantilla personal permanente 2023 <strong><a href=\"https:\/\/transparencia.cabocorrientes.gob.mx\/Archivos\/articulo8\/Plantilla_personal.-_permanente_2023.pdf\" target=\"_blank\" rel=\"noopener\" data-wplink-url-error=\"true\">PDF<\/a><\/strong><\/p>\n<\/div>\n\n\n<h3 class=\"wp-block-heading\"><\/h3>\n\n\n<span class=\"collapseomatic \" id=\"id69f1471730e2a\"  tabindex=\"0\" title=\"Plantilla permanente 2024\"    >Plantilla permanente 2024<\/span><div id=\"target-id69f1471730e2a\" class=\"collapseomatic_content \">\n\n<p><\/p>\n<p>Plantilla personal permanente 2024 <strong><a href=\"https:\/\/transparencia.cabocorrientes.gob.mx\/Archivos\/articulo8\/Plantilla_personal_permanente_2024.pdf\" target=\"_blank\" rel=\"noopener\" data-wplink-url-error=\"true\">PDF<\/a> \/ <a href=\"https:\/\/transparencia.cabocorrientes.gob.mx\/Archivos\/articulo8\/Plantilla_personal_permanente_2024.xlsx\" target=\"_blank\" rel=\"noopener\" data-wplink-url-error=\"true\">EXCEL<\/a><\/strong><\/p>\n<\/div>\n<\/p>\n\n\n<h6 class=\"wp-block-heading\"><strong>Administraci\u00f3n 2024 &#8211; 2027<\/strong><\/h6>\n\n<p><\/p>\nOrganigrama Marco Legal <strong> <a href=\"https:\/\/transparencia.cabocorrientes.gob.mx\/Archivos\/articulo8\/Organigrama_Marco_Legal__de_la_Actual_Administraci\u00f3n_2024-2027.xlsx\" target=\"_blank\" rel=\"noreferrer noopener\">EXCEL<\/a><\/strong><br>\n<p><\/p>\n\n<span class=\"collapseomatic \" id=\"id69f1471730e4e\"  tabindex=\"0\" title=\"Organigrama Jefes Y Directores\"    >Organigrama Jefes Y Directores<\/span><div id=\"target-id69f1471730e4e\" class=\"collapseomatic_content \">\n\n<p><\/p>\n\nPresidente Municipal 2024-2027 <strong> <a href=\"https:\/\/transparencia.cabocorrientes.gob.mx\/Archivos\/articulo8\/Presidente_Municipal_2024-2027.pdf\" target=\"_blank\" rel=\"noreferrer noopener\">PDF<\/a><\/strong><br>\nSecretario General 2024-2027 <strong> <a href=\"https:\/\/transparencia.cabocorrientes.gob.mx\/Archivos\/articulo8\/Secretario_General_2024-2027.pdf\" target=\"_blank\" rel=\"noreferrer noopener\">PDF<\/a><\/strong><br>\nSindico Municipal 2024-2027 <strong> <a href=\"https:\/\/transparencia.cabocorrientes.gob.mx\/Archivos\/articulo8\/Sindico_Municipal_2024_2027.pdf\" target=\"_blank\" rel=\"noreferrer noopener\">PDF<\/a><\/strong><br>\nAsesor Jur\u00eddico de Secretaria General 2024-2027 <strong> <a href=\"https:\/\/transparencia.cabocorrientes.gob.mx\/Archivos\/articulo8\/Asesor_Juridico_de_Secretaria_General_2024-2027.pdf\" target=\"_blank\" rel=\"noreferrer noopener\">PDF<\/a><\/strong><br>\nAsesor Jur\u00eddico 2024-2027 <strong> <a href=\"https:\/\/transparencia.cabocorrientes.gob.mx\/Archivos\/articulo8\/Organigrama_General_enero-septiembre_2022.pdf\" target=\"_blank\" rel=\"noreferrer noopener\">PDF<\/a><\/strong><br>\nAsistente  Particular del Presidente 2024-2027 <strong> <a href=\"https:\/\/transparencia.cabocorrientes.gob.mx\/Archivos\/articulo8\/Asistente__Particular_del_Presidente_2024-2027.pdf\" target=\"_blank\" rel=\"noreferrer noopener\">PDF<\/a><\/strong><br>\nContralor Municipal 2024-2027 <strong> <a href=\"https:\/\/transparencia.cabocorrientes.gob.mx\/Archivos\/articulo8\/Contralor_Municipal_2024-2027.pdf\" target=\"_blank\" rel=\"noreferrer noopener\">PDF<\/a><\/strong><br>\nTitular Instituto de la Mujer 2024-2027 <strong> <a href=\"https:\/\/transparencia.cabocorrientes.gob.mx\/Archivos\/articulo8\/Titular_Instituto_de_la_Mujer_2024-2027.pdf\" target=\"_blank\" rel=\"noreferrer noopener\">PDF<\/a><\/strong><br>\nDirector de Planeaci\u00f3n y Desarrollo Urbano 2024-2027 <strong> <a href=\"https:\/\/transparencia.cabocorrientes.gob.mx\/Archivos\/articulo8\/Director_de__Planeaci\u00f3n_y_Desarrollo_Urbano_2024-2027.pdf\" target=\"_blank\" rel=\"noreferrer noopener\">PDF<\/a><\/strong><br>\nDirector de Cultura 2024-2027 <strong> <a href=\"https:\/\/transparencia.cabocorrientes.gob.mx\/Archivos\/articulo8\/Director_de_Cultura_2024-2027.pdf\" target=\"_blank\" rel=\"noreferrer noopener\">PDF<\/a><\/strong><br>\nDirector de Desarrollo Rural 2024-2027 <strong> <a href=\"https:\/\/transparencia.cabocorrientes.gob.mx\/Archivos\/articulo8\/Director_de_Desarrollo_Rural_2024-2027.pdf\" target=\"_blank\" rel=\"noreferrer noopener\">PDF<\/a><\/strong><br>\nDirector de Desarrollo Social 2024-2027 <strong> <a href=\"https:\/\/transparencia.cabocorrientes.gob.mx\/Archivos\/articulo8\/Director_de_Desarrollo_Social_2024-2027.pdf\" target=\"_blank\" rel=\"noreferrer noopener\">PDF<\/a><\/strong><br>\nDirector de Ecolog\u00eda 2024-2027 <strong> <a href=\"https:\/\/transparencia.cabocorrientes.gob.mx\/Archivos\/articulo8\/Director_de_Ecologia_2024-2027.pdf\" target=\"_blank\" rel=\"noreferrer noopener\">PDF<\/a><\/strong><br>\nDirector de Educaci\u00f3n 2024-2027 <strong> <a href=\"https:\/\/transparencia.cabocorrientes.gob.mx\/Archivos\/articulo8\/Director_de_Educacion_2024-2027.pdf\" target=\"_blank\" rel=\"noreferrer noopener\">PDF<\/a><\/strong><br>\nDirector de Inform\u00e1tica 2024-2027 <strong> <a href=\"https:\/\/transparencia.cabocorrientes.gob.mx\/Archivos\/articulo8\/Director_de_Inform\u00e1tica_2024-2027.pdf\" target=\"_blank\" rel=\"noreferrer noopener\">PDF<\/a><\/strong><br>\nSub Direcci\u00f3n de Comunicaci\u00f3n Social 2024-2027 <strong> <a href=\"https:\/\/transparencia.cabocorrientes.gob.mx\/Archivos\/articulo8\/Sub_Dir_de_CSocial_2024-2027.pdf\" target=\"_blank\" rel=\"noreferrer noopener\">PDF<\/a><\/strong><br>\nDirector de Jur\u00eddico 2024-2027 <strong> <a href=\"https:\/\/transparencia.cabocorrientes.gob.mx\/Archivos\/articulo8\/Director_de_Juridico_2024-2027.pdf\" target=\"_blank\" rel=\"noreferrer noopener\">PDF<\/a><\/strong><br>\nDirector de Obra Publicas 2024-2027 <strong> <a href=\"https:\/\/transparencia.cabocorrientes.gob.mx\/Archivos\/articulo8\/Director_de_Obra_Publicas_2024-2027.pdf\" target=\"_blank\" rel=\"noreferrer noopener\">PDF<\/a><\/strong><br>\nDirector de Protecci\u00f3n Civil y Emergencias 2024-2027 <strong> <a href=\"https:\/\/transparencia.cabocorrientes.gob.mx\/Archivos\/articulo8\/Director_de_Protecci\u00f3n_Civil_y_Emergencias_2024-2027.pdf\" target=\"_blank\" rel=\"noreferrer noopener\">PDF<\/a><\/strong><br>\nDirector de Proveedur\u00eda 2024-2027 <strong> <a href=\"https:\/\/transparencia.cabocorrientes.gob.mx\/Archivos\/articulo8\/Director_de_Proveduria_2024-2027.pdf\" target=\"_blank\" rel=\"noreferrer noopener\">PDF<\/a><\/strong><br>\nDirector de Servicios P\u00fablicos Municipales  2024-2027 <strong> <a href=\"https:\/\/transparencia.cabocorrientes.gob.mx\/Archivos\/articulo8\/Director_de_Servicios_Publicos_Municipales__2024-2027.pdf\" target=\"_blank\" rel=\"noreferrer noopener\">PDF<\/a><\/strong><br>\nDirector Programas Estrat\u00e9gicos 2024-2027 <strong> <a href=\"https:\/\/transparencia.cabocorrientes.gob.mx\/Archivos\/articulo8\/Director_Programas_Estrategicos_2024-2027.pdf\" target=\"_blank\" rel=\"noreferrer noopener\">PDF<\/a><\/strong><br>\nDirector Seguridad P\u00fablica 2024-2027 <strong> <a href=\"https:\/\/transparencia.cabocorrientes.gob.mx\/Archivos\/articulo8\/Director_Seguridad_P\u00fablica_2024-2027.pdf\" target=\"_blank\" rel=\"noreferrer noopener\">PDF<\/a><\/strong><br>\nDirectora CADI 2024-2027 <strong> <a href=\"https:\/\/transparencia.cabocorrientes.gob.mx\/Archivos\/articulo8\/Directora_CADI_2024-2027.pdf\" target=\"_blank\" rel=\"noreferrer noopener\">PDF<\/a><\/strong><br>\nDirectora Unidad de Transparencia y Oficial\u00eda de Partes 2024-2027 <strong> <a href=\"https:\/\/transparencia.cabocorrientes.gob.mx\/Archivos\/articulo8\/DUTO_2024_2027.pdf\" target=\"_blank\" rel=\"noreferrer noopener\">PDF<\/a><\/strong><br>\nEncargado de Modulo de Maquinaria 2024-2027 <strong> <a href=\"https:\/\/transparencia.cabocorrientes.gob.mx\/Archivos\/articulo8\/Encargado_de_Modulo_de_Maquinaria_2024-2027.pdf\" target=\"_blank\" rel=\"noreferrer noopener\">PDF<\/a><\/strong><br>\nEncargado Cuenta Publica 2024-2027 <strong> <a href=\"https:\/\/transparencia.cabocorrientes.gob.mx\/Archivos\/articulo8\/Encargado_Cuenta_Publica_2024-2027.pdf\" target=\"_blank\" rel=\"noreferrer noopener\">PDF<\/a><\/strong><br>\nEncargado de Archivo Municipal 2024-2027 <strong> <a href=\"https:\/\/transparencia.cabocorrientes.gob.mx\/Archivos\/articulo8\/Encargado_de_Archivo_Municipal_2024-2027.pdf\" target=\"_blank\" rel=\"noreferrer noopener\">PDF<\/a><\/strong><br>\nEncargado de Hacienda Municipal 2024-2027 <strong> <a href=\"https:\/\/transparencia.cabocorrientes.gob.mx\/Archivos\/articulo8\/Encargado_de_Hacienda_Municipal_2024-2027.pdf\" target=\"_blank\" rel=\"noreferrer noopener\">PDF<\/a><\/strong><br>\nEncargado Juez Municipal 2024-2027 <strong> <a href=\"https:\/\/transparencia.cabocorrientes.gob.mx\/Archivos\/articulo8\/Encargado_Juez_Municipal_2024-2027.pdf\" target=\"_blank\" rel=\"noreferrer noopener\">PDF<\/a><\/strong><br>\nJefa de Gabinete 2024-2027 <strong> <a href=\"https:\/\/transparencia.cabocorrientes.gob.mx\/Archivos\/articulo8\/Jefa_de_Gabinete_2024-2027.pdf\" target=\"_blank\" rel=\"noreferrer noopener\">PDF<\/a><\/strong><br>\nJefa de Padr\u00f3n y Licencias 2024-2027 <strong> <a href=\"https:\/\/transparencia.cabocorrientes.gob.mx\/Archivos\/articulo8\/Jefa_de_Padron_y_Licencias_2024-2027.pdf\" target=\"_blank\" rel=\"noreferrer noopener\">PDF<\/a><\/strong><br>\nJefa de Programas Sociales 2024-2027 <strong> <a href=\"https:\/\/transparencia.cabocorrientes.gob.mx\/Archivos\/articulo8\/Jefa_de_Programas_Sociales_2024-2027.pdf\" target=\"_blank\" rel=\"noreferrer noopener\">PDF<\/a><\/strong><br>\nJefe  de Deportes 2024-2027 <strong> <a href=\"https:\/\/transparencia.cabocorrientes.gob.mx\/Archivos\/articulo8\/Jefe__de_Deportes_2024-2027.pdf\" target=\"_blank\" rel=\"noreferrer noopener\">PDF<\/a><\/strong><br>\nJefe de Almacen 2024-2027 <strong> <a href=\"https:\/\/transparencia.cabocorrientes.gob.mx\/Archivos\/articulo8\/Jefe_de_Almacen_2024-2027.pdf\" target=\"_blank\" rel=\"noreferrer noopener\">PDF<\/a><\/strong><br>\nJefe de Catastro 2024-2027 <strong> <a href=\"https:\/\/transparencia.cabocorrientes.gob.mx\/Archivos\/articulo8\/Jefe_de_Catastro_2024-2027.pdf\" target=\"_blank\" rel=\"noreferrer noopener\">PDF<\/a><\/strong><br>\nJefe de Promocion Economica 2024-2027 <strong> <a href=\"https:\/\/transparencia.cabocorrientes.gob.mx\/Archivos\/articulo8\/Jefe_de_Promocion_Economica_2024-2027.pdf\" target=\"_blank\" rel=\"noreferrer noopener\">PDF<\/a><\/strong><br>\nJefe de Zofemat 2024-2027 <strong> <a href=\"https:\/\/transparencia.cabocorrientes.gob.mx\/Archivos\/articulo8\/Jefe_de_Zofemat_2024-2027.pdf\" target=\"_blank\" rel=\"noreferrer noopener\">PDF<\/a><\/strong><br>\nJefe Vehicular 2024-2027 <strong> <a href=\"https:\/\/transparencia.cabocorrientes.gob.mx\/Archivos\/articulo8\/Jefe_Vehicular_2024-2027.pdf\" target=\"_blank\" rel=\"noreferrer noopener\">PDF<\/a><\/strong><br>\nOficialia Mayor Administrativa 2024-2027 <strong> <a href=\"https:\/\/transparencia.cabocorrientes.gob.mx\/Archivos\/articulo8\/Oficialia_Mayor_Administrativa_2024-2027.pdf\" target=\"_blank\" rel=\"noreferrer noopener\">PDF<\/a><\/strong><br>\nSub-Director de Servicios Publicos Municipales 2024-2027 <strong> <a href=\"https:\/\/transparencia.cabocorrientes.gob.mx\/Archivos\/articulo8\/SUB-DI~1.PDF\" target=\"_blank\" rel=\"noreferrer noopener\">PDF<\/a><\/strong><br>\n<\/div>\n<\/p>\n\n<span class=\"collapseomatic \" id=\"id69f1471730e6f\"  tabindex=\"0\" title=\"Curriculum Personal de base\"    >Curriculum Personal de base<\/span><div id=\"target-id69f1471730e6f\" class=\"collapseomatic_content \">\n\n<p><\/p>\nCurriculum Chofer de Volteo 2024-2027 <strong><a href=\"https:\/\/transparencia.cabocorrientes.gob.mx\/Archivos\/articulo8\/Curriculum_Chofer_de_Volteo_2024-2027.pdf\" target=\"_blank\" rel=\"noreferrer noopener\">PDF<\/a><\/strong><br>\nCurriculum Chofer de Volteo y camiones 2024-2027 <strong><a href=\"https:\/\/transparencia.cabocorrientes.gob.mx\/Archivos\/articulo8\/Curriculum_Chofer_de_Volteo_y_camiones_2024-2027.pdf\" target=\"_blank\" rel=\"noreferrer noopener\">PDF<\/a><\/strong><br>\nCurriculum Contralor\u00eda Secretaria 2024-2027 <strong><a href=\"https:\/\/transparencia.cabocorrientes.gob.mx\/Archivos\/articulo8\/Curriculum_Contralor\u00eda_Secretaria_2024-2027.pdf\" target=\"_blank\" rel=\"noreferrer noopener\">PDF<\/a><\/strong><br>\nCurriculum Director P.C 2024-2027 <strong><a href=\"https:\/\/transparencia.cabocorrientes.gob.mx\/Archivos\/articulo8\/Curriculum_Director_P.C_2024-2027.pdf\" target=\"_blank\" rel=\"noreferrer noopener\">PDF<\/a><\/strong><br>\nCurriculum Enfermera Protecci\u00f3n Civil 2024-2027 <strong><a href=\"https:\/\/transparencia.cabocorrientes.gob.mx\/Archivos\/articulo8\/Curriculum_Enfermera_Protecci\u00f3n_Civil_2024-2027.pdf\" target=\"_blank\" rel=\"noreferrer noopener\">PDF<\/a><\/strong><br>\nCurriculum Enfermero Protecci\u00f3n Civil 2024-2027 <strong><a href=\"https:\/\/transparencia.cabocorrientes.gob.mx\/Archivos\/articulo8\/Curriculum_Enfermero_Protecci\u00f3n_Civil_2024-2027.pdf\" target=\"_blank\" rel=\"noreferrer noopener\">PDF<\/a><\/strong><br>\nCurriculum Jefe de Promoci\u00f3n Economica 2024-2027 <strong><a href=\"https:\/\/transparencia.cabocorrientes.gob.mx\/Archivos\/articulo8\/Curriculum_Jefe_de_Promoci\u00f3n_Economica_2024-2027.pdf\" target=\"_blank\" rel=\"noreferrer noopener\">PDF<\/a><\/strong><br>\nCurriculum Mantenimiento 2024-2027 <strong><a href=\"https:\/\/transparencia.cabocorrientes.gob.mx\/Archivos\/articulo8\/Curriculum_Mantenimiento_2024-2027.pdf\" target=\"_blank\" rel=\"noreferrer noopener\">PDF<\/a><\/strong><br>\nCurriculum Mecanico de Maquinaria Pesada 2024-2027 <strong><a href=\"https:\/\/transparencia.cabocorrientes.gob.mx\/Archivos\/articulo8\/Curriculum_Mecanico_de_Maquinaria_Pesada_2024-2027.pdf\" target=\"_blank\" rel=\"noreferrer noopener\">PDF<\/a><\/strong><br>\nCurriculum Mecanico Diesel 2024-2027 <strong><a href=\"https:\/\/transparencia.cabocorrientes.gob.mx\/Archivos\/articulo8\/Curriculum_Mecanico_Diesel_2024-2027.pdf\" target=\"_blank\" rel=\"noreferrer noopener\">PDF<\/a><\/strong><br>\nCurriculum Mecanico General 2024-2027 <strong><a href=\"https:\/\/transparencia.cabocorrientes.gob.mx\/Archivos\/articulo8\/Curriculum_Mecanico_General_2024-2027.pdf\" target=\"_blank\" rel=\"noreferrer noopener\">PDF<\/a><\/strong><br>\nCurriculum Oficial de Protecci\u00f3n Civil y Bomberos 2024-2027 <strong><a href=\"https:\/\/transparencia.cabocorrientes.gob.mx\/Archivos\/articulo8\/Curriculum_Oficial_de_Protcci\u00f3n_Civil_y_Bomberos_2024-2027.pdf\" target=\"_blank\" rel=\"noreferrer noopener\">PDF<\/a><\/strong><br>\nCurriculum Operador de Ambulancia 2024-2027 <strong><a href=\"https:\/\/transparencia.cabocorrientes.gob.mx\/Archivos\/articulo8\/Curriculum_Operador_de_Ambulancia_2024-2027.pdf\" target=\"_blank\" rel=\"noreferrer noopener\">PDF<\/a><\/strong><br>\nCurriculum Operador de Maquinar\u00eda Pesada 1 2024-2027 <strong><a href=\"https:\/\/transparencia.cabocorrientes.gob.mx\/Archivos\/articulo8\/Curriculum_Operador_de_Maquinar\u00eda_Pesada_1_2024-2027.pdf\" target=\"_blank\" rel=\"noreferrer noopener\">PDF<\/a><\/strong><br>\nCurriculum Operador de Maquinaria Pesada 2 2024-2027 <strong><a href=\"https:\/\/transparencia.cabocorrientes.gob.mx\/Archivos\/articulo8\/Curriculum_Operador_de_Maquinaria_Pesada_2_2024-2027.pdf\" target=\"_blank\" rel=\"noreferrer noopener\">PDF<\/a><\/strong><br>\nCurriculum Operador de Maquinaria Pesada 4 2024-2027 <strong><a href=\"https:\/\/transparencia.cabocorrientes.gob.mx\/Archivos\/articulo8\/Curriculum_Operador_de_Maquinaria_Pesada_4_2024-2027.pdf\" target=\"_blank\" rel=\"noreferrer noopener\">PDF<\/a><\/strong><br>\nCurriculum Operador de Maquinaria Pesada 5 2024-2027 <strong><a href=\"https:\/\/transparencia.cabocorrientes.gob.mx\/Archivos\/articulo8\/Curriculum_Operador_de_Maquinaria_Pesada_5_2024-2027.pdf\" target=\"_blank\" rel=\"noreferrer noopener\">PDF<\/a><\/strong><br>\nCurriculum Operador de Maquinaria Pesada 6 2024-2027 <strong><a href=\"https:\/\/transparencia.cabocorrientes.gob.mx\/Archivos\/articulo8\/Curriculum_Operador_de_Maquinaria_Pesada_6_2024-2027.pdf\" target=\"_blank\" rel=\"noreferrer noopener\">PDF<\/a><\/strong><br>\nCurriculum Operador de Maquinaria Pesada 2024-2027 <strong><a href=\"https:\/\/transparencia.cabocorrientes.gob.mx\/Archivos\/articulo8\/Curriculum_Operador_de_Maquinaria_Pesada_2024-2027.pdf\" target=\"_blank\" rel=\"noreferrer noopener\">PDF<\/a><\/strong><br>\nCurriculum Operador de Maquinaria Pesada3 2024-2027 <strong><a href=\"https:\/\/transparencia.cabocorrientes.gob.mx\/Archivos\/articulo8\/Curriculum_Operador_de_Maquinaria_Pesada3_2024-2027.pdf\" target=\"_blank\" rel=\"noreferrer noopener\">PDF<\/a><\/strong><br>\nCurriculum Operador Maquinar\u00eda Pesada 2024-2027 <strong><a href=\"https:\/\/transparencia.cabocorrientes.gob.mx\/Archivos\/articulo8\/Curriculum_Operador_Maquinar\u00eda_Pesada_2024-2027.pdf\" target=\"_blank\" rel=\"noreferrer noopener\">PDF<\/a><\/strong><br>\nCurriculum Paramedico 2 2024-2027 <strong><a href=\"https:\/\/transparencia.cabocorrientes.gob.mx\/Archivos\/articulo8\/Curriculum_Paramedico_2_2024-2027.pdf\" target=\"_blank\" rel=\"noreferrer noopener\">PDF<\/a><\/strong><br>\nCurriculum Paramedico 2024-2027 <strong><a href=\"https:\/\/transparencia.cabocorrientes.gob.mx\/Archivos\/articulo8\/Curriculum_Paramedico_2024-2027.pdf\" target=\"_blank\" rel=\"noreferrer noopener\">PDF<\/a><\/strong><br>\nCurriculum Primeros Auxilios 2024-2027 <strong><a href=\"https:\/\/transparencia.cabocorrientes.gob.mx\/Archivos\/articulo8\/Curriculum_Primeros_Auxilios_2024-2027.pdf\" target=\"_blank\" rel=\"noreferrer noopener\">PDF<\/a><\/strong><br>\nCurriculum Proyectista 2 2024-2027 <strong><a href=\"https:\/\/transparencia.cabocorrientes.gob.mx\/Archivos\/articulo8\/Curriculum_Proyectista_2_2024-2027.pdf\" target=\"_blank\" rel=\"noreferrer noopener\">PDF<\/a><\/strong><br>\nCurriculum Proyectista 2024-2027 <strong><a href=\"https:\/\/transparencia.cabocorrientes.gob.mx\/Archivos\/articulo8\/Curriculum_Proyectista_2024-2027.pdf\" target=\"_blank\" rel=\"noreferrer noopener\">PDF<\/a><\/strong><br>\nCurriculum Secretaria Participaci\u00f3n Ciudadana 2024-2027 <strong><a href=\"https:\/\/transparencia.cabocorrientes.gob.mx\/Archivos\/articulo8\/Curriculum_Secretaria_Participaci\u00f3n_Ciudadana_2024-2027.pdf\" target=\"_blank\" rel=\"noreferrer noopener\">PDF<\/a><\/strong><br>\nCurriculum Secretaria Modulo de Maquinaria 1 2024-2027 <strong><a href=\"https:\/\/transparencia.cabocorrientes.gob.mx\/Archivos\/articulo8\/Curriculum_Secretaria_Modulo_de_Maquinaria_1_2024-2027.pdf\" target=\"_blank\" rel=\"noreferrer noopener\">PDF<\/a><\/strong><br>\nCurriculum Secretaria Obras P\u00fablicas 2024-2027 <strong><a href=\"https:\/\/transparencia.cabocorrientes.gob.mx\/Archivos\/articulo8\/Curriculum_Secretaria_Obras_P\u00fablicas_2024-2027.pdf\" target=\"_blank\" rel=\"noreferrer noopener\">PDF<\/a><\/strong><br>\nCurriculum Secretaria Protecci\u00f3n Civil 2024-2027 <strong><a href=\"https:\/\/transparencia.cabocorrientes.gob.mx\/Archivos\/articulo8\/Curriculum_Secretaria_Protecci\u00f3n_Civil_2024-2027.pdf\" target=\"_blank\" rel=\"noreferrer noopener\">PDF<\/a><\/strong><br>\nCurriculum Secretaria Provedur\u00eda 2024-2027 <strong><a href=\"https:\/\/transparencia.cabocorrientes.gob.mx\/Archivos\/articulo8\/Curriculum_Secretaria_Provedur\u00eda_2024-2027.pdf\" target=\"_blank\" rel=\"noreferrer noopener\">PDF<\/a><\/strong><br>\nCurriculum Subdirector de Protecci\u00f3n Civil 2024-2027 <strong><a href=\"https:\/\/transparencia.cabocorrientes.gob.mx\/Archivos\/articulo8\/Curriculum_Subdirector_de_Protecci\u00f3n_Civil_2024-2027.pdf\" target=\"_blank\" rel=\"noreferrer noopener\">PDF<\/a><\/strong><br>\nCurriculum Almacenista en Taller 2024-2027 <strong><a href=\"https:\/\/transparencia.cabocorrientes.gob.mx\/Archivos\/articulo8\/Curriculum_Almacenista_en_Taller_2024-2027.pdf\" target=\"_blank\" rel=\"noreferrer noopener\">PDF<\/a><\/strong><br>\nCurriculum Asistente Sindicatura 2024-2027 <strong><a href=\"https:\/\/transparencia.cabocorrientes.gob.mx\/Archivos\/articulo8\/Curriculum_Asistente_Sindicatura_2024-2027.pdf\" target=\"_blank\" rel=\"noreferrer noopener\">PDF<\/a><\/strong><br>\nCurriculum Auxilar de Protecci\u00f3n Civil 2024-2027 <strong><a href=\"https:\/\/transparencia.cabocorrientes.gob.mx\/Archivos\/articulo8\/Curriculum_Auxilar_de_Protecci\u00f3n_Civil_2024-2027.pdf\" target=\"_blank\" rel=\"noreferrer noopener\">PDF<\/a><\/strong><br>\nCurriculum Auxiliar 1 2024-2027 <strong><a href=\"https:\/\/transparencia.cabocorrientes.gob.mx\/Archivos\/articulo8\/Curriculum_Auxiliar_1_2024-2027.pdf\" target=\"_blank\" rel=\"noreferrer noopener\">PDF<\/a><\/strong><br>\nCurriculum Auxiliar 2 2024-2027 <strong><a href=\"https:\/\/transparencia.cabocorrientes.gob.mx\/Archivos\/articulo8\/Curriculum_Auxiliar_2_2024-2027.pdf\" target=\"_blank\" rel=\"noreferrer noopener\">PDF<\/a><\/strong><br>\nCurriculum Auxiliar Administrativo Obras 2024-2027 <strong><a href=\"https:\/\/transparencia.cabocorrientes.gob.mx\/Archivos\/articulo8\/Curriculum_Auxiliar_Administrativo_Obras_2024-2027.pdf\" target=\"_blank\" rel=\"noreferrer noopener\">PDF<\/a><\/strong><br>\nCurriculum Auxiliar de Protecci\u00f3n Civil 2024-2027 <strong><a href=\"https:\/\/transparencia.cabocorrientes.gob.mx\/Archivos\/articulo8\/Curriculum_Auxiliar_de_Protecci\u00f3n_Civil_2024-2027.pdf\" target=\"_blank\" rel=\"noreferrer noopener\">PDF<\/a><\/strong><br>\n<\/div>\n<\/p>\n\n<div class=\"wp-block-buttons is-horizontal is-content-justification-center is-layout-flex wp-container-core-buttons-is-layout-499968f5 wp-block-buttons-is-layout-flex\">\n<\/div>\n\n\n<\/p>","protected":false},"excerpt":{"rendered":"<p>Administraci\u00f3n 2024 &#8211; 2027 Organigrama Marco Legal EXCEL Administraci\u00f3n 2024 &#8211; 2027 Organigrama Marco Legal EXCEL Administraci\u00f3n 2024 &#8211; 2027 Organigrama Marco Legal EXCEL Administraci\u00f3n 2021 &#8211; 2024 Administraci\u00f3n 2024 &#8211; 2027 Organigrama Marco Legal EXCEL Administraci\u00f3n 2021 &#8211; 2024 Administraci\u00f3n 2024 &#8211; 2027 Organigrama Marco Legal EXCEL Organigrama Marco Legal EXCEL Administraci\u00f3n 2021 &#8211; &hellip; <\/p>\n<p class=\"link-more\"><a href=\"https:\/\/transparencia.cabocorrientes.gob.mx\/?page_id=1992\" class=\"more-link\">Continue reading<span class=\"screen-reader-text\"> \u00abEl Organigrama del sujeto obligado\u00bb<\/span><\/a><\/p>\n","protected":false},"author":1,"featured_media":0,"parent":0,"menu_order":0,"comment_status":"closed","ping_status":"closed","template":"","meta":{"_coblocks_attr":"","_coblocks_dimensions":"","_coblocks_responsive_height":"","_coblocks_accordion_ie_support":"","_regular_price":[],"currency_symbol":[],"footnotes":""},"class_list":["post-1992","page","type-page","status-publish","hentry"],"post_slider_layout_featured_media_urls":{"thumbnail":"","post_slider_layout_landscape_large":"","post_slider_layout_portrait_large":"","post_slider_layout_square_large":"","post_slider_layout_landscape":"","post_slider_layout_portrait":"","post_slider_layout_square":"","full":""},"_links":{"self":[{"href":"https:\/\/transparencia.cabocorrientes.gob.mx\/index.php?rest_route=\/wp\/v2\/pages\/1992","targetHints":{"allow":["GET"]}}],"collection":[{"href":"https:\/\/transparencia.cabocorrientes.gob.mx\/index.php?rest_route=\/wp\/v2\/pages"}],"about":[{"href":"https:\/\/transparencia.cabocorrientes.gob.mx\/index.php?rest_route=\/wp\/v2\/types\/page"}],"author":[{"embeddable":true,"href":"https:\/\/transparencia.cabocorrientes.gob.mx\/index.php?rest_route=\/wp\/v2\/users\/1"}],"replies":[{"embeddable":true,"href":"https:\/\/transparencia.cabocorrientes.gob.mx\/index.php?rest_route=%2Fwp%2Fv2%2Fcomments&post=1992"}],"version-history":[{"count":147,"href":"https:\/\/transparencia.cabocorrientes.gob.mx\/index.php?rest_route=\/wp\/v2\/pages\/1992\/revisions"}],"predecessor-version":[{"id":14800,"href":"https:\/\/transparencia.cabocorrientes.gob.mx\/index.php?rest_route=\/wp\/v2\/pages\/1992\/revisions\/14800"}],"wp:attachment":[{"href":"https:\/\/transparencia.cabocorrientes.gob.mx\/index.php?rest_route=%2Fwp%2Fv2%2Fmedia&parent=1992"}],"curies":[{"name":"wp","href":"https:\/\/api.w.org\/{rel}","templated":true}]}}